{"id":936,"date":"2025-08-05T21:16:31","date_gmt":"2025-08-05T19:16:31","guid":{"rendered":"https:\/\/uniwersytetotwarty.us.edu.pl\/ko\/?page_id=936"},"modified":"2025-08-14T12:17:48","modified_gmt":"2025-08-14T10:17:48","slug":"prelegenci","status":"publish","type":"page","link":"https:\/\/uniwersytetotwarty.us.edu.pl\/ko\/kongres-oswiaty\/prelegenci\/","title":{"rendered":"Prelegenci"},"content":{"rendered":"\t\t<div data-elementor-type=\"wp-page\" data-elementor-id=\"936\" class=\"elementor elementor-936\" data-elementor-post-type=\"page\">\n\t\t\t\t\t\t<section class=\"elementor-section elementor-top-section elementor-element elementor-element-021d79c elementor-hidden-desktop elementor-hidden-tablet elementor-hidden-mobile elementor-section-boxed elementor-section-height-default elementor-section-height-default\" data-id=\"021d79c\" data-element_type=\"section\" data-e-type=\"section\">\n\t\t\t\t\t\t<div class=\"elementor-container elementor-column-gap-default\">\n\t\t\t\t\t<div class=\"elementor-column elementor-col-100 elementor-top-column elementor-element elementor-element-acb593e\" data-id=\"acb593e\" data-element_type=\"column\" data-e-type=\"column\">\n\t\t\t<div class=\"elementor-widget-wrap elementor-element-populated\">\n\t\t\t\t\t\t<section class=\"elementor-section elementor-inner-section elementor-element elementor-element-89761e4 elementor-section-boxed elementor-section-height-default elementor-section-height-default\" data-id=\"89761e4\" data-element_type=\"section\" data-e-type=\"section\">\n\t\t\t\t\t\t<div class=\"elementor-container elementor-column-gap-default\">\n\t\t\t\t\t<div class=\"elementor-column elementor-col-50 elementor-inner-column elementor-element elementor-element-f4966da\" data-id=\"f4966da\" data-element_type=\"column\" data-e-type=\"column\">\n\t\t\t<div class=\"elementor-widget-wrap elementor-element-populated\">\n\t\t\t\t\t\t<div class=\"elementor-element elementor-element-dbc2994 elementor-widget elementor-widget-image\" data-id=\"dbc2994\" data-element_type=\"widget\" data-e-type=\"widget\" data-widget_type=\"image.default\">\n\t\t\t\t<div class=\"elementor-widget-container\">\n\t\t\t\t\t\t\t\t\t\t\t\t\t\t\t<img fetchpriority=\"high\" decoding=\"async\" width=\"500\" height=\"500\" src=\"https:\/\/uniwersytetotwarty.us.edu.pl\/ko\/wp-content\/uploads\/sites\/7\/2025\/08\/Katarzyna-Hernandez.png\" class=\"attachment-large size-large wp-image-1064\" alt=\"\" srcset=\"https:\/\/uniwersytetotwarty.us.edu.pl\/ko\/wp-content\/uploads\/sites\/7\/2025\/08\/Katarzyna-Hernandez.png 500w, https:\/\/uniwersytetotwarty.us.edu.pl\/ko\/wp-content\/uploads\/sites\/7\/2025\/08\/Katarzyna-Hernandez-300x300.png 300w, https:\/\/uniwersytetotwarty.us.edu.pl\/ko\/wp-content\/uploads\/sites\/7\/2025\/08\/Katarzyna-Hernandez-150x150.png 150w\" sizes=\"(max-width: 500px) 100vw, 500px\" \/>\t\t\t\t\t\t\t\t\t\t\t\t\t\t\t<\/div>\n\t\t\t\t<\/div>\n\t\t\t\t\t<\/div>\n\t\t<\/div>\n\t\t\t\t<div class=\"elementor-column elementor-col-50 elementor-inner-column elementor-element elementor-element-19910a6\" data-id=\"19910a6\" data-element_type=\"column\" data-e-type=\"column\">\n\t\t\t<div class=\"elementor-widget-wrap elementor-element-populated\">\n\t\t\t\t\t\t<div class=\"elementor-element elementor-element-101f6da elementor-widget elementor-widget-text-editor\" data-id=\"101f6da\" data-element_type=\"widget\" data-e-type=\"widget\" data-widget_type=\"text-editor.default\">\n\t\t\t\t<div class=\"elementor-widget-container\">\n\t\t\t\t\t\t\t\t\t<p><strong>Katarzyna Hernandez <\/strong><\/p><p>Pedagog, absolwentka Wydzia\u0142u Pedagogicznego Uniwersytetu Warszawskiego. Od ponad 15 lat zaanga\u017cowana w tematyk\u0119 bezpiecze\u0144stwa dzieci i m\u0142odzie\u017cy online, edukacji cyfrowej i wykorzystywania nowych technologii. Prelegentka na konferencjach krajowych i zagranicznych. Autorka artyku\u0142\u00f3w na temat bezpiecze\u0144stwa w sieci i ochrony praw dzieci. Przez wiele lat aktywnie uczestniczy\u0142a w organizacji obchod\u00f3w Dnia Bezpiecznego Internetu w Polsce oraz Mi\u0119dzynarodowej Konferencji \u201eBezpiecze\u0144stwo dzieci i m\u0142odzie\u017cy w Internecie&#8221;. By\u0142a tak\u017ce \u00a0zaanga\u017cowana w realizacj\u0119 projektu \u201eLekcja:Enter\u201d, najwi\u0119kszego programu edukacji cyfrowej dla szk\u00f3\u0142. Obecnie kieruje Zespo\u0142em Edukacji Cyfrowej i Bezpiecze\u0144stwa w Sieci w Biurze Rzeczniczki Praw Dziecka<\/p>\t\t\t\t\t\t\t\t<\/div>\n\t\t\t\t<\/div>\n\t\t\t\t\t<\/div>\n\t\t<\/div>\n\t\t\t\t\t<\/div>\n\t\t<\/section>\n\t\t\t\t<section class=\"elementor-section elementor-inner-section elementor-element elementor-element-48d4ba8 elementor-section-boxed elementor-section-height-default elementor-section-height-default\" data-id=\"48d4ba8\" data-element_type=\"section\" data-e-type=\"section\">\n\t\t\t\t\t\t<div class=\"elementor-container elementor-column-gap-default\">\n\t\t\t\t\t<div class=\"elementor-column elementor-col-50 elementor-inner-column elementor-element elementor-element-75be7e5\" data-id=\"75be7e5\" data-element_type=\"column\" data-e-type=\"column\">\n\t\t\t<div class=\"elementor-widget-wrap elementor-element-populated\">\n\t\t\t\t\t\t<div class=\"elementor-element elementor-element-aaa6952 elementor-widget elementor-widget-image\" data-id=\"aaa6952\" data-element_type=\"widget\" data-e-type=\"widget\" data-widget_type=\"image.default\">\n\t\t\t\t<div class=\"elementor-widget-container\">\n\t\t\t\t\t\t\t\t\t\t\t\t\t\t\t<img decoding=\"async\" width=\"500\" height=\"500\" src=\"https:\/\/uniwersytetotwarty.us.edu.pl\/ko\/wp-content\/uploads\/sites\/7\/2025\/08\/Adrian-Kapczynski.png\" class=\"attachment-large size-large wp-image-1101\" alt=\"\" srcset=\"https:\/\/uniwersytetotwarty.us.edu.pl\/ko\/wp-content\/uploads\/sites\/7\/2025\/08\/Adrian-Kapczynski.png 500w, https:\/\/uniwersytetotwarty.us.edu.pl\/ko\/wp-content\/uploads\/sites\/7\/2025\/08\/Adrian-Kapczynski-300x300.png 300w, https:\/\/uniwersytetotwarty.us.edu.pl\/ko\/wp-content\/uploads\/sites\/7\/2025\/08\/Adrian-Kapczynski-150x150.png 150w\" sizes=\"(max-width: 500px) 100vw, 500px\" \/>\t\t\t\t\t\t\t\t\t\t\t\t\t\t\t<\/div>\n\t\t\t\t<\/div>\n\t\t\t\t\t<\/div>\n\t\t<\/div>\n\t\t\t\t<div class=\"elementor-column elementor-col-50 elementor-inner-column elementor-element elementor-element-bd43e8c\" data-id=\"bd43e8c\" data-element_type=\"column\" data-e-type=\"column\">\n\t\t\t<div class=\"elementor-widget-wrap elementor-element-populated\">\n\t\t\t\t\t\t<div class=\"elementor-element elementor-element-fc0d25d elementor-widget elementor-widget-text-editor\" data-id=\"fc0d25d\" data-element_type=\"widget\" data-e-type=\"widget\" data-widget_type=\"text-editor.default\">\n\t\t\t\t<div class=\"elementor-widget-container\">\n\t\t\t\t\t\t\t\t\t<p><strong>dr Adrian Kapczy\u0144ski<\/strong><\/p><p><span data-olk-copy-source=\"MessageBody\">Ucze\u0144 Profesora Andrzeja Grzywaka, pasjonat informatyki, od ponad 25 lat zawodowo zwi\u0105zany informatyk\u0105 oraz jej zastosowaniami. Nauczyciel, mened\u017cer, futurolog, audytor i konsultant strategiczny oraz ekspert z zakresu biometrii, steganografii oraz zastosowa\u0144 uczenia maszynowego w cyberbezpiecze\u0144stwie. W ramach Politechniki \u015al\u0105skiej: pracownik naukowo-dydaktyczny Wydzia\u0142u Matematyki Stosowanej, kierownik studi\u00f3w podyplomowych &#8220;Cyber Science. Zarz\u0105dzenie cyberbezpiecze\u0144stwem&#8221; oraz koordynator podobszaru badawczego &#8220;Cyberbezpiecze\u0144stwo&#8221;. \u200bCz\u0142onek zarz\u0105du &#8220;17 53c \u2013 fundacji na rzecz cyberbezpiecze\u0144stwa&#8221; oraz ekspert ds. cyberbezpiecze\u0144stwa oraz in\u017cynierii analizy danych w GK WASKO.<\/span><\/p>\t\t\t\t\t\t\t\t<\/div>\n\t\t\t\t<\/div>\n\t\t\t\t\t<\/div>\n\t\t<\/div>\n\t\t\t\t\t<\/div>\n\t\t<\/section>\n\t\t\t\t<section class=\"elementor-section elementor-inner-section elementor-element elementor-element-40d9940 elementor-section-boxed elementor-section-height-default elementor-section-height-default\" data-id=\"40d9940\" data-element_type=\"section\" data-e-type=\"section\">\n\t\t\t\t\t\t<div class=\"elementor-container elementor-column-gap-default\">\n\t\t\t\t\t<div class=\"elementor-column elementor-col-50 elementor-inner-column elementor-element elementor-element-c8d11ce\" data-id=\"c8d11ce\" data-element_type=\"column\" data-e-type=\"column\">\n\t\t\t<div class=\"elementor-widget-wrap elementor-element-populated\">\n\t\t\t\t\t\t<div class=\"elementor-element elementor-element-e190d2d elementor-widget elementor-widget-image\" data-id=\"e190d2d\" data-element_type=\"widget\" data-e-type=\"widget\" data-widget_type=\"image.default\">\n\t\t\t\t<div class=\"elementor-widget-container\">\n\t\t\t\t\t\t\t\t\t\t\t\t\t\t\t<img decoding=\"async\" width=\"500\" height=\"500\" src=\"https:\/\/uniwersytetotwarty.us.edu.pl\/ko\/wp-content\/uploads\/sites\/7\/2025\/08\/Michal-Sajdak.png\" class=\"attachment-large size-large wp-image-1097\" alt=\"\" srcset=\"https:\/\/uniwersytetotwarty.us.edu.pl\/ko\/wp-content\/uploads\/sites\/7\/2025\/08\/Michal-Sajdak.png 500w, https:\/\/uniwersytetotwarty.us.edu.pl\/ko\/wp-content\/uploads\/sites\/7\/2025\/08\/Michal-Sajdak-300x300.png 300w, https:\/\/uniwersytetotwarty.us.edu.pl\/ko\/wp-content\/uploads\/sites\/7\/2025\/08\/Michal-Sajdak-150x150.png 150w\" sizes=\"(max-width: 500px) 100vw, 500px\" \/>\t\t\t\t\t\t\t\t\t\t\t\t\t\t\t<\/div>\n\t\t\t\t<\/div>\n\t\t\t\t\t<\/div>\n\t\t<\/div>\n\t\t\t\t<div class=\"elementor-column elementor-col-50 elementor-inner-column elementor-element elementor-element-8785c55\" data-id=\"8785c55\" data-element_type=\"column\" data-e-type=\"column\">\n\t\t\t<div class=\"elementor-widget-wrap elementor-element-populated\">\n\t\t\t\t\t\t<div class=\"elementor-element elementor-element-2072f48 elementor-widget elementor-widget-text-editor\" data-id=\"2072f48\" data-element_type=\"widget\" data-e-type=\"widget\" data-widget_type=\"text-editor.default\">\n\t\t\t\t<div class=\"elementor-widget-container\">\n\t\t\t\t\t\t\t\t\t<p><strong>Micha\u0142 Sajdak<\/strong><\/p><p>Certyfikowany Etyczny Hacker. Od przesz\u0142o 15 lat specjalizuje si\u0119 w ofensywnym obszarze bezpiecze\u0144stwa IT, wykona\u0142 setki audyt\u00f3w bezpiecze\u0144stwa IT, przeszkoli\u0142 dziesi\u0105tki tysi\u0119cy os\u00f3b. Posiadacz certyfikat\u00f3w: CISSP (Certified Information Systems Security Professional), CEH (Certified Ethical Hacker) oraz CTT+ (Certified Technical Trainer). Uznany prelegent na konferencjach bran\u017cowych: Mega Sekurak Hacking Party, PWNing, WTH, Confidence, Secure, SEMAFOR, Securitybsides, PLNOG, Infoshare, OWASP Day oraz wielu innych. Pomys\u0142odawca, redaktor g\u0142\u00f3wny oraz wsp\u00f3\u0142autor bestsellerowych ksi\u0105\u017cek:\u00a0<em>Bezpiecze\u0144stwo aplikacji WWW<\/em>, a tak\u017ce\u00a0<em>Wprowadzenie do bezpiecze\u0144stwa IT<\/em>, t. 1 i 2. Za\u0142o\u017cyciel i redaktor portalu sekurak.pl<\/p>\t\t\t\t\t\t\t\t<\/div>\n\t\t\t\t<\/div>\n\t\t\t\t\t<\/div>\n\t\t<\/div>\n\t\t\t\t\t<\/div>\n\t\t<\/section>\n\t\t\t\t<section class=\"elementor-section elementor-inner-section elementor-element elementor-element-8eb179f elementor-section-boxed elementor-section-height-default elementor-section-height-default\" data-id=\"8eb179f\" data-element_type=\"section\" data-e-type=\"section\">\n\t\t\t\t\t\t<div class=\"elementor-container elementor-column-gap-default\">\n\t\t\t\t\t<div class=\"elementor-column elementor-col-50 elementor-inner-column elementor-element elementor-element-9a9db2f\" data-id=\"9a9db2f\" data-element_type=\"column\" data-e-type=\"column\">\n\t\t\t<div class=\"elementor-widget-wrap elementor-element-populated\">\n\t\t\t\t\t\t<div class=\"elementor-element elementor-element-e6e2f7e elementor-widget elementor-widget-image\" data-id=\"e6e2f7e\" data-element_type=\"widget\" data-e-type=\"widget\" data-widget_type=\"image.default\">\n\t\t\t\t<div class=\"elementor-widget-container\">\n\t\t\t\t\t\t\t\t\t\t\t\t\t\t\t<img loading=\"lazy\" decoding=\"async\" width=\"500\" height=\"500\" src=\"https:\/\/uniwersytetotwarty.us.edu.pl\/ko\/wp-content\/uploads\/sites\/7\/2025\/08\/Dariusz-Szostek.png\" class=\"attachment-large size-large wp-image-1052\" alt=\"\" srcset=\"https:\/\/uniwersytetotwarty.us.edu.pl\/ko\/wp-content\/uploads\/sites\/7\/2025\/08\/Dariusz-Szostek.png 500w, https:\/\/uniwersytetotwarty.us.edu.pl\/ko\/wp-content\/uploads\/sites\/7\/2025\/08\/Dariusz-Szostek-300x300.png 300w, https:\/\/uniwersytetotwarty.us.edu.pl\/ko\/wp-content\/uploads\/sites\/7\/2025\/08\/Dariusz-Szostek-150x150.png 150w\" sizes=\"(max-width: 500px) 100vw, 500px\" \/>\t\t\t\t\t\t\t\t\t\t\t\t\t\t\t<\/div>\n\t\t\t\t<\/div>\n\t\t\t\t\t<\/div>\n\t\t<\/div>\n\t\t\t\t<div class=\"elementor-column elementor-col-50 elementor-inner-column elementor-element elementor-element-3cdc448\" data-id=\"3cdc448\" data-element_type=\"column\" data-e-type=\"column\">\n\t\t\t<div class=\"elementor-widget-wrap elementor-element-populated\">\n\t\t\t\t\t\t<div class=\"elementor-element elementor-element-9cec028 elementor-widget elementor-widget-text-editor\" data-id=\"9cec028\" data-element_type=\"widget\" data-e-type=\"widget\" data-widget_type=\"text-editor.default\">\n\t\t\t\t<div class=\"elementor-widget-container\">\n\t\t\t\t\t\t\t\t\t<p><strong>dr hab. Dariusz Szostek, prof. U\u015a\u00a0<\/strong><\/p><p>Profesor U\u015a, Dyrektor Cyber Science Center, Przewodnicz\u0105cy zespo\u0142u cyberbezpiecze\u0144stwa KRASP, Rada Naukowa Instytutu \u0141\u0105czno\u015bci, autor szeregu publikacji z zakresu prawa nowych technologii, w tym z zakresu\u00a0blockchain, smart contract, AI czy cyberbezpiecze\u0144stwa,\u00a0radca prawny.<\/p>\t\t\t\t\t\t\t\t<\/div>\n\t\t\t\t<\/div>\n\t\t\t\t\t<\/div>\n\t\t<\/div>\n\t\t\t\t\t<\/div>\n\t\t<\/section>\n\t\t\t\t<section class=\"elementor-section elementor-inner-section elementor-element elementor-element-d82c663 elementor-section-boxed elementor-section-height-default elementor-section-height-default\" data-id=\"d82c663\" data-element_type=\"section\" data-e-type=\"section\">\n\t\t\t\t\t\t<div class=\"elementor-container elementor-column-gap-default\">\n\t\t\t\t\t<div class=\"elementor-column elementor-col-50 elementor-inner-column elementor-element elementor-element-1697f72\" data-id=\"1697f72\" data-element_type=\"column\" data-e-type=\"column\">\n\t\t\t<div class=\"elementor-widget-wrap elementor-element-populated\">\n\t\t\t\t\t\t<div class=\"elementor-element elementor-element-1c4d49a elementor-widget elementor-widget-image\" data-id=\"1c4d49a\" data-element_type=\"widget\" data-e-type=\"widget\" data-widget_type=\"image.default\">\n\t\t\t\t<div class=\"elementor-widget-container\">\n\t\t\t\t\t\t\t\t\t\t\t\t\t\t\t<img loading=\"lazy\" decoding=\"async\" width=\"500\" height=\"500\" src=\"https:\/\/uniwersytetotwarty.us.edu.pl\/ko\/wp-content\/uploads\/sites\/7\/2025\/08\/Katarzyna-Slebarska.png\" class=\"attachment-large size-large wp-image-1065\" alt=\"\" srcset=\"https:\/\/uniwersytetotwarty.us.edu.pl\/ko\/wp-content\/uploads\/sites\/7\/2025\/08\/Katarzyna-Slebarska.png 500w, https:\/\/uniwersytetotwarty.us.edu.pl\/ko\/wp-content\/uploads\/sites\/7\/2025\/08\/Katarzyna-Slebarska-300x300.png 300w, https:\/\/uniwersytetotwarty.us.edu.pl\/ko\/wp-content\/uploads\/sites\/7\/2025\/08\/Katarzyna-Slebarska-150x150.png 150w\" sizes=\"(max-width: 500px) 100vw, 500px\" \/>\t\t\t\t\t\t\t\t\t\t\t\t\t\t\t<\/div>\n\t\t\t\t<\/div>\n\t\t\t\t\t<\/div>\n\t\t<\/div>\n\t\t\t\t<div class=\"elementor-column elementor-col-50 elementor-inner-column elementor-element elementor-element-0dbea40\" data-id=\"0dbea40\" data-element_type=\"column\" data-e-type=\"column\">\n\t\t\t<div class=\"elementor-widget-wrap elementor-element-populated\">\n\t\t\t\t\t\t<div class=\"elementor-element elementor-element-cacf85b elementor-widget elementor-widget-text-editor\" data-id=\"cacf85b\" data-element_type=\"widget\" data-e-type=\"widget\" data-widget_type=\"text-editor.default\">\n\t\t\t\t<div class=\"elementor-widget-container\">\n\t\t\t\t\t\t\t\t\t<p><strong>dr hab. Katarzyna \u015alebarska, prof. U\u015a<\/strong><\/p><p>Psycholog, dyrektor Instytutu Psychologii Uniwersytetu\u00a0 \u015al\u0105skiego. Laureatka I nagrody Ministra Pracy i Polityki Spo\u0142ecznej w konkursie na najlepsze prace doktorskie (2010) i trzykrotna stypendystka DAAD. Wsp\u00f3\u0142pracuje z o\u015brodkami naukowymi w Norymberdze i Hamburgu. Kierownik grant\u00f3w NCN i NCBiR z zakresu reintegracji zawodowej oraz proaktywnego radzenia sobie w pracy. Cz\u0142onek Polskiego Towarzystwa Psychologicznego i Europejskiego Towarzystwa Psychologii Pracy i Organizacji. Uko\u0144czy\u0142a ca\u0142o\u015bciowe czteroletnie szkolenie w zakresie psychoterapii w \u015al\u0105skiej Szkole Psychoterapii w Gliwicach oraz posiada certyfikat Asystenta Psychodramy sygnowany przez Polski Instytut Psychodramy i Europejski Instytut Psychodramy. Jej zainteresowania badawcze dotycz\u0105 problematyki postawy proaktywnej, poznawczego funkcjonowania i radzenia sobie w miejscu pracy.<\/p>\t\t\t\t\t\t\t\t<\/div>\n\t\t\t\t<\/div>\n\t\t\t\t\t<\/div>\n\t\t<\/div>\n\t\t\t\t\t<\/div>\n\t\t<\/section>\n\t\t\t\t<section class=\"elementor-section elementor-inner-section elementor-element elementor-element-707914a elementor-section-boxed elementor-section-height-default elementor-section-height-default\" data-id=\"707914a\" data-element_type=\"section\" data-e-type=\"section\">\n\t\t\t\t\t\t<div class=\"elementor-container elementor-column-gap-default\">\n\t\t\t\t\t<div class=\"elementor-column elementor-col-50 elementor-inner-column elementor-element elementor-element-cbcf532\" data-id=\"cbcf532\" data-element_type=\"column\" data-e-type=\"column\">\n\t\t\t<div class=\"elementor-widget-wrap elementor-element-populated\">\n\t\t\t\t\t\t<div class=\"elementor-element elementor-element-f0d6749 elementor-widget elementor-widget-image\" data-id=\"f0d6749\" data-element_type=\"widget\" data-e-type=\"widget\" data-widget_type=\"image.default\">\n\t\t\t\t<div class=\"elementor-widget-container\">\n\t\t\t\t\t\t\t\t\t\t\t\t\t\t\t<img loading=\"lazy\" decoding=\"async\" width=\"500\" height=\"500\" src=\"https:\/\/uniwersytetotwarty.us.edu.pl\/ko\/wp-content\/uploads\/sites\/7\/2025\/08\/Dorota-Prysak.png\" class=\"attachment-large size-large wp-image-1053\" alt=\"\" srcset=\"https:\/\/uniwersytetotwarty.us.edu.pl\/ko\/wp-content\/uploads\/sites\/7\/2025\/08\/Dorota-Prysak.png 500w, https:\/\/uniwersytetotwarty.us.edu.pl\/ko\/wp-content\/uploads\/sites\/7\/2025\/08\/Dorota-Prysak-300x300.png 300w, https:\/\/uniwersytetotwarty.us.edu.pl\/ko\/wp-content\/uploads\/sites\/7\/2025\/08\/Dorota-Prysak-150x150.png 150w\" sizes=\"(max-width: 500px) 100vw, 500px\" \/>\t\t\t\t\t\t\t\t\t\t\t\t\t\t\t<\/div>\n\t\t\t\t<\/div>\n\t\t\t\t\t<\/div>\n\t\t<\/div>\n\t\t\t\t<div class=\"elementor-column elementor-col-50 elementor-inner-column elementor-element elementor-element-db40e3c\" data-id=\"db40e3c\" data-element_type=\"column\" data-e-type=\"column\">\n\t\t\t<div class=\"elementor-widget-wrap elementor-element-populated\">\n\t\t\t\t\t\t<div class=\"elementor-element elementor-element-a45c831 elementor-widget elementor-widget-text-editor\" data-id=\"a45c831\" data-element_type=\"widget\" data-e-type=\"widget\" data-widget_type=\"text-editor.default\">\n\t\t\t\t<div class=\"elementor-widget-container\">\n\t\t\t\t\t\t\t\t\t<p><strong>dr Dorota Prysak<\/strong><\/p><p>Doktor nauk humanistycznych, nauczyciel akademicki na Uniwersytecie \u015al\u0105skim, psycholog, pedagog, pedagog specjalny, oligofrenopedagog, socjoterapeuta, asystent psychodramy, psychoterapeuta, profiler behawioralny, absolwentka studi\u00f3w podyplomowych w zakresie Porozumienia bez Przemocy (NVC ). Autorka wielu publikacji z zakresu pedagogiki specjalnej. Na co dzie\u0144 pracuje z osobami z niepe\u0142nosprawno\u015bci\u0105 intelektualn\u0105, ich rodzinami, opiekunami, nauczycielami, w Zespole Szk\u00f3\u0142 nr 3 Specjalnych w Pszczynie. Za\u0142o\u017cycielka fundacji \u201eMoja Przysz\u0142o\u015b\u0107. W swoich dzia\u0142aniach koncentruje si\u0119 na dzia\u0142aniach inkuzyjnych skierowanych zar\u00f3wno do Os\u00f3b z niepe\u0142nosprawno\u015bciami jak i pe\u0142nosprawnych.<br \/>Ekspertka ds. upowszechniania zasob\u00f3w w obszarze zdrowia psychicznego w projekcie pn. Budowa skoordynowanego systemu pomocy specjalistycznej opartego na Specjalistycznych Centrach Wspieraj\u0105cych Edukacj\u0119 W\u0142\u0105czaj\u0105c\u0105.<br \/>Kierownik mi\u0119dzynarodowego projektu z funduszu wyszehradzkiego pt. \u201eStruktury niepewno\u015bci. Edukacja w\u0142\u0105czaj\u0105ca w krajach Europy \u015arodkowej i Wschodniej, na Uniwersytecie \u015al\u0105skim.<\/p>\t\t\t\t\t\t\t\t<\/div>\n\t\t\t\t<\/div>\n\t\t\t\t\t<\/div>\n\t\t<\/div>\n\t\t\t\t\t<\/div>\n\t\t<\/section>\n\t\t\t\t<section class=\"elementor-section elementor-inner-section elementor-element elementor-element-5c3ae52 elementor-section-boxed elementor-section-height-default elementor-section-height-default\" data-id=\"5c3ae52\" data-element_type=\"section\" data-e-type=\"section\">\n\t\t\t\t\t\t<div class=\"elementor-container elementor-column-gap-default\">\n\t\t\t\t\t<div class=\"elementor-column elementor-col-50 elementor-inner-column elementor-element elementor-element-0c05454\" data-id=\"0c05454\" data-element_type=\"column\" data-e-type=\"column\">\n\t\t\t<div class=\"elementor-widget-wrap elementor-element-populated\">\n\t\t\t\t\t\t<div class=\"elementor-element elementor-element-f7f9074 elementor-widget elementor-widget-image\" data-id=\"f7f9074\" data-element_type=\"widget\" data-e-type=\"widget\" data-widget_type=\"image.default\">\n\t\t\t\t<div class=\"elementor-widget-container\">\n\t\t\t\t\t\t\t\t\t\t\t\t\t\t\t<img loading=\"lazy\" decoding=\"async\" width=\"500\" height=\"500\" src=\"https:\/\/uniwersytetotwarty.us.edu.pl\/ko\/wp-content\/uploads\/sites\/7\/2025\/08\/Joanna-Grecka-Otremba.png\" class=\"attachment-large size-large wp-image-1060\" alt=\"\" srcset=\"https:\/\/uniwersytetotwarty.us.edu.pl\/ko\/wp-content\/uploads\/sites\/7\/2025\/08\/Joanna-Grecka-Otremba.png 500w, https:\/\/uniwersytetotwarty.us.edu.pl\/ko\/wp-content\/uploads\/sites\/7\/2025\/08\/Joanna-Grecka-Otremba-300x300.png 300w, https:\/\/uniwersytetotwarty.us.edu.pl\/ko\/wp-content\/uploads\/sites\/7\/2025\/08\/Joanna-Grecka-Otremba-150x150.png 150w\" sizes=\"(max-width: 500px) 100vw, 500px\" \/>\t\t\t\t\t\t\t\t\t\t\t\t\t\t\t<\/div>\n\t\t\t\t<\/div>\n\t\t\t\t\t<\/div>\n\t\t<\/div>\n\t\t\t\t<div class=\"elementor-column elementor-col-50 elementor-inner-column elementor-element elementor-element-0dcad7e\" data-id=\"0dcad7e\" data-element_type=\"column\" data-e-type=\"column\">\n\t\t\t<div class=\"elementor-widget-wrap elementor-element-populated\">\n\t\t\t\t\t\t<div class=\"elementor-element elementor-element-fdeffe0 elementor-widget elementor-widget-text-editor\" data-id=\"fdeffe0\" data-element_type=\"widget\" data-e-type=\"widget\" data-widget_type=\"text-editor.default\">\n\t\t\t\t<div class=\"elementor-widget-container\">\n\t\t\t\t\t\t\t\t\t<p><strong>Joanna Grecka-Otremba\u00a0<\/strong><\/p><p>Doktor nauk technicznych, nauczyciel dyplomowany z 24-letnim do\u015bwiadczeniem dydaktycznym na r\u00f3\u017cnych etapach edukacji. Prowadzone zaj\u0119cia obejmuj\u0105 fizyk\u0119, matematyk\u0119, chemi\u0119, informatyk\u0119; posiada r\u00f3wnie\u017c kwalifikacje oligofrenopedagogiczne i tyflopedagogiczne. Opiekunka Klubu M\u0142odego Odkrywcy \u201eM\u0142ody Naukowiec\u201d przy ZSiP nr 1 w Katowicach, kt\u00f3ry w 2023 roku uzyska\u0142 tytu\u0142 Mistrza KMO. Ambasadorka Edukacji Kosmicznej ESERO Polska. Autorka i koordynatorka Og\u00f3lnopolskiego Konkursu Przyrodniczego z Elementami Astronomii i Kosmologii \u201eMi\u0119dzygwiezdny py\u0142\u201d.<br \/>Zaanga\u017cowana w tworzenie i realizacj\u0119 licznych projekt\u00f3w edukacyjnych z zakresu edukacji matematycznej, przyrodniczej, finansowej, ekologicznej, klimatycznej oraz mi\u0119dzykulturowej. Autorka i koordynatorka projekt\u00f3w europejskich w ramach program\u00f3w Erasmus+ oraz V4 Mini Grants. Autorka scenariuszy lekcji fizyki w ramach edukacji klimatycznej \u201eKlimatyczne Katowice\u201d. Dzia\u0142a na rzecz popularyzacji nauki oraz aktywnie uczestniczy w pracach Zarz\u0105du Polskiego Towarzystwa Fizycznego Oddzia\u0142u \u015al\u0105skiego<\/p>\t\t\t\t\t\t\t\t<\/div>\n\t\t\t\t<\/div>\n\t\t\t\t\t<\/div>\n\t\t<\/div>\n\t\t\t\t\t<\/div>\n\t\t<\/section>\n\t\t\t\t<section class=\"elementor-section elementor-inner-section elementor-element elementor-element-0086e44 elementor-section-boxed elementor-section-height-default elementor-section-height-default\" data-id=\"0086e44\" data-element_type=\"section\" data-e-type=\"section\">\n\t\t\t\t\t\t<div class=\"elementor-container elementor-column-gap-default\">\n\t\t\t\t\t<div class=\"elementor-column elementor-col-50 elementor-inner-column elementor-element elementor-element-0f76ef9\" data-id=\"0f76ef9\" data-element_type=\"column\" data-e-type=\"column\">\n\t\t\t<div class=\"elementor-widget-wrap elementor-element-populated\">\n\t\t\t\t\t\t<div class=\"elementor-element elementor-element-432f769 elementor-widget elementor-widget-image\" data-id=\"432f769\" data-element_type=\"widget\" data-e-type=\"widget\" data-widget_type=\"image.default\">\n\t\t\t\t<div class=\"elementor-widget-container\">\n\t\t\t\t\t\t\t\t\t\t\t\t\t\t\t<img loading=\"lazy\" decoding=\"async\" width=\"500\" height=\"500\" src=\"https:\/\/uniwersytetotwarty.us.edu.pl\/ko\/wp-content\/uploads\/sites\/7\/2025\/08\/Malgorzata-Szymura.png\" class=\"attachment-large size-large wp-image-1067\" alt=\"\" srcset=\"https:\/\/uniwersytetotwarty.us.edu.pl\/ko\/wp-content\/uploads\/sites\/7\/2025\/08\/Malgorzata-Szymura.png 500w, https:\/\/uniwersytetotwarty.us.edu.pl\/ko\/wp-content\/uploads\/sites\/7\/2025\/08\/Malgorzata-Szymura-300x300.png 300w, https:\/\/uniwersytetotwarty.us.edu.pl\/ko\/wp-content\/uploads\/sites\/7\/2025\/08\/Malgorzata-Szymura-150x150.png 150w\" sizes=\"(max-width: 500px) 100vw, 500px\" \/>\t\t\t\t\t\t\t\t\t\t\t\t\t\t\t<\/div>\n\t\t\t\t<\/div>\n\t\t\t\t\t<\/div>\n\t\t<\/div>\n\t\t\t\t<div class=\"elementor-column elementor-col-50 elementor-inner-column elementor-element elementor-element-91871db\" data-id=\"91871db\" data-element_type=\"column\" data-e-type=\"column\">\n\t\t\t<div class=\"elementor-widget-wrap elementor-element-populated\">\n\t\t\t\t\t\t<div class=\"elementor-element elementor-element-77506d4 elementor-widget elementor-widget-text-editor\" data-id=\"77506d4\" data-element_type=\"widget\" data-e-type=\"widget\" data-widget_type=\"text-editor.default\">\n\t\t\t\t<div class=\"elementor-widget-container\">\n\t\t\t\t\t\t\t\t\t<p><strong>Ma\u0142gorzata Szymura\u00a0<\/strong><\/p><p>Nauczycielka fizyki z ponad 21-letnim do\u015bwiadczeniem w pracy z m\u0142odzie\u017c\u0105 w szko\u0142ach podstawowych i ponadpodstawowych. Laureatka wyr\u00f3\u017cnienia Rektora Uniwersytetu \u015al\u0105skiego za popularyzacj\u0119 nauki, trenerka programu Klub M\u0142odego Odkrywcy Centrum Nauki Kopernik, opiekunka KMO \u201eKamerlik\u201d przy Zespole Szk\u00f3\u0142 w Czerwionce-Leszczynach. Realizatorka nagradzanych projekt\u00f3w edukacyjnych, m.in. w ramach program\u00f3w <em>Konstruktorzy Marze\u0144<\/em> (Boeing) i <em>Projektanci Edukacji<\/em> (Nowa Era).<br \/>Specjalizuje si\u0119 w nauczaniu metod\u0105 dociekania (IBL- Inquiry Based Learning), z kt\u00f3r\u0105 zwi\u0105zana jest m.in. poprzez udzia\u0142 w mi\u0119dzynarodowych projektach dla nauczycieli realizowanych przez Uniwersytet Jagiello\u0144ski tj. <em>SAILS<\/em>, <em>3DIPhE<\/em> i <em>STAMPEd<\/em>. Prowadzi\u0142a badania pedagogiczne oraz prezentowa\u0142a swoje do\u015bwiadczenia na konferencjach krajowych i mi\u0119dzynarodowych. Pomys\u0142odawczyni Wojew\u00f3dzkiego Konkursu \u201eNowoczesne technologie a energia przysz\u0142o\u015bci\u201d.<\/p>\t\t\t\t\t\t\t\t<\/div>\n\t\t\t\t<\/div>\n\t\t\t\t\t<\/div>\n\t\t<\/div>\n\t\t\t\t\t<\/div>\n\t\t<\/section>\n\t\t\t\t<section class=\"elementor-section elementor-inner-section elementor-element elementor-element-361a517 elementor-section-boxed elementor-section-height-default elementor-section-height-default\" data-id=\"361a517\" data-element_type=\"section\" data-e-type=\"section\">\n\t\t\t\t\t\t<div class=\"elementor-container elementor-column-gap-default\">\n\t\t\t\t\t<div class=\"elementor-column elementor-col-50 elementor-inner-column elementor-element elementor-element-88bc768\" data-id=\"88bc768\" data-element_type=\"column\" data-e-type=\"column\">\n\t\t\t<div class=\"elementor-widget-wrap elementor-element-populated\">\n\t\t\t\t\t\t<div class=\"elementor-element elementor-element-e471aeb elementor-widget elementor-widget-image\" data-id=\"e471aeb\" data-element_type=\"widget\" data-e-type=\"widget\" data-widget_type=\"image.default\">\n\t\t\t\t<div class=\"elementor-widget-container\">\n\t\t\t\t\t\t\t\t\t\t\t\t\t\t\t<img loading=\"lazy\" decoding=\"async\" width=\"600\" height=\"568\" src=\"https:\/\/uniwersytetotwarty.us.edu.pl\/ko\/wp-content\/uploads\/sites\/7\/2024\/09\/computer-icons-person-anonymous.jpg\" class=\"attachment-large size-large wp-image-571\" alt=\"\" srcset=\"https:\/\/uniwersytetotwarty.us.edu.pl\/ko\/wp-content\/uploads\/sites\/7\/2024\/09\/computer-icons-person-anonymous.jpg 600w, https:\/\/uniwersytetotwarty.us.edu.pl\/ko\/wp-content\/uploads\/sites\/7\/2024\/09\/computer-icons-person-anonymous-300x284.jpg 300w\" sizes=\"(max-width: 600px) 100vw, 600px\" \/>\t\t\t\t\t\t\t\t\t\t\t\t\t\t\t<\/div>\n\t\t\t\t<\/div>\n\t\t\t\t\t<\/div>\n\t\t<\/div>\n\t\t\t\t<div class=\"elementor-column elementor-col-50 elementor-inner-column elementor-element elementor-element-29dab68\" data-id=\"29dab68\" data-element_type=\"column\" data-e-type=\"column\">\n\t\t\t<div class=\"elementor-widget-wrap elementor-element-populated\">\n\t\t\t\t\t\t<div class=\"elementor-element elementor-element-b30d9ef elementor-widget elementor-widget-text-editor\" data-id=\"b30d9ef\" data-element_type=\"widget\" data-e-type=\"widget\" data-widget_type=\"text-editor.default\">\n\t\t\t\t<div class=\"elementor-widget-container\">\n\t\t\t\t\t\t\t\t\t<p><strong>Dobrawa Szlachcikowska<\/strong><\/p><p>Z wykszta\u0142cenia mgr chemii. Niegdy\u015b przekonana, \u017ce praca w szkole to nie jej droga.\u00a0 Korepetytorka od zawsze, bo cho\u0107 uczy\u0107 uparcie nie chcia\u0142a, to nauka innych przychodzi\u0142a \u0142atwo i naturalnie. Obecnie ca\u0142kowicie oddana szeroko rozumianej edukacji. Pracuje jako koordynatorka projektu Pi-stacja, w ramach kt\u00f3rego wsp\u00f3\u0142tworzy\u0142a wideolekcje z chemii, fizyki, biologii i techniki. Obecnie kieruje projektem i nadzoruje produkcj\u0119 kolejnych wideolekcji, nie rezygnuj\u0105c jednak z pisania i konsultowania scenariuszy i z roli lektora. W ramach tej wsp\u00f3\u0142pracy prowadzi\u0142a webinary powt\u00f3rkowe dla maturzyst\u00f3w i \u00f3smoklasist\u00f3w, a tak\u017ce jest autork\u0105 pr\u00f3bnych egzamin\u00f3w maturalnych w ramach akcji Pr\u00f3bny egzamin z Pi-stacj\u0105, organizowanej od 2020 roku. Prowadzi\u0142a tak\u017ce: szkolenia dla nauczycieli z wykorzystania nowoczesnych form edukacji, warsztaty dla wolontariuszy fundacji Web-korki, a tak\u017ce szereg szkole\u0144 z wykorzystania zasob\u00f3w Pi-stacji w szkolnej rzeczywisto\u015bci i poza ni\u0105, a tak\u017ce wprowadzania modelu odwr\u00f3conej lekcji. Nie rezygnuje jednak z bezpo\u015bredniego kontaktu z uczniami. Jest nauczycielk\u0105 matematyki, fizyki i chemii w Spo\u0142ecznej Szkole Podstawowej w Krotoszynie, specjalizuj\u0105c si\u0119 w pracy z uczniami z specyficznymi trudno\u015bciami w nauce. Przez wiele lat, w ramach w\u0142asnej dzia\u0142alno\u015bci, przygotowywa\u0142a uczni\u00f3w do egzamin\u00f3w, g\u0142\u00f3wnie maturalnych.\u00a0\u00a0<\/p>\t\t\t\t\t\t\t\t<\/div>\n\t\t\t\t<\/div>\n\t\t\t\t\t<\/div>\n\t\t<\/div>\n\t\t\t\t\t<\/div>\n\t\t<\/section>\n\t\t\t\t<section class=\"elementor-section elementor-inner-section elementor-element elementor-element-80b39a3 elementor-section-boxed elementor-section-height-default elementor-section-height-default\" data-id=\"80b39a3\" data-element_type=\"section\" data-e-type=\"section\">\n\t\t\t\t\t\t<div class=\"elementor-container elementor-column-gap-default\">\n\t\t\t\t\t<div class=\"elementor-column elementor-col-50 elementor-inner-column elementor-element elementor-element-f68d4c0\" data-id=\"f68d4c0\" data-element_type=\"column\" data-e-type=\"column\">\n\t\t\t<div class=\"elementor-widget-wrap elementor-element-populated\">\n\t\t\t\t\t\t<div class=\"elementor-element elementor-element-7fc2141 elementor-widget elementor-widget-image\" data-id=\"7fc2141\" data-element_type=\"widget\" data-e-type=\"widget\" data-widget_type=\"image.default\">\n\t\t\t\t<div class=\"elementor-widget-container\">\n\t\t\t\t\t\t\t\t\t\t\t\t\t\t\t<img loading=\"lazy\" decoding=\"async\" width=\"500\" height=\"500\" src=\"https:\/\/uniwersytetotwarty.us.edu.pl\/ko\/wp-content\/uploads\/sites\/7\/2025\/08\/Anna-Zertka.png\" class=\"attachment-large size-large wp-image-1049\" alt=\"\" srcset=\"https:\/\/uniwersytetotwarty.us.edu.pl\/ko\/wp-content\/uploads\/sites\/7\/2025\/08\/Anna-Zertka.png 500w, https:\/\/uniwersytetotwarty.us.edu.pl\/ko\/wp-content\/uploads\/sites\/7\/2025\/08\/Anna-Zertka-300x300.png 300w, https:\/\/uniwersytetotwarty.us.edu.pl\/ko\/wp-content\/uploads\/sites\/7\/2025\/08\/Anna-Zertka-150x150.png 150w\" sizes=\"(max-width: 500px) 100vw, 500px\" \/>\t\t\t\t\t\t\t\t\t\t\t\t\t\t\t<\/div>\n\t\t\t\t<\/div>\n\t\t\t\t\t<\/div>\n\t\t<\/div>\n\t\t\t\t<div class=\"elementor-column elementor-col-50 elementor-inner-column elementor-element elementor-element-2057ab5\" data-id=\"2057ab5\" data-element_type=\"column\" data-e-type=\"column\">\n\t\t\t<div class=\"elementor-widget-wrap elementor-element-populated\">\n\t\t\t\t\t\t<div class=\"elementor-element elementor-element-b4088bd elementor-widget elementor-widget-text-editor\" data-id=\"b4088bd\" data-element_type=\"widget\" data-e-type=\"widget\" data-widget_type=\"text-editor.default\">\n\t\t\t\t<div class=\"elementor-widget-container\">\n\t\t\t\t\t\t\t\t\t<p><strong>Anna \u017bertka<\/strong><\/p><p>Absolwentka Politechniki \u015al\u0105skiej w Gliwicach. Nauczycielka chemii, biologii i przyrody w szkole podstawowej. Ekspertka metody IBSE. Tw\u00f3rczyni profilu Bio-chemiczne Sketchnotki na Facebooku. Wsp\u00f3\u0142autorka obudowy metodycznej do chemii, biologii, geografii i fizyki\u00a0 wyd. MAC. Autorka graficznych kart pracy do chemii, biologii, przyrody i geografii wyd. WIR. Autorka kart pracy do projektu\u00a0 \u201cLekcje w sieci \u2013 eksperymentalnie\u201d organizowanego wraz z Centrum Cyfrowe oraz Google.\u00a0 Zaanga\u017cowana w liczne projekty edukacyjne i ekologiczne. Nale\u017cy do grupy Superbelfrzy RP i jest zast\u0119pczyni\u0105 przewodnicz\u0105cego Polskiego Stowarzyszenia Nauczycieli Przedmiot\u00f3w Przyrodniczych.<\/p>\t\t\t\t\t\t\t\t<\/div>\n\t\t\t\t<\/div>\n\t\t\t\t\t<\/div>\n\t\t<\/div>\n\t\t\t\t\t<\/div>\n\t\t<\/section>\n\t\t\t\t<section class=\"elementor-section elementor-inner-section elementor-element elementor-element-f6c784b elementor-section-boxed elementor-section-height-default elementor-section-height-default\" data-id=\"f6c784b\" data-element_type=\"section\" data-e-type=\"section\">\n\t\t\t\t\t\t<div class=\"elementor-container elementor-column-gap-default\">\n\t\t\t\t\t<div class=\"elementor-column elementor-col-50 elementor-inner-column elementor-element elementor-element-2ea9659\" data-id=\"2ea9659\" data-element_type=\"column\" data-e-type=\"column\">\n\t\t\t<div class=\"elementor-widget-wrap elementor-element-populated\">\n\t\t\t\t\t\t<div class=\"elementor-element elementor-element-ad341ee elementor-widget elementor-widget-image\" data-id=\"ad341ee\" data-element_type=\"widget\" data-e-type=\"widget\" data-widget_type=\"image.default\">\n\t\t\t\t<div class=\"elementor-widget-container\">\n\t\t\t\t\t\t\t\t\t\t\t\t\t\t\t<img loading=\"lazy\" decoding=\"async\" width=\"600\" height=\"568\" src=\"https:\/\/uniwersytetotwarty.us.edu.pl\/ko\/wp-content\/uploads\/sites\/7\/2024\/09\/computer-icons-person-anonymous.jpg\" class=\"attachment-large size-large wp-image-571\" alt=\"\" srcset=\"https:\/\/uniwersytetotwarty.us.edu.pl\/ko\/wp-content\/uploads\/sites\/7\/2024\/09\/computer-icons-person-anonymous.jpg 600w, https:\/\/uniwersytetotwarty.us.edu.pl\/ko\/wp-content\/uploads\/sites\/7\/2024\/09\/computer-icons-person-anonymous-300x284.jpg 300w\" sizes=\"(max-width: 600px) 100vw, 600px\" \/>\t\t\t\t\t\t\t\t\t\t\t\t\t\t\t<\/div>\n\t\t\t\t<\/div>\n\t\t\t\t\t<\/div>\n\t\t<\/div>\n\t\t\t\t<div class=\"elementor-column elementor-col-50 elementor-inner-column elementor-element elementor-element-0d77011\" data-id=\"0d77011\" data-element_type=\"column\" data-e-type=\"column\">\n\t\t\t<div class=\"elementor-widget-wrap elementor-element-populated\">\n\t\t\t\t\t\t<div class=\"elementor-element elementor-element-d34272e elementor-widget elementor-widget-text-editor\" data-id=\"d34272e\" data-element_type=\"widget\" data-e-type=\"widget\" data-widget_type=\"text-editor.default\">\n\t\t\t\t<div class=\"elementor-widget-container\">\n\t\t\t\t\t\t\t\t\t<p><strong>Maciej D\u0119bski<\/strong><\/p><p>Za\u0142o\u017cyciel i prezes fundacji Dbam o M\u00f3j Zasi\u0119g, socjolog problem\u00f3w spo\u0142ecznych, wyk\u0142adowca akademicki zatrudniony w Instytucie Socjologii Uniwersytetu Gda\u0144skiego, edukator spo\u0142eczny, ekspert w realizacji bada\u0144 naukowych, ekspert Najwy\u017cszej Izby Kontroli, Rzecznika Praw Obywatelskich, Fundator i Prezes Fundacji DBAM O M\u00d3J Z@SI\u0118G, autor\/wsp\u00f3\u0142autor publikacji na naukowych z zakresu problem\u00f3w spo\u0142ecznych (higiena cyfrowa, e-uzale\u017cnienia, bezdomno\u015b\u0107, przemoc w rodzinie, uzale\u017cnienia od substancji psychoaktywnych), autor\/wsp\u00f3\u0142autor dokument\u00f3w strategicznych, program\u00f3w lokalnych, pomys\u0142odawca og\u00f3lnopolskich bada\u0144 z zakresu fonoholizmu i problemu cyberprzemocy zrealizowanych w\u015br\u00f3d 22.000 uczni\u00f3w oraz 4.000 nauczycieli. W roku 2016 wdro\u017cy\u0142\u00a0 eksperyment spo\u0142eczny odci\u0119cia 100 os\u00f3b na 72 godziny od wszelkich urz\u0105dze\u0144 elektronicznych (telefon\u00f3w kom\u00f3rkowych, tablet\u00f3w, internetu, gier on-line playstation, telewizji). Pomys\u0142odawca projekt\u00f3w badawczych pr. \u201eM\u0142odzi Cyfrowi&#8221; (2017-2019), \u201eGranie na ekranie&#8221; (2019-2020), \u201eZdrowa szko\u0142a. o potrzebach uczni\u00f3w i nauczycieli&#8221; (2022), \u201eZdrowie psychiczne m\u0142odych cyfrowych&#8221; (2025). Pomys\u0142odawca i wsp\u00f3\u0142tw\u00f3rca materia\u0142u edukacyjnego FONOLANDIA, gry terapeutycznej \u201eKlikaj z G\u0142ow\u0105&#8221;, tw\u00f3rca materia\u0142\u00f3w edukacyjnych dla dzieci, m\u0142odzie\u017cy i os\u00f3b doros\u0142ych, pomys\u0142odawca wakacyjnych kolonii offline dla dzieci i m\u0142odzie\u017cy oraz wyjazd\u00f3w weekendowych dla os\u00f3b doros\u0142ych<\/p>\t\t\t\t\t\t\t\t<\/div>\n\t\t\t\t<\/div>\n\t\t\t\t\t<\/div>\n\t\t<\/div>\n\t\t\t\t\t<\/div>\n\t\t<\/section>\n\t\t\t\t<section class=\"elementor-section elementor-inner-section elementor-element elementor-element-77379fb elementor-section-boxed elementor-section-height-default elementor-section-height-default\" data-id=\"77379fb\" data-element_type=\"section\" data-e-type=\"section\">\n\t\t\t\t\t\t<div class=\"elementor-container elementor-column-gap-default\">\n\t\t\t\t\t<div class=\"elementor-column elementor-col-50 elementor-inner-column elementor-element elementor-element-936bbf4\" data-id=\"936bbf4\" data-element_type=\"column\" data-e-type=\"column\">\n\t\t\t<div class=\"elementor-widget-wrap elementor-element-populated\">\n\t\t\t\t\t\t<div class=\"elementor-element elementor-element-b11a3aa elementor-widget elementor-widget-image\" data-id=\"b11a3aa\" data-element_type=\"widget\" data-e-type=\"widget\" data-widget_type=\"image.default\">\n\t\t\t\t<div class=\"elementor-widget-container\">\n\t\t\t\t\t\t\t\t\t\t\t\t\t\t\t<img loading=\"lazy\" decoding=\"async\" width=\"500\" height=\"500\" src=\"https:\/\/uniwersytetotwarty.us.edu.pl\/ko\/wp-content\/uploads\/sites\/7\/2025\/08\/Irena-Polok.png\" class=\"attachment-large size-large wp-image-1058\" alt=\"\" srcset=\"https:\/\/uniwersytetotwarty.us.edu.pl\/ko\/wp-content\/uploads\/sites\/7\/2025\/08\/Irena-Polok.png 500w, https:\/\/uniwersytetotwarty.us.edu.pl\/ko\/wp-content\/uploads\/sites\/7\/2025\/08\/Irena-Polok-300x300.png 300w, https:\/\/uniwersytetotwarty.us.edu.pl\/ko\/wp-content\/uploads\/sites\/7\/2025\/08\/Irena-Polok-150x150.png 150w\" sizes=\"(max-width: 500px) 100vw, 500px\" \/>\t\t\t\t\t\t\t\t\t\t\t\t\t\t\t<\/div>\n\t\t\t\t<\/div>\n\t\t\t\t\t<\/div>\n\t\t<\/div>\n\t\t\t\t<div class=\"elementor-column elementor-col-50 elementor-inner-column elementor-element elementor-element-a626c70\" data-id=\"a626c70\" data-element_type=\"column\" data-e-type=\"column\">\n\t\t\t<div class=\"elementor-widget-wrap elementor-element-populated\">\n\t\t\t\t\t\t<div class=\"elementor-element elementor-element-0155502 elementor-widget elementor-widget-text-editor\" data-id=\"0155502\" data-element_type=\"widget\" data-e-type=\"widget\" data-widget_type=\"text-editor.default\">\n\t\t\t\t<div class=\"elementor-widget-container\">\n\t\t\t\t\t\t\t\t\t<p><strong>mgr in\u017c. Irena Polok<\/strong><\/p><p>Specjalista ds. Edukacji le\u015bnej w Nadle\u015bnictwie Bielsko, absolwentka le\u015bnictwa na Wydziale Le\u015bnym Uniwersytetu Rolniczego w Krakowie, opiekun Sieci wsp\u00f3\u0142pracy i samokszta\u0142cenia nauczycieli edukacji przyrodniczo-technicznej dzia\u0142aj\u0105cej w RODN \u201eWOM\u201d w Bielsku-Bia\u0142ej z ramienia Nadle\u015bnictwa Bielsko. Specjalizuje si\u0119 w edukacji przyrodniczo-le\u015bnej dzieci i m\u0142odzie\u017cy, ze szczeg\u00f3lnym uwzgl\u0119dnieniem edukacji terenowej oraz nauczania przez do\u015bwiadczenie. W swojej pracy szczeg\u00f3ln\u0105 uwag\u0119 przywi\u0105zuje do promowania idei zr\u00f3wnowa\u017conego rozwoju oraz kszta\u0142towania krytycznego my\u015blenia w\u015br\u00f3d uczestnik\u00f3w zaj\u0119\u0107.<\/p>\t\t\t\t\t\t\t\t<\/div>\n\t\t\t\t<\/div>\n\t\t\t\t\t<\/div>\n\t\t<\/div>\n\t\t\t\t\t<\/div>\n\t\t<\/section>\n\t\t\t\t<section class=\"elementor-section elementor-inner-section elementor-element elementor-element-a27e6a8 elementor-section-boxed elementor-section-height-default elementor-section-height-default\" data-id=\"a27e6a8\" data-element_type=\"section\" data-e-type=\"section\">\n\t\t\t\t\t\t<div class=\"elementor-container elementor-column-gap-default\">\n\t\t\t\t\t<div class=\"elementor-column elementor-col-50 elementor-inner-column elementor-element elementor-element-bdc9838\" data-id=\"bdc9838\" data-element_type=\"column\" data-e-type=\"column\">\n\t\t\t<div class=\"elementor-widget-wrap elementor-element-populated\">\n\t\t\t\t\t\t<div class=\"elementor-element elementor-element-989a010 elementor-widget elementor-widget-image\" data-id=\"989a010\" data-element_type=\"widget\" data-e-type=\"widget\" data-widget_type=\"image.default\">\n\t\t\t\t<div class=\"elementor-widget-container\">\n\t\t\t\t\t\t\t\t\t\t\t\t\t\t\t<img loading=\"lazy\" decoding=\"async\" width=\"500\" height=\"500\" src=\"https:\/\/uniwersytetotwarty.us.edu.pl\/ko\/wp-content\/uploads\/sites\/7\/2025\/08\/Monika-Bernacka.png\" class=\"attachment-large size-large wp-image-1071\" alt=\"\" srcset=\"https:\/\/uniwersytetotwarty.us.edu.pl\/ko\/wp-content\/uploads\/sites\/7\/2025\/08\/Monika-Bernacka.png 500w, https:\/\/uniwersytetotwarty.us.edu.pl\/ko\/wp-content\/uploads\/sites\/7\/2025\/08\/Monika-Bernacka-300x300.png 300w, https:\/\/uniwersytetotwarty.us.edu.pl\/ko\/wp-content\/uploads\/sites\/7\/2025\/08\/Monika-Bernacka-150x150.png 150w\" sizes=\"(max-width: 500px) 100vw, 500px\" \/>\t\t\t\t\t\t\t\t\t\t\t\t\t\t\t<\/div>\n\t\t\t\t<\/div>\n\t\t\t\t\t<\/div>\n\t\t<\/div>\n\t\t\t\t<div class=\"elementor-column elementor-col-50 elementor-inner-column elementor-element elementor-element-5ac910f\" data-id=\"5ac910f\" data-element_type=\"column\" data-e-type=\"column\">\n\t\t\t<div class=\"elementor-widget-wrap elementor-element-populated\">\n\t\t\t\t\t\t<div class=\"elementor-element elementor-element-e5d2c64 elementor-widget elementor-widget-text-editor\" data-id=\"e5d2c64\" data-element_type=\"widget\" data-e-type=\"widget\" data-widget_type=\"text-editor.default\">\n\t\t\t\t<div class=\"elementor-widget-container\">\n\t\t\t\t\t\t\t\t\t<p><strong>Monika Bernacka<\/strong><\/p><p>Absolwentka Wydzia\u0142u Biologii i Ochrony \u015arodowiska Uniwersytetu \u015al\u0105skiego w Katowicach. Nauczyciel biologii oraz doradca metodyczny z wieloletnim do\u015bwiadczeniem w pracy dydaktycznej, zaanga\u017cowana w rozwijanie kompetencji edukacyjnych. Wsp\u00f3\u0142tw\u00f3rczyni Sieci Wsp\u00f3\u0142pracy i Samokszta\u0142cenia Nauczycieli Edukacji Przyrodniczo-Technicznej dzia\u0142aj\u0105cej przy RODN \u201eWOM\u201d w Bielsku-Bia\u0142ej, wsp\u00f3\u0142pracuj\u0105ca z Nadle\u015bnictwem Bielsko.<br \/>Jej szczeg\u00f3lne zainteresowania zawodowe koncentruj\u0105 si\u0119 na budowie i funkcjonowaniu m\u00f3zgu, ze szczeg\u00f3lnym uwzgl\u0119dnieniem wp\u0142ywu proces\u00f3w neurobiologicznych na uczenie si\u0119, pami\u0119\u0107, motywacj\u0119 i inne aspekty funkcjonowania cz\u0142owieka. Wiedza z zakresu neurobiologii i neurodydaktyki wykorzystywana jest w codziennej pracy z uczniami poprzez dostosowywanie metod nauczania do naturalnego rytmu pracy m\u00f3zgu oraz wspieranie rozwoju kompetencji poznawczych.<br \/>Jako doradca metodyczny wspiera nauczycieli w doskonaleniu warsztatu pracy, dziel\u0105c si\u0119 wiedz\u0105 na temat skutecznych strategii edukacyjnych, opartych m.in. na aktualnych badaniach naukowych dotycz\u0105cych funkcjonowania m\u00f3zgu. Prowadzi konferencje i szkolenia, kt\u00f3rych celem jest pog\u0142\u0119bianie wiedzy pedagogicznej oraz wdra\u017canie nowoczesnych i efektywnych rozwi\u0105za\u0144 w edukacji.<br \/>Zaanga\u017cowana w nieustanny rozw\u00f3j zawodowy i samokszta\u0142cenie, otwarta na now\u0105 wiedz\u0119 i innowacje. Dzia\u0142a na rzecz inspirowania nauczycieli oraz wspierania ich w osi\u0105ganiu wy\u017cszych rezultat\u00f3w edukacyjnych.<\/p>\t\t\t\t\t\t\t\t<\/div>\n\t\t\t\t<\/div>\n\t\t\t\t\t<\/div>\n\t\t<\/div>\n\t\t\t\t\t<\/div>\n\t\t<\/section>\n\t\t\t\t<section class=\"elementor-section elementor-inner-section elementor-element elementor-element-10b86e9 elementor-section-boxed elementor-section-height-default elementor-section-height-default\" data-id=\"10b86e9\" data-element_type=\"section\" data-e-type=\"section\">\n\t\t\t\t\t\t<div class=\"elementor-container elementor-column-gap-default\">\n\t\t\t\t\t<div class=\"elementor-column elementor-col-50 elementor-inner-column elementor-element elementor-element-66fbf68\" data-id=\"66fbf68\" data-element_type=\"column\" data-e-type=\"column\">\n\t\t\t<div class=\"elementor-widget-wrap elementor-element-populated\">\n\t\t\t\t\t\t<div class=\"elementor-element elementor-element-d3708b4 elementor-widget elementor-widget-image\" data-id=\"d3708b4\" data-element_type=\"widget\" data-e-type=\"widget\" data-widget_type=\"image.default\">\n\t\t\t\t<div class=\"elementor-widget-container\">\n\t\t\t\t\t\t\t\t\t\t\t\t\t\t\t<img loading=\"lazy\" decoding=\"async\" width=\"500\" height=\"500\" src=\"https:\/\/uniwersytetotwarty.us.edu.pl\/ko\/wp-content\/uploads\/sites\/7\/2025\/08\/Paulina-Worsztynowicz.png\" class=\"attachment-large size-large wp-image-1073\" alt=\"\" srcset=\"https:\/\/uniwersytetotwarty.us.edu.pl\/ko\/wp-content\/uploads\/sites\/7\/2025\/08\/Paulina-Worsztynowicz.png 500w, https:\/\/uniwersytetotwarty.us.edu.pl\/ko\/wp-content\/uploads\/sites\/7\/2025\/08\/Paulina-Worsztynowicz-300x300.png 300w, https:\/\/uniwersytetotwarty.us.edu.pl\/ko\/wp-content\/uploads\/sites\/7\/2025\/08\/Paulina-Worsztynowicz-150x150.png 150w\" sizes=\"(max-width: 500px) 100vw, 500px\" \/>\t\t\t\t\t\t\t\t\t\t\t\t\t\t\t<\/div>\n\t\t\t\t<\/div>\n\t\t\t\t\t<\/div>\n\t\t<\/div>\n\t\t\t\t<div class=\"elementor-column elementor-col-50 elementor-inner-column elementor-element elementor-element-8fa58e7\" data-id=\"8fa58e7\" data-element_type=\"column\" data-e-type=\"column\">\n\t\t\t<div class=\"elementor-widget-wrap elementor-element-populated\">\n\t\t\t\t\t\t<div class=\"elementor-element elementor-element-7ac6064 elementor-widget elementor-widget-text-editor\" data-id=\"7ac6064\" data-element_type=\"widget\" data-e-type=\"widget\" data-widget_type=\"text-editor.default\">\n\t\t\t\t<div class=\"elementor-widget-container\">\n\t\t\t\t\t\t\t\t\t<p><strong>Paulina Worsztynowicz<\/strong><\/p><p>Nauczyciel matematyki, tw\u00f3rca tre\u015bci i projekt\u00f3w edukacyjnych, pasjonat gier planszowych oraz trener MathRiders &#8211; matematyki przez zabaw\u0119. Od dw\u00f3ch lat w\u0142a\u015bciciel firmy TUTORI w kt\u00f3rej pokazuje, \u017ce matematyk\u0119 da si\u0119 zrozumie\u0107, a nawet polubi\u0107. Zara\u017ca swoj\u0105 kreatywno\u015bci\u0105 i pomys\u0142owo\u015bci\u0105 do nauczania matematyki. Wsp\u00f3\u0142pracuje r\u00f3wnie\u017c z AlphaCamp Rados\u0142aw Brz\u00f3zka podczas corocznych oboz\u00f3w naukowych dla przysz\u0142ych naukowc\u00f3w.<\/p>\t\t\t\t\t\t\t\t<\/div>\n\t\t\t\t<\/div>\n\t\t\t\t\t<\/div>\n\t\t<\/div>\n\t\t\t\t\t<\/div>\n\t\t<\/section>\n\t\t\t\t<section class=\"elementor-section elementor-inner-section elementor-element elementor-element-89c5d7f elementor-section-boxed elementor-section-height-default elementor-section-height-default\" data-id=\"89c5d7f\" data-element_type=\"section\" data-e-type=\"section\">\n\t\t\t\t\t\t<div class=\"elementor-container elementor-column-gap-default\">\n\t\t\t\t\t<div class=\"elementor-column elementor-col-50 elementor-inner-column elementor-element elementor-element-c4baf0f\" data-id=\"c4baf0f\" data-element_type=\"column\" data-e-type=\"column\">\n\t\t\t<div class=\"elementor-widget-wrap elementor-element-populated\">\n\t\t\t\t\t\t<div class=\"elementor-element elementor-element-dfd7092 elementor-widget elementor-widget-image\" data-id=\"dfd7092\" data-element_type=\"widget\" data-e-type=\"widget\" data-widget_type=\"image.default\">\n\t\t\t\t<div class=\"elementor-widget-container\">\n\t\t\t\t\t\t\t\t\t\t\t\t\t\t\t<img loading=\"lazy\" decoding=\"async\" width=\"500\" height=\"500\" src=\"https:\/\/uniwersytetotwarty.us.edu.pl\/ko\/wp-content\/uploads\/sites\/7\/2025\/08\/Jacek-Francikowski.png\" class=\"attachment-large size-large wp-image-1059\" alt=\"\" srcset=\"https:\/\/uniwersytetotwarty.us.edu.pl\/ko\/wp-content\/uploads\/sites\/7\/2025\/08\/Jacek-Francikowski.png 500w, https:\/\/uniwersytetotwarty.us.edu.pl\/ko\/wp-content\/uploads\/sites\/7\/2025\/08\/Jacek-Francikowski-300x300.png 300w, https:\/\/uniwersytetotwarty.us.edu.pl\/ko\/wp-content\/uploads\/sites\/7\/2025\/08\/Jacek-Francikowski-150x150.png 150w\" sizes=\"(max-width: 500px) 100vw, 500px\" \/>\t\t\t\t\t\t\t\t\t\t\t\t\t\t\t<\/div>\n\t\t\t\t<\/div>\n\t\t\t\t\t<\/div>\n\t\t<\/div>\n\t\t\t\t<div class=\"elementor-column elementor-col-50 elementor-inner-column elementor-element elementor-element-1112d41\" data-id=\"1112d41\" data-element_type=\"column\" data-e-type=\"column\">\n\t\t\t<div class=\"elementor-widget-wrap elementor-element-populated\">\n\t\t\t\t\t\t<div class=\"elementor-element elementor-element-37291df elementor-widget elementor-widget-text-editor\" data-id=\"37291df\" data-element_type=\"widget\" data-e-type=\"widget\" data-widget_type=\"text-editor.default\">\n\t\t\t\t<div class=\"elementor-widget-container\">\n\t\t\t\t\t\t\t\t\t<p><strong>dr Jacek Francikowski<\/strong><\/p><p>Adiunkt w Instytucie Biologii, Biotechnologii i Ochrony \u015arodowiska Uniwersytetu \u015al\u0105skiego w Katowicach, zaanga\u017cowany w rozw\u00f3j nowoczesnej dydaktyki i szeroko rozumianej edukacji. Od lat promuje aktywne metody nauczania i popularyzacj\u0119 nauki. \u0141\u0105czy wiedz\u0119 akademick\u0105 z pasj\u0105 edukacyjn\u0105, tworz\u0105c inspiruj\u0105ce \u015brodowisko uczenia si\u0119 dla m\u0142odzie\u017cy i nauczycieli.<\/p>\t\t\t\t\t\t\t\t<\/div>\n\t\t\t\t<\/div>\n\t\t\t\t\t<\/div>\n\t\t<\/div>\n\t\t\t\t\t<\/div>\n\t\t<\/section>\n\t\t\t\t<section class=\"elementor-section elementor-inner-section elementor-element elementor-element-4c31e05 elementor-section-boxed elementor-section-height-default elementor-section-height-default\" data-id=\"4c31e05\" data-element_type=\"section\" data-e-type=\"section\">\n\t\t\t\t\t\t<div class=\"elementor-container elementor-column-gap-default\">\n\t\t\t\t\t<div class=\"elementor-column elementor-col-50 elementor-inner-column elementor-element elementor-element-699f7a8\" data-id=\"699f7a8\" data-element_type=\"column\" data-e-type=\"column\">\n\t\t\t<div class=\"elementor-widget-wrap elementor-element-populated\">\n\t\t\t\t\t\t<div class=\"elementor-element elementor-element-c66f1bc elementor-widget elementor-widget-image\" data-id=\"c66f1bc\" data-element_type=\"widget\" data-e-type=\"widget\" data-widget_type=\"image.default\">\n\t\t\t\t<div class=\"elementor-widget-container\">\n\t\t\t\t\t\t\t\t\t\t\t\t\t\t\t<img loading=\"lazy\" decoding=\"async\" width=\"600\" height=\"568\" src=\"https:\/\/uniwersytetotwarty.us.edu.pl\/ko\/wp-content\/uploads\/sites\/7\/2024\/09\/computer-icons-person-anonymous.jpg\" class=\"attachment-large size-large wp-image-571\" alt=\"\" srcset=\"https:\/\/uniwersytetotwarty.us.edu.pl\/ko\/wp-content\/uploads\/sites\/7\/2024\/09\/computer-icons-person-anonymous.jpg 600w, https:\/\/uniwersytetotwarty.us.edu.pl\/ko\/wp-content\/uploads\/sites\/7\/2024\/09\/computer-icons-person-anonymous-300x284.jpg 300w\" sizes=\"(max-width: 600px) 100vw, 600px\" \/>\t\t\t\t\t\t\t\t\t\t\t\t\t\t\t<\/div>\n\t\t\t\t<\/div>\n\t\t\t\t\t<\/div>\n\t\t<\/div>\n\t\t\t\t<div class=\"elementor-column elementor-col-50 elementor-inner-column elementor-element elementor-element-b283f03\" data-id=\"b283f03\" data-element_type=\"column\" data-e-type=\"column\">\n\t\t\t<div class=\"elementor-widget-wrap elementor-element-populated\">\n\t\t\t\t\t\t<div class=\"elementor-element elementor-element-e2b2132 elementor-widget elementor-widget-text-editor\" data-id=\"e2b2132\" data-element_type=\"widget\" data-e-type=\"widget\" data-widget_type=\"text-editor.default\">\n\t\t\t\t<div class=\"elementor-widget-container\">\n\t\t\t\t\t\t\t\t\t<p><strong>Jan Olbrycht<\/strong><\/p><p>Pose\u0142 do Parlamentu Europejskiego z okr\u0119gu \u015bl\u0105skiego.\u202fDoktor socjologii Uniwersytetu Jagiello\u0144skiego (1984). Burmistrz Cieszyna (1990-1998), Wiceprezes Zwi\u0105zku Miast Polskich. Przewodnicz\u0105cy polskiej delegacji do Kongresu W\u0142adz Lokalnych i Regionalnych Rady Europy. Wiceprzewodnicz\u0105cy Rady Gmin i Region\u00f3w Europy (1995-1998). W latach 1998-2002 Marsza\u0142ek Wojew\u00f3dztwa \u015al\u0105skiego i Cz\u0142onek Zarz\u0105du Zgromadzenia Region\u00f3w Europy.\u202f Wyk\u0142adowca Akademii Ekonomicznej w Katowicach i\u202fAkademii Techniczno-Humanistycznej w Bielsku-Bia\u0142ej (2000-2004).\u202fEkspert Instytutu Spraw Publicznych ds. polityki regionalnej. Cz\u0142onek Komitetu Zagospodarowania Przestrzennego Kraju PAN (2003-2008).\u202fPose\u0142 do Parlamentu Europejskiego od 2004 r. Za\u0142o\u017cyciel intergrupy parlamentarnej URBAN. &#8220;Eurodeputowany Roku 2007&#8221; w kategorii polityka regionalna.<\/p>\t\t\t\t\t\t\t\t<\/div>\n\t\t\t\t<\/div>\n\t\t\t\t\t<\/div>\n\t\t<\/div>\n\t\t\t\t\t<\/div>\n\t\t<\/section>\n\t\t\t\t<section class=\"elementor-section elementor-inner-section elementor-element elementor-element-b182a9f elementor-section-boxed elementor-section-height-default elementor-section-height-default\" data-id=\"b182a9f\" data-element_type=\"section\" data-e-type=\"section\">\n\t\t\t\t\t\t<div class=\"elementor-container elementor-column-gap-default\">\n\t\t\t\t\t<div class=\"elementor-column elementor-col-50 elementor-inner-column elementor-element elementor-element-15e6c02\" data-id=\"15e6c02\" data-element_type=\"column\" data-e-type=\"column\">\n\t\t\t<div class=\"elementor-widget-wrap elementor-element-populated\">\n\t\t\t\t\t\t<div class=\"elementor-element elementor-element-2094fd0 elementor-widget elementor-widget-image\" data-id=\"2094fd0\" data-element_type=\"widget\" data-e-type=\"widget\" data-widget_type=\"image.default\">\n\t\t\t\t<div class=\"elementor-widget-container\">\n\t\t\t\t\t\t\t\t\t\t\t\t\t\t\t<img loading=\"lazy\" decoding=\"async\" width=\"500\" height=\"500\" src=\"https:\/\/uniwersytetotwarty.us.edu.pl\/ko\/wp-content\/uploads\/sites\/7\/2025\/08\/Marta-Iwanowska-Polkowska.png\" class=\"attachment-large size-large wp-image-1069\" alt=\"\" srcset=\"https:\/\/uniwersytetotwarty.us.edu.pl\/ko\/wp-content\/uploads\/sites\/7\/2025\/08\/Marta-Iwanowska-Polkowska.png 500w, https:\/\/uniwersytetotwarty.us.edu.pl\/ko\/wp-content\/uploads\/sites\/7\/2025\/08\/Marta-Iwanowska-Polkowska-300x300.png 300w, https:\/\/uniwersytetotwarty.us.edu.pl\/ko\/wp-content\/uploads\/sites\/7\/2025\/08\/Marta-Iwanowska-Polkowska-150x150.png 150w\" sizes=\"(max-width: 500px) 100vw, 500px\" \/>\t\t\t\t\t\t\t\t\t\t\t\t\t\t\t<\/div>\n\t\t\t\t<\/div>\n\t\t\t\t\t<\/div>\n\t\t<\/div>\n\t\t\t\t<div class=\"elementor-column elementor-col-50 elementor-inner-column elementor-element elementor-element-f02bb18\" data-id=\"f02bb18\" data-element_type=\"column\" data-e-type=\"column\">\n\t\t\t<div class=\"elementor-widget-wrap elementor-element-populated\">\n\t\t\t\t\t\t<div class=\"elementor-element elementor-element-df96fa1 elementor-widget elementor-widget-text-editor\" data-id=\"df96fa1\" data-element_type=\"widget\" data-e-type=\"widget\" data-widget_type=\"text-editor.default\">\n\t\t\t\t<div class=\"elementor-widget-container\">\n\t\t\t\t\t\t\t\t\t<p><strong>Marta Iwanowska \u2013 Polkowska <\/strong><\/p><p>Z wykszta\u0142cenia Psycholo\u017cka, z powo\u0142ania Towarzyszka, Coach\u2019yca PCC ICF, Trenerka oraz Facylitatorka Playing BIG wg. Tary Sophi Mohr.\u00a0 Praktyczka Terapii ACT &amp; Job Craftingu. TedxWarsawWomen Speaker.<br \/>Mi\u0142o\u015bniczka \u017ce\u0144skich ko\u0144c\u00f3wek w nazwach zawod\u00f3w. Odwa\u017cna kobieta. Odwa\u017cy\u0142a si\u0119 \u017cy\u0107, #na\u017cy\u0107si\u0119 niezale\u017cnie od tego, jak \u017cycie j\u0105 poobija\u0142o. Autorka ksi\u0105\u017cki pt. \u201eNa\u017cy\u0107 si\u0119. Jak zacz\u0105\u0107 na\u017cywa\u0107 si\u0119 od dzi\u015b, pami\u0119ta\u0107 o tym jutro i ju\u017c nigdy o sobie nie zapomnie\u0107.\u201d\u00a0 oraz \u201cKiedy \u017cycie m\u00f3wi sprawdzam. Jak z czu\u0142o\u015bci\u0105 i odwag\u0105 budowa\u0107 swoj\u0105 rezyliencj\u0119 w czasach, gdy chcesz wszystko chrzani\u0107\u201d.<br \/>Towarzyszy innym w odwa\u017cnym urzeczywistnianiu swojego JA w karierze &amp; przyw\u00f3dztwie. Wspiera kobiety w tym, by \u015bmia\u0142o realizowa\u0142y ide\u0119 #bebraveplaybrave i odwa\u017cnie podejmowa\u0142y wyzwania zgodne ze swoim JA! Prowadzi programy rozwojowe zwi\u0105zane z budowaniem si\u0142y i odporno\u015bci psychicznej, wellbeingu, inteligencji emocjonalnej, radzenia sobie z pora\u017ck\u0105. Wspiera tak\u017ce liderki &amp; lider\u00f3w w temacie odwa\u017cnego przyw\u00f3dztwa.<br \/>Nagrywa podcast \u201eUrzeczywistnij swoje JA\u201d.<br \/>Jest autork\u0105 dw\u00f3ch narz\u0119dzi coachingowych kart \u201eDrzwi do JA\u201d oraz kart \u201eLudzki Rozw\u00f3j \u2013 Ludzka Zmiana\u201d.<br \/>Strona: https:\/\/manufakturarozwoju.pl\/<\/p>\t\t\t\t\t\t\t\t<\/div>\n\t\t\t\t<\/div>\n\t\t\t\t\t<\/div>\n\t\t<\/div>\n\t\t\t\t\t<\/div>\n\t\t<\/section>\n\t\t\t\t<section class=\"elementor-section elementor-inner-section elementor-element elementor-element-1ccf9e6 elementor-section-boxed elementor-section-height-default elementor-section-height-default\" data-id=\"1ccf9e6\" data-element_type=\"section\" data-e-type=\"section\">\n\t\t\t\t\t\t<div class=\"elementor-container elementor-column-gap-default\">\n\t\t\t\t\t<div class=\"elementor-column elementor-col-50 elementor-inner-column elementor-element elementor-element-a6a8060\" data-id=\"a6a8060\" data-element_type=\"column\" data-e-type=\"column\">\n\t\t\t<div class=\"elementor-widget-wrap elementor-element-populated\">\n\t\t\t\t\t\t<div class=\"elementor-element elementor-element-9f4d9a4 elementor-widget elementor-widget-image\" data-id=\"9f4d9a4\" data-element_type=\"widget\" data-e-type=\"widget\" data-widget_type=\"image.default\">\n\t\t\t\t<div class=\"elementor-widget-container\">\n\t\t\t\t\t\t\t\t\t\t\t\t\t\t\t<img loading=\"lazy\" decoding=\"async\" width=\"500\" height=\"500\" src=\"https:\/\/uniwersytetotwarty.us.edu.pl\/ko\/wp-content\/uploads\/sites\/7\/2025\/08\/Monika-Szczepanik.png\" class=\"attachment-large size-large wp-image-1072\" alt=\"\" srcset=\"https:\/\/uniwersytetotwarty.us.edu.pl\/ko\/wp-content\/uploads\/sites\/7\/2025\/08\/Monika-Szczepanik.png 500w, https:\/\/uniwersytetotwarty.us.edu.pl\/ko\/wp-content\/uploads\/sites\/7\/2025\/08\/Monika-Szczepanik-300x300.png 300w, https:\/\/uniwersytetotwarty.us.edu.pl\/ko\/wp-content\/uploads\/sites\/7\/2025\/08\/Monika-Szczepanik-150x150.png 150w\" sizes=\"(max-width: 500px) 100vw, 500px\" \/>\t\t\t\t\t\t\t\t\t\t\t\t\t\t\t<\/div>\n\t\t\t\t<\/div>\n\t\t\t\t\t<\/div>\n\t\t<\/div>\n\t\t\t\t<div class=\"elementor-column elementor-col-50 elementor-inner-column elementor-element elementor-element-f9f8558\" data-id=\"f9f8558\" data-element_type=\"column\" data-e-type=\"column\">\n\t\t\t<div class=\"elementor-widget-wrap elementor-element-populated\">\n\t\t\t\t\t\t<div class=\"elementor-element elementor-element-a57b978 elementor-widget elementor-widget-text-editor\" data-id=\"a57b978\" data-element_type=\"widget\" data-e-type=\"widget\" data-widget_type=\"text-editor.default\">\n\t\t\t\t<div class=\"elementor-widget-container\">\n\t\t\t\t\t\t\t\t\t<p><strong>Monika Szczepanik<\/strong><\/p><p>Trenerka rozwoju osobistego, kt\u00f3rej korzenie zanurzone s\u0105 w\u00a0 Porozumieniu bez Przemocy (NVC), edukatorka, tutorzy, autorka ksi\u0105\u017cki \u201eJak zrozumie\u0107 si\u0119 w rodzinie\u201d Wyd. Natuli Jest za\u0142o\u017cycielk\u0105 i inicjatork\u0105 licznych projekt\u00f3w edukacyjnych i rozwojowych, takich jak Inkubator Empatii, w ramach kt\u00f3rego prowadzi wyjazdowe warsztaty dla rodzin, par. Tw\u00f3rczyni trzech Konferencji Empatii i Wioski Rodzic\u00f3w w Katowicach. W swojej pracy skupia si\u0119 na budowaniu relacji opartych na empatii, wzajemnym zrozumieniu i komunikacji bez przemocy. Jako trenerka prowadzi liczne warsztaty, szkolenia i spotkania dla rodzic\u00f3w, nauczycieli oraz os\u00f3b pracuj\u0105cych z dzie\u0107mi i m\u0142odzie\u017c\u0105. Jest autork\u0105 wielu artyku\u0142\u00f3w popularyzuj\u0105cych ide\u0119 empatycznej komunikacji. Jej ksi\u0105\u017cka \u201eJak zrozumie\u0107 si\u0119 w rodzinie\u201d to praktyczny przewodnik po codziennej komunikacji <br \/>w rodzinie \u2013 pokazuje, jak rozpoznawa\u0107 w\u0142asne potrzeby i emocje, jasno je wyra\u017ca\u0107 oraz budowa\u0107 blisko\u015b\u0107 i porozumienie w domu. Publikacja ta sta\u0142a si\u0119 wa\u017cnym punktem odniesienia dla wszystkich, kt\u00f3rzy chc\u0105 \u015bwiadomie rozwija\u0107 relacje rodzinne i cieszy\u0107 si\u0119 nimi na co dzie\u0144. Trzy lata temu stworzy\u0142a w Katowicach autorskie program edukacyjny dla m\u0142odzie\u017cy Liceum Miejsce. Filary Miejsca to przedmioty obowi\u0105zkowe, zaj\u0119cia autorskie, tutoring i wyprawy Monika Szczepanik \u0142\u0105czy bogate do\u015bwiadczenie trenerskie z do\u015bwiadczeniem edukacyjnym. Jej dzia\u0142alno\u015b\u0107 inspiruje do zmiany my\u015blenia o wychowaniu, komunikacji i budowaniu relacji \u2013 zar\u00f3wno w rodzinie, jak i w \u015brodowisku edukacyjnym.<\/p>\t\t\t\t\t\t\t\t<\/div>\n\t\t\t\t<\/div>\n\t\t\t\t\t<\/div>\n\t\t<\/div>\n\t\t\t\t\t<\/div>\n\t\t<\/section>\n\t\t\t\t<section class=\"elementor-section elementor-inner-section elementor-element elementor-element-5e1d50f elementor-section-boxed elementor-section-height-default elementor-section-height-default\" data-id=\"5e1d50f\" data-element_type=\"section\" data-e-type=\"section\">\n\t\t\t\t\t\t<div class=\"elementor-container elementor-column-gap-default\">\n\t\t\t\t\t<div class=\"elementor-column elementor-col-50 elementor-inner-column elementor-element elementor-element-b662259\" data-id=\"b662259\" data-element_type=\"column\" data-e-type=\"column\">\n\t\t\t<div class=\"elementor-widget-wrap elementor-element-populated\">\n\t\t\t\t\t\t<div class=\"elementor-element elementor-element-c42ece5 elementor-widget elementor-widget-image\" data-id=\"c42ece5\" data-element_type=\"widget\" data-e-type=\"widget\" data-widget_type=\"image.default\">\n\t\t\t\t<div class=\"elementor-widget-container\">\n\t\t\t\t\t\t\t\t\t\t\t\t\t\t\t<img loading=\"lazy\" decoding=\"async\" width=\"500\" height=\"500\" src=\"https:\/\/uniwersytetotwarty.us.edu.pl\/ko\/wp-content\/uploads\/sites\/7\/2025\/08\/Marta-Margiel.png\" class=\"attachment-large size-large wp-image-1070\" alt=\"\" srcset=\"https:\/\/uniwersytetotwarty.us.edu.pl\/ko\/wp-content\/uploads\/sites\/7\/2025\/08\/Marta-Margiel.png 500w, https:\/\/uniwersytetotwarty.us.edu.pl\/ko\/wp-content\/uploads\/sites\/7\/2025\/08\/Marta-Margiel-300x300.png 300w, https:\/\/uniwersytetotwarty.us.edu.pl\/ko\/wp-content\/uploads\/sites\/7\/2025\/08\/Marta-Margiel-150x150.png 150w\" sizes=\"(max-width: 500px) 100vw, 500px\" \/>\t\t\t\t\t\t\t\t\t\t\t\t\t\t\t<\/div>\n\t\t\t\t<\/div>\n\t\t\t\t\t<\/div>\n\t\t<\/div>\n\t\t\t\t<div class=\"elementor-column elementor-col-50 elementor-inner-column elementor-element elementor-element-7101720\" data-id=\"7101720\" data-element_type=\"column\" data-e-type=\"column\">\n\t\t\t<div class=\"elementor-widget-wrap elementor-element-populated\">\n\t\t\t\t\t\t<div class=\"elementor-element elementor-element-b06e520 elementor-widget elementor-widget-text-editor\" data-id=\"b06e520\" data-element_type=\"widget\" data-e-type=\"widget\" data-widget_type=\"text-editor.default\">\n\t\t\t\t<div class=\"elementor-widget-container\">\n\t\t\t\t\t\t\t\t\t<p><strong>dr Marta Margiel<\/strong><\/p><p>Wiceprezeska Zarz\u0105du Fundacji. Doktor nauk humanistycznych, adiunkt na Wydziale Humanistycznym Uniwersytetu \u015al\u0105skiego. Trenerka i propagatorka idei uczenia przez dzia\u0142anie i do\u015bwiadczanie w sektorze edukacji formalnej i pozaformalnej. Ewaluatorka projekt\u00f3w edukacyjnych oraz spo\u0142ecznych (m.in. w Komisji Europejskiej i Fundacji Rozwoju Systemu Edukacji). Inicjatorka i koordynatorka wielu projekt\u00f3w edukacyjnych finansowanych z r\u00f3\u017cnych \u017ar\u00f3de\u0142 (tak\u017ce w sektorze edukacji szkolnej). Autorka materia\u0142\u00f3w dydaktycznych.\u00a0<\/p>\t\t\t\t\t\t\t\t<\/div>\n\t\t\t\t<\/div>\n\t\t\t\t\t<\/div>\n\t\t<\/div>\n\t\t\t\t\t<\/div>\n\t\t<\/section>\n\t\t\t\t<section class=\"elementor-section elementor-inner-section elementor-element elementor-element-9a80810 elementor-section-boxed elementor-section-height-default elementor-section-height-default\" data-id=\"9a80810\" data-element_type=\"section\" data-e-type=\"section\">\n\t\t\t\t\t\t<div class=\"elementor-container elementor-column-gap-default\">\n\t\t\t\t\t<div class=\"elementor-column elementor-col-50 elementor-inner-column elementor-element elementor-element-efa6333\" data-id=\"efa6333\" data-element_type=\"column\" data-e-type=\"column\">\n\t\t\t<div class=\"elementor-widget-wrap elementor-element-populated\">\n\t\t\t\t\t\t<div class=\"elementor-element elementor-element-cd74e97 elementor-widget elementor-widget-image\" data-id=\"cd74e97\" data-element_type=\"widget\" data-e-type=\"widget\" data-widget_type=\"image.default\">\n\t\t\t\t<div class=\"elementor-widget-container\">\n\t\t\t\t\t\t\t\t\t\t\t\t\t\t\t<img loading=\"lazy\" decoding=\"async\" width=\"500\" height=\"500\" src=\"https:\/\/uniwersytetotwarty.us.edu.pl\/ko\/wp-content\/uploads\/sites\/7\/2025\/08\/Katarzyna-Baca.png\" class=\"attachment-large size-large wp-image-1063\" alt=\"\" srcset=\"https:\/\/uniwersytetotwarty.us.edu.pl\/ko\/wp-content\/uploads\/sites\/7\/2025\/08\/Katarzyna-Baca.png 500w, https:\/\/uniwersytetotwarty.us.edu.pl\/ko\/wp-content\/uploads\/sites\/7\/2025\/08\/Katarzyna-Baca-300x300.png 300w, https:\/\/uniwersytetotwarty.us.edu.pl\/ko\/wp-content\/uploads\/sites\/7\/2025\/08\/Katarzyna-Baca-150x150.png 150w\" sizes=\"(max-width: 500px) 100vw, 500px\" \/>\t\t\t\t\t\t\t\t\t\t\t\t\t\t\t<\/div>\n\t\t\t\t<\/div>\n\t\t\t\t\t<\/div>\n\t\t<\/div>\n\t\t\t\t<div class=\"elementor-column elementor-col-50 elementor-inner-column elementor-element elementor-element-95cfa56\" data-id=\"95cfa56\" data-element_type=\"column\" data-e-type=\"column\">\n\t\t\t<div class=\"elementor-widget-wrap elementor-element-populated\">\n\t\t\t\t\t\t<div class=\"elementor-element elementor-element-3b10c2c elementor-widget elementor-widget-text-editor\" data-id=\"3b10c2c\" data-element_type=\"widget\" data-e-type=\"widget\" data-widget_type=\"text-editor.default\">\n\t\t\t\t<div class=\"elementor-widget-container\">\n\t\t\t\t\t\t\t\t\t<p><strong>Katarzyna Baca<\/strong><\/p><p>Cz\u0142onkini Zarz\u0105du Fundacji Nauczycielka j\u0119zyka angielskiego. Autorka wielu innowacji pedagogicznych, kt\u00f3re z sukcesem i rado\u015bci\u0105 wdra\u017ca\u0142a w szko\u0142ach podstawowych i \u015brednich. Dwie z nich: \u201cWstrzyma\u0107 nauczycieli, ruszy\u0107 uczni\u00f3w\u201d \u2013 wzmacnianie motywacji wewn\u0119trznej i rozwijanie kompetencji mi\u0119kkich uczni\u00f3w.\u201d oraz \u201cPronunciation and Storytelling: from Phonemes to Fluency\u201d \u2013 wzmacnianie i \u0107wiczenie umiej\u0119tno\u015bci m\u00f3wienia na lekcjach j\u0119zyka angielskiego.\u201d, kt\u00f3rych celem m.in. by\u0142o dbanie o dobrostan uczni\u00f3w, zosta\u0142y wyr\u00f3\u017cnione przez Komisj\u0119 Europejsk\u0105 presti\u017cow\u0105 Nagrod\u0105 za Innowacyjno\u015b\u0107 w Nauczaniu (EITA \u2013 European Innovative Teaching Award) w roku 2023.\u00a0<\/p>\t\t\t\t\t\t\t\t<\/div>\n\t\t\t\t<\/div>\n\t\t\t\t\t<\/div>\n\t\t<\/div>\n\t\t\t\t\t<\/div>\n\t\t<\/section>\n\t\t\t\t<section class=\"elementor-section elementor-inner-section elementor-element elementor-element-267684f elementor-section-boxed elementor-section-height-default elementor-section-height-default\" data-id=\"267684f\" data-element_type=\"section\" data-e-type=\"section\">\n\t\t\t\t\t\t<div class=\"elementor-container elementor-column-gap-default\">\n\t\t\t\t\t<div class=\"elementor-column elementor-col-50 elementor-inner-column elementor-element elementor-element-613f0a5\" data-id=\"613f0a5\" data-element_type=\"column\" data-e-type=\"column\">\n\t\t\t<div class=\"elementor-widget-wrap elementor-element-populated\">\n\t\t\t\t\t\t<div class=\"elementor-element elementor-element-09f2cc9 elementor-widget elementor-widget-image\" data-id=\"09f2cc9\" data-element_type=\"widget\" data-e-type=\"widget\" data-widget_type=\"image.default\">\n\t\t\t\t<div class=\"elementor-widget-container\">\n\t\t\t\t\t\t\t\t\t\t\t\t\t\t\t<img loading=\"lazy\" decoding=\"async\" width=\"500\" height=\"500\" src=\"https:\/\/uniwersytetotwarty.us.edu.pl\/ko\/wp-content\/uploads\/sites\/7\/2025\/08\/Joanna-Skutnik.png\" class=\"attachment-large size-large wp-image-1096\" alt=\"\" srcset=\"https:\/\/uniwersytetotwarty.us.edu.pl\/ko\/wp-content\/uploads\/sites\/7\/2025\/08\/Joanna-Skutnik.png 500w, https:\/\/uniwersytetotwarty.us.edu.pl\/ko\/wp-content\/uploads\/sites\/7\/2025\/08\/Joanna-Skutnik-300x300.png 300w, https:\/\/uniwersytetotwarty.us.edu.pl\/ko\/wp-content\/uploads\/sites\/7\/2025\/08\/Joanna-Skutnik-150x150.png 150w\" sizes=\"(max-width: 500px) 100vw, 500px\" \/>\t\t\t\t\t\t\t\t\t\t\t\t\t\t\t<\/div>\n\t\t\t\t<\/div>\n\t\t\t\t\t<\/div>\n\t\t<\/div>\n\t\t\t\t<div class=\"elementor-column elementor-col-50 elementor-inner-column elementor-element elementor-element-2281449\" data-id=\"2281449\" data-element_type=\"column\" data-e-type=\"column\">\n\t\t\t<div class=\"elementor-widget-wrap elementor-element-populated\">\n\t\t\t\t\t\t<div class=\"elementor-element elementor-element-77c20cb elementor-widget elementor-widget-text-editor\" data-id=\"77c20cb\" data-element_type=\"widget\" data-e-type=\"widget\" data-widget_type=\"text-editor.default\">\n\t\t\t\t<div class=\"elementor-widget-container\">\n\t\t\t\t\t\t\t\t\t<p><strong>dr hab. Jolanta Skutnik, prof. U\u015a<\/strong><\/p><p>Doktor habilitowana w dyscyplinie pedagogika, wyk\u0142adowczyni na Wydziale Sztuki i Nauk o Edukacji Uniwersytetu \u015al\u0105skiego w Katowicach. Od pocz\u0105tku kariery zwi\u0105zana z Cieszynem, naukowo zainteresowana tym, co najwa\u017cniejsze w kszta\u0142towaniu pi\u0119knych ludzkich postaw, czyli edukacj\u0105 kulturaln\u0105 i edukacj\u0105 artystyczn\u0105.\u00a0<br \/>Autorka publikacji po\u015bwi\u0119conych zagadnieniom edukacji kulturalnej, edukacji muzealnej, animacji spo\u0142eczno-kulturalnej, mediacji kulturalnej i artystycznej.\u00a0<br \/>Kierowniczka grantu MNiSW Pracownia bada\u0144 nad edukacj\u0105 kulturaln\u0105 i upowszechnianiem kultury (2009). Wykonawczyni w grantach MKiDN (mi\u0119dzy innymi Edukacja muzealna. Antologia t\u0142umacze\u0144) i w programie Edukacja+ (2010). Kierowniczka zada\u0144 w mi\u0119dzynarodowym grancie Cross-disciplinary Academic Offer CROCODILE z 2022 roku.\u00a0\u00a0<br \/>W 2004 roku wyr\u00f3\u017cniona w konkursie NCK na najlepsz\u0105 prac\u0119 doktorsk\u0105 dotycz\u0105c\u0105 problematyki kultury za dysertacj\u0119 Wychowawcze funkcje francuskich muze\u00f3w sztuki wsp\u00f3\u0142czesnej. W 2017 roku odznaczona Medalem KEN.\u00a0<\/p>\t\t\t\t\t\t\t\t<\/div>\n\t\t\t\t<\/div>\n\t\t\t\t\t<\/div>\n\t\t<\/div>\n\t\t\t\t\t<\/div>\n\t\t<\/section>\n\t\t\t\t<section class=\"elementor-section elementor-inner-section elementor-element elementor-element-bb8ac75 elementor-section-boxed elementor-section-height-default elementor-section-height-default\" data-id=\"bb8ac75\" data-element_type=\"section\" data-e-type=\"section\">\n\t\t\t\t\t\t<div class=\"elementor-container elementor-column-gap-default\">\n\t\t\t\t\t<div class=\"elementor-column elementor-col-50 elementor-inner-column elementor-element elementor-element-4f7188c\" data-id=\"4f7188c\" data-element_type=\"column\" data-e-type=\"column\">\n\t\t\t<div class=\"elementor-widget-wrap elementor-element-populated\">\n\t\t\t\t\t\t<div class=\"elementor-element elementor-element-6307032 elementor-widget elementor-widget-image\" data-id=\"6307032\" data-element_type=\"widget\" data-e-type=\"widget\" data-widget_type=\"image.default\">\n\t\t\t\t<div class=\"elementor-widget-container\">\n\t\t\t\t\t\t\t\t\t\t\t\t\t\t\t<img loading=\"lazy\" decoding=\"async\" width=\"500\" height=\"500\" src=\"https:\/\/uniwersytetotwarty.us.edu.pl\/ko\/wp-content\/uploads\/sites\/7\/2025\/08\/Anna-Szczerba-Zubek.png\" class=\"attachment-large size-large wp-image-1099\" alt=\"\" srcset=\"https:\/\/uniwersytetotwarty.us.edu.pl\/ko\/wp-content\/uploads\/sites\/7\/2025\/08\/Anna-Szczerba-Zubek.png 500w, https:\/\/uniwersytetotwarty.us.edu.pl\/ko\/wp-content\/uploads\/sites\/7\/2025\/08\/Anna-Szczerba-Zubek-300x300.png 300w, https:\/\/uniwersytetotwarty.us.edu.pl\/ko\/wp-content\/uploads\/sites\/7\/2025\/08\/Anna-Szczerba-Zubek-150x150.png 150w\" sizes=\"(max-width: 500px) 100vw, 500px\" \/>\t\t\t\t\t\t\t\t\t\t\t\t\t\t\t<\/div>\n\t\t\t\t<\/div>\n\t\t\t\t\t<\/div>\n\t\t<\/div>\n\t\t\t\t<div class=\"elementor-column elementor-col-50 elementor-inner-column elementor-element elementor-element-c9fcbdc\" data-id=\"c9fcbdc\" data-element_type=\"column\" data-e-type=\"column\">\n\t\t\t<div class=\"elementor-widget-wrap elementor-element-populated\">\n\t\t\t\t\t\t<div class=\"elementor-element elementor-element-a72a001 elementor-widget elementor-widget-text-editor\" data-id=\"a72a001\" data-element_type=\"widget\" data-e-type=\"widget\" data-widget_type=\"text-editor.default\">\n\t\t\t\t<div class=\"elementor-widget-container\">\n\t\t\t\t\t\t\t\t\t<p><strong>dr Anna Szczerba-Zubek, prof. U\u015a<\/strong><\/p><p>Matematyczka, dyrektorka kierunku matematyka oraz Data Science i sztuczna inteligencja w Uniwersytecie \u015al\u0105skim w Katowicach, Kierowniczka Podyplomowych Studi\u00f3w Kwalifikacyjnych <em>Informatyka w szkole ponadpodstawowej oraz Doskonal\u0105cych Studi\u00f3w Podyplomowych dla czynnych zawodowo nauczycieli posiadaj\u0105cych kwalifikacje do nauczania informatyki<\/em>, opiekun praktyk pedagogicznych z informatyki, opiekun merytoryczny w zakresie Informatyki w Studenckim Kole Nauczycieli Matematyki i Informatyki a tak\u017ce Juror w Og\u00f3lnopolskim Sejmiku Matematyk\u00f3w.\u00a0<br \/>Wykonawczyni w grantach i projektach (np.: \u201eUniwersytet M\u0142odego Odkrywcy w \u015al\u0105skim Mi\u0119dzyuczelnianym Centrum Edukacji i Bada\u0144 Interdyscyplinarnych &#8211; UMO SMCEBI\u201d, \u201eAktywny i Kreatywny Nauczyciel Matematyki i Informatyki\u201d, \u201eStudent\u2019s path to selfawareness. Social competences in contemporary academia\u201d i inne). Wsp\u00f3\u0142pracuje z licznymi szko\u0142ami podstawowymi oraz ponadpodstawowymi.\u00a0\u00a0<br \/><em>Posiada wieloletnie do\u015bwiadczenie w kszta\u0142ceniu student\u00f3w w szczeg\u00f3lno\u015bci przygotowuj\u0105ce ich do wykonywania zawodu nauczyciela informatyki. Przeprowadzi\u0142a kilkadziesi\u0105t odczyt\u00f3w i warsztat\u00f3w dla nauczycieli i uczni\u00f3w szk\u00f3\u0142 podstawowych i ponadpodstawowych.<\/em>\u00a0<\/p>\t\t\t\t\t\t\t\t<\/div>\n\t\t\t\t<\/div>\n\t\t\t\t\t<\/div>\n\t\t<\/div>\n\t\t\t\t\t<\/div>\n\t\t<\/section>\n\t\t\t\t<section class=\"elementor-section elementor-inner-section elementor-element elementor-element-35f4842 elementor-section-boxed elementor-section-height-default elementor-section-height-default\" data-id=\"35f4842\" data-element_type=\"section\" data-e-type=\"section\">\n\t\t\t\t\t\t<div class=\"elementor-container elementor-column-gap-default\">\n\t\t\t\t\t<div class=\"elementor-column elementor-col-50 elementor-inner-column elementor-element elementor-element-40231b1\" data-id=\"40231b1\" data-element_type=\"column\" data-e-type=\"column\">\n\t\t\t<div class=\"elementor-widget-wrap elementor-element-populated\">\n\t\t\t\t\t\t<div class=\"elementor-element elementor-element-2e6c3eb elementor-widget elementor-widget-image\" data-id=\"2e6c3eb\" data-element_type=\"widget\" data-e-type=\"widget\" data-widget_type=\"image.default\">\n\t\t\t\t<div class=\"elementor-widget-container\">\n\t\t\t\t\t\t\t\t\t\t\t\t\t\t\t<img loading=\"lazy\" decoding=\"async\" width=\"500\" height=\"500\" src=\"https:\/\/uniwersytetotwarty.us.edu.pl\/ko\/wp-content\/uploads\/sites\/7\/2025\/08\/Agnieszka-Kania.png\" class=\"attachment-large size-large wp-image-1045\" alt=\"\" srcset=\"https:\/\/uniwersytetotwarty.us.edu.pl\/ko\/wp-content\/uploads\/sites\/7\/2025\/08\/Agnieszka-Kania.png 500w, https:\/\/uniwersytetotwarty.us.edu.pl\/ko\/wp-content\/uploads\/sites\/7\/2025\/08\/Agnieszka-Kania-300x300.png 300w, https:\/\/uniwersytetotwarty.us.edu.pl\/ko\/wp-content\/uploads\/sites\/7\/2025\/08\/Agnieszka-Kania-150x150.png 150w\" sizes=\"(max-width: 500px) 100vw, 500px\" \/>\t\t\t\t\t\t\t\t\t\t\t\t\t\t\t<\/div>\n\t\t\t\t<\/div>\n\t\t\t\t\t<\/div>\n\t\t<\/div>\n\t\t\t\t<div class=\"elementor-column elementor-col-50 elementor-inner-column elementor-element elementor-element-4139605\" data-id=\"4139605\" data-element_type=\"column\" data-e-type=\"column\">\n\t\t\t<div class=\"elementor-widget-wrap elementor-element-populated\">\n\t\t\t\t\t\t<div class=\"elementor-element elementor-element-7e3d782 elementor-widget elementor-widget-text-editor\" data-id=\"7e3d782\" data-element_type=\"widget\" data-e-type=\"widget\" data-widget_type=\"text-editor.default\">\n\t\t\t\t<div class=\"elementor-widget-container\">\n\t\t\t\t\t\t\t\t\t<p><strong>dr Agnieszka Kania<\/strong><\/p><p>Polonistka, pracowniczka naukowo-badawcza w Katedrze Polonistycznej Edukacji Nauczycielskiej na Wydziale Polonistyki UJ. Autorka dw\u00f3ch monografii naukowych oraz kilkudziesi\u0119ciu artyku\u0142\u00f3w, wsp\u00f3\u0142autorka podr\u0119cznik\u00f3w. Pracowa\u0142a w LO, gdzie realizowa\u0142a w\u0142asne programy nauczania. Entuzjastka interdyscyplinarnych projekt\u00f3w naukowo-edukacyjnych, kt\u00f3re zrealizowa\u0142a w Polsce i za granic\u0105. Przez pi\u0119\u0107 lat kierowa\u0142a projektem NCBR &#8220;Profesjonalny polonista. Praktyka i personalizacja&#8221;, znacznie poszerzaj\u0105cym zakres kszta\u0142cenia przysz\u0142ych nauczycieli. Prowadzi szkolenia dla rad pedagogicznych i warsztaty dla m\u0142odzie\u017cy, propaguje innowacje i refleksj\u0119 w pracy nauczycielskiej.<\/p>\t\t\t\t\t\t\t\t<\/div>\n\t\t\t\t<\/div>\n\t\t\t\t\t<\/div>\n\t\t<\/div>\n\t\t\t\t\t<\/div>\n\t\t<\/section>\n\t\t\t\t<section class=\"elementor-section elementor-inner-section elementor-element elementor-element-401a26b elementor-section-boxed elementor-section-height-default elementor-section-height-default\" data-id=\"401a26b\" data-element_type=\"section\" data-e-type=\"section\">\n\t\t\t\t\t\t<div class=\"elementor-container elementor-column-gap-default\">\n\t\t\t\t\t<div class=\"elementor-column elementor-col-50 elementor-inner-column elementor-element elementor-element-cc5b546\" data-id=\"cc5b546\" data-element_type=\"column\" data-e-type=\"column\">\n\t\t\t<div class=\"elementor-widget-wrap elementor-element-populated\">\n\t\t\t\t\t\t<div class=\"elementor-element elementor-element-eb5b88c elementor-widget elementor-widget-image\" data-id=\"eb5b88c\" data-element_type=\"widget\" data-e-type=\"widget\" data-widget_type=\"image.default\">\n\t\t\t\t<div class=\"elementor-widget-container\">\n\t\t\t\t\t\t\t\t\t\t\t\t\t\t\t<img loading=\"lazy\" decoding=\"async\" width=\"500\" height=\"500\" src=\"https:\/\/uniwersytetotwarty.us.edu.pl\/ko\/wp-content\/uploads\/sites\/7\/2025\/08\/Anna-Jazlowska.png\" class=\"attachment-large size-large wp-image-1048\" alt=\"\" srcset=\"https:\/\/uniwersytetotwarty.us.edu.pl\/ko\/wp-content\/uploads\/sites\/7\/2025\/08\/Anna-Jazlowska.png 500w, https:\/\/uniwersytetotwarty.us.edu.pl\/ko\/wp-content\/uploads\/sites\/7\/2025\/08\/Anna-Jazlowska-300x300.png 300w, https:\/\/uniwersytetotwarty.us.edu.pl\/ko\/wp-content\/uploads\/sites\/7\/2025\/08\/Anna-Jazlowska-150x150.png 150w\" sizes=\"(max-width: 500px) 100vw, 500px\" \/>\t\t\t\t\t\t\t\t\t\t\t\t\t\t\t<\/div>\n\t\t\t\t<\/div>\n\t\t\t\t\t<\/div>\n\t\t<\/div>\n\t\t\t\t<div class=\"elementor-column elementor-col-50 elementor-inner-column elementor-element elementor-element-13beae6\" data-id=\"13beae6\" data-element_type=\"column\" data-e-type=\"column\">\n\t\t\t<div class=\"elementor-widget-wrap elementor-element-populated\">\n\t\t\t\t\t\t<div class=\"elementor-element elementor-element-ecf4a62 elementor-widget elementor-widget-text-editor\" data-id=\"ecf4a62\" data-element_type=\"widget\" data-e-type=\"widget\" data-widget_type=\"text-editor.default\">\n\t\t\t\t<div class=\"elementor-widget-container\">\n\t\t\t\t\t\t\t\t\t<p><strong>Anna Jaz\u0142owska<\/strong><\/p><p>Psycholo\u017cka, nauczycielka, kwalifikowana asystentka osoby z niepe\u0142nosprawno\u015bci\u0105, specjalistka z zakresu oligofrenopedagogiki, wczesnego wspomagania rozwoju dziecka oraz wsparcia os\u00f3b w spektrum autyzmu.\u00a0 Pracowniczka dydaktyczna w Instytucie Psychologii Uniwersytetu \u015al\u0105skiego w Katowicach, obecnie w trakcie przygotowania pracy doktorskiej dotycz\u0105cej dobrostanu psychicznego rodzic\u00f3w dzieci z zespo\u0142em Downa. Czynna nauczycielka w szkole specjalnej i konsultantka psychologiczna w o\u015brodku medyczno-terapeutycznym. Zainteresowania badawcze koncentruje wok\u00f3\u0142 problematyki rodzicielstwa ze szczeg\u00f3lnym uwzgl\u0119dnieniem stresu rodzicielskiego oraz zasob\u00f3w rodzic\u00f3w, psychologii edukacji, procesu adaptacji w perspektywie kryzys\u00f3w normatywnych i nienormatywnych. Autorka prac naukowych, uczestniczka konferencji i projekt\u00f3w wspieraj\u0105cych dzieci, rodzic\u00f3w i nauczycieli.<\/p>\t\t\t\t\t\t\t\t<\/div>\n\t\t\t\t<\/div>\n\t\t\t\t\t<\/div>\n\t\t<\/div>\n\t\t\t\t\t<\/div>\n\t\t<\/section>\n\t\t\t\t<section class=\"elementor-section elementor-inner-section elementor-element elementor-element-983ecf8 elementor-section-boxed elementor-section-height-default elementor-section-height-default\" data-id=\"983ecf8\" data-element_type=\"section\" data-e-type=\"section\">\n\t\t\t\t\t\t<div class=\"elementor-container elementor-column-gap-default\">\n\t\t\t\t\t<div class=\"elementor-column elementor-col-50 elementor-inner-column elementor-element elementor-element-adda458\" data-id=\"adda458\" data-element_type=\"column\" data-e-type=\"column\">\n\t\t\t<div class=\"elementor-widget-wrap elementor-element-populated\">\n\t\t\t\t\t\t<div class=\"elementor-element elementor-element-19f12c5 elementor-widget elementor-widget-image\" data-id=\"19f12c5\" data-element_type=\"widget\" data-e-type=\"widget\" data-widget_type=\"image.default\">\n\t\t\t\t<div class=\"elementor-widget-container\">\n\t\t\t\t\t\t\t\t\t\t\t\t\t\t\t<img loading=\"lazy\" decoding=\"async\" width=\"600\" height=\"568\" src=\"https:\/\/uniwersytetotwarty.us.edu.pl\/ko\/wp-content\/uploads\/sites\/7\/2024\/09\/computer-icons-person-anonymous.jpg\" class=\"attachment-large size-large wp-image-571\" alt=\"\" srcset=\"https:\/\/uniwersytetotwarty.us.edu.pl\/ko\/wp-content\/uploads\/sites\/7\/2024\/09\/computer-icons-person-anonymous.jpg 600w, https:\/\/uniwersytetotwarty.us.edu.pl\/ko\/wp-content\/uploads\/sites\/7\/2024\/09\/computer-icons-person-anonymous-300x284.jpg 300w\" sizes=\"(max-width: 600px) 100vw, 600px\" \/>\t\t\t\t\t\t\t\t\t\t\t\t\t\t\t<\/div>\n\t\t\t\t<\/div>\n\t\t\t\t\t<\/div>\n\t\t<\/div>\n\t\t\t\t<div class=\"elementor-column elementor-col-50 elementor-inner-column elementor-element elementor-element-2f3c793\" data-id=\"2f3c793\" data-element_type=\"column\" data-e-type=\"column\">\n\t\t\t<div class=\"elementor-widget-wrap elementor-element-populated\">\n\t\t\t\t\t\t<div class=\"elementor-element elementor-element-f60b778 elementor-widget elementor-widget-text-editor\" data-id=\"f60b778\" data-element_type=\"widget\" data-e-type=\"widget\" data-widget_type=\"text-editor.default\">\n\t\t\t\t<div class=\"elementor-widget-container\">\n\t\t\t\t\t\t\t\t\t<p><strong>Joanna Kucharewicz <\/strong><\/p><p>Doktor nauk spo\u0142ecznych w dziedzinie: psychologia. Nauczyciel \u2013 psycholog z 30.letnim sta\u017cem pracy w plac\u00f3wkach o\u015bwiatowych. Nauczyciel akademicki na kierunku: psychologia. Bieg\u0142y psycholog w zakresie psychologii rozwoju cz\u0142owieka. Zainteresowania badawcze: rozw\u00f3j cz\u0142owieka w cyklu \u017cycia oraz zagadnienia dotycz\u0105ce dobrostanu cz\u0142owieka. Autorka kilkunastu publikacji naukowych.<\/p>\t\t\t\t\t\t\t\t<\/div>\n\t\t\t\t<\/div>\n\t\t\t\t\t<\/div>\n\t\t<\/div>\n\t\t\t\t\t<\/div>\n\t\t<\/section>\n\t\t\t\t<section class=\"elementor-section elementor-inner-section elementor-element elementor-element-5768f30 elementor-section-boxed elementor-section-height-default elementor-section-height-default\" data-id=\"5768f30\" data-element_type=\"section\" data-e-type=\"section\">\n\t\t\t\t\t\t<div class=\"elementor-container elementor-column-gap-default\">\n\t\t\t\t\t<div class=\"elementor-column elementor-col-50 elementor-inner-column elementor-element elementor-element-7933a81\" data-id=\"7933a81\" data-element_type=\"column\" data-e-type=\"column\">\n\t\t\t<div class=\"elementor-widget-wrap elementor-element-populated\">\n\t\t\t\t\t\t<div class=\"elementor-element elementor-element-92437d7 elementor-widget elementor-widget-image\" data-id=\"92437d7\" data-element_type=\"widget\" data-e-type=\"widget\" data-widget_type=\"image.default\">\n\t\t\t\t<div class=\"elementor-widget-container\">\n\t\t\t\t\t\t\t\t\t\t\t\t\t\t\t<img loading=\"lazy\" decoding=\"async\" width=\"500\" height=\"500\" src=\"https:\/\/uniwersytetotwarty.us.edu.pl\/ko\/wp-content\/uploads\/sites\/7\/2025\/08\/Justyna-Orszulak.png\" class=\"attachment-large size-large wp-image-1062\" alt=\"\" srcset=\"https:\/\/uniwersytetotwarty.us.edu.pl\/ko\/wp-content\/uploads\/sites\/7\/2025\/08\/Justyna-Orszulak.png 500w, https:\/\/uniwersytetotwarty.us.edu.pl\/ko\/wp-content\/uploads\/sites\/7\/2025\/08\/Justyna-Orszulak-300x300.png 300w, https:\/\/uniwersytetotwarty.us.edu.pl\/ko\/wp-content\/uploads\/sites\/7\/2025\/08\/Justyna-Orszulak-150x150.png 150w\" sizes=\"(max-width: 500px) 100vw, 500px\" \/>\t\t\t\t\t\t\t\t\t\t\t\t\t\t\t<\/div>\n\t\t\t\t<\/div>\n\t\t\t\t\t<\/div>\n\t\t<\/div>\n\t\t\t\t<div class=\"elementor-column elementor-col-50 elementor-inner-column elementor-element elementor-element-44159b5\" data-id=\"44159b5\" data-element_type=\"column\" data-e-type=\"column\">\n\t\t\t<div class=\"elementor-widget-wrap elementor-element-populated\">\n\t\t\t\t\t\t<div class=\"elementor-element elementor-element-03ad33a elementor-widget elementor-widget-text-editor\" data-id=\"03ad33a\" data-element_type=\"widget\" data-e-type=\"widget\" data-widget_type=\"text-editor.default\">\n\t\t\t\t<div class=\"elementor-widget-container\">\n\t\t\t\t\t\t\t\t\t<p><strong>Justyna Orszulak<\/strong><\/p><p>Dyrektorka w Szkole Podstawowej nr 1 w Wodzis\u0142awiu \u015al\u0105skim, nauczycielka j\u0119zyka polskiego i etyki. Certyfikowana trenerka w o\u015bwiacie. Ambasadorka Wiosny Edukacji, cz\u0142onkini grupy Superbelfrzy RP. Koordynatorka grupy nauczycielek &#8211; liderek kreatywnej edukacji w Wodzis\u0142awiu \u015al\u0105skim. Cz\u0142onkini zespo\u0142u ds. Strategii Rozwoju O\u015bwiaty w Wodzis\u0142awiu \u015al\u0105skim 2022-2026. Organizatorka \u201cPodzielnika Edukacyjnego\u201d (2020-2022). Wsp\u00f3\u0142organizatorka konferencji WNET \u2013 Zacznijmy od edukacji! Pasjonatka metod kreatywnych, pracy projektowej i zmiany przestrzeni szkolnej. Prowadzi na IG i FB stron\u0119 @Edu.przestrzenie. Trenerka i Ekspert w programie Destination Imagination Poland &#8211; interdyscyplinarnym mi\u0119dzynarodowym programie edukacyjnym rozwijaj\u0105cym kreatywno\u015b\u0107 u dzieci i m\u0142odzie\u017cy.<\/p>\t\t\t\t\t\t\t\t<\/div>\n\t\t\t\t<\/div>\n\t\t\t\t\t<\/div>\n\t\t<\/div>\n\t\t\t\t\t<\/div>\n\t\t<\/section>\n\t\t\t\t<section class=\"elementor-section elementor-inner-section elementor-element elementor-element-84a01ef elementor-section-boxed elementor-section-height-default elementor-section-height-default\" data-id=\"84a01ef\" data-element_type=\"section\" data-e-type=\"section\">\n\t\t\t\t\t\t<div class=\"elementor-container elementor-column-gap-default\">\n\t\t\t\t\t<div class=\"elementor-column elementor-col-50 elementor-inner-column elementor-element elementor-element-8508b95\" data-id=\"8508b95\" data-element_type=\"column\" data-e-type=\"column\">\n\t\t\t<div class=\"elementor-widget-wrap elementor-element-populated\">\n\t\t\t\t\t\t<div class=\"elementor-element elementor-element-17e4882 elementor-widget elementor-widget-image\" data-id=\"17e4882\" data-element_type=\"widget\" data-e-type=\"widget\" data-widget_type=\"image.default\">\n\t\t\t\t<div class=\"elementor-widget-container\">\n\t\t\t\t\t\t\t\t\t\t\t\t\t\t\t<img loading=\"lazy\" decoding=\"async\" width=\"500\" height=\"500\" src=\"https:\/\/uniwersytetotwarty.us.edu.pl\/ko\/wp-content\/uploads\/sites\/7\/2025\/08\/Elzbieta-Modrzewska.png\" class=\"attachment-large size-large wp-image-1054\" alt=\"\" srcset=\"https:\/\/uniwersytetotwarty.us.edu.pl\/ko\/wp-content\/uploads\/sites\/7\/2025\/08\/Elzbieta-Modrzewska.png 500w, https:\/\/uniwersytetotwarty.us.edu.pl\/ko\/wp-content\/uploads\/sites\/7\/2025\/08\/Elzbieta-Modrzewska-300x300.png 300w, https:\/\/uniwersytetotwarty.us.edu.pl\/ko\/wp-content\/uploads\/sites\/7\/2025\/08\/Elzbieta-Modrzewska-150x150.png 150w\" sizes=\"(max-width: 500px) 100vw, 500px\" \/>\t\t\t\t\t\t\t\t\t\t\t\t\t\t\t<\/div>\n\t\t\t\t<\/div>\n\t\t\t\t\t<\/div>\n\t\t<\/div>\n\t\t\t\t<div class=\"elementor-column elementor-col-50 elementor-inner-column elementor-element elementor-element-03e0a72\" data-id=\"03e0a72\" data-element_type=\"column\" data-e-type=\"column\">\n\t\t\t<div class=\"elementor-widget-wrap elementor-element-populated\">\n\t\t\t\t\t\t<div class=\"elementor-element elementor-element-47bf82a elementor-widget elementor-widget-text-editor\" data-id=\"47bf82a\" data-element_type=\"widget\" data-e-type=\"widget\" data-widget_type=\"text-editor.default\">\n\t\t\t\t<div class=\"elementor-widget-container\">\n\t\t\t\t\t\t\t\t\t<p><strong>El\u017cbieta Modrzewska<\/strong><\/p><p>Wicekurator O\u015bwiaty \u2013 Kuratorium O\u015bwiaty w Katowicach. Mgr filologii polskiej Uniwersytetu \u015al\u0105skiego, absolwentka studi\u00f3w podyplomowych MBA \u2013 Akademii WSB oraz\u00a0 EY Academy of Business,\u00a0 studi\u00f3w podyplomowych z zakresu Ewaluacji dydaktycznej\u00a0 i egzaminowania na Uniwersytecie Gda\u0144skim oraz\u00a0 Zarz\u0105dzania w\u00a0O\u015bwiacie. Uko\u0144czy\u0142a seminarium doktorskie z zakresu Zarz\u0105dzania Jako\u015bci\u0105 w Akademii WSB.<br \/>Trener edukacyjny z 25 letnim sta\u017cem, ekspert systemu egzamin\u00f3w zewn\u0119trznych, koordynatorka\u00a0\u00a0\u00a0 i cz\u0142onek zespo\u0142\u00f3w wdro\u017ceniowych wielu projekt\u00f3w edukacyjnych dla kadry kierowniczej i nauczycieli, w tym finansowanych z UE: EduScience, Banki Zada\u0144,E-ocenianie, Klucz do sukcesu oraz projekt\u00f3w zwi\u0105zanych z kszta\u0142ceniem zawodowym, s\u0142u\u017c\u0105cych dostosowaniu oferty edukacyjnej do potrzeb rynku pracy, w tym: Kszta\u0142cenie dualne, dobry start w bran\u017cy g\u00f3rniczo-hutniczej,\u00a0 \u015al\u0105skie. Zawodowcy,\u00a0 Szko\u0142a Przysz\u0142o\u015bci VR oraz Automotive StrefAcademy.<br \/>Autorka artyku\u0142\u00f3w i program\u00f3w szkoleniowych z zakresu pomiaru dydaktycznego, oceniania i egzaminowania,\u00a0 rozwoju kompetencji kluczowych,\u00a0 edukacji w\u0142\u0105czaj\u0105cej, zarz\u0105dzania plac\u00f3wk\u0105 o\u015bwiatow\u0105 oraz neurodydaktyki.<br \/>Zainteresowania to: pomiar dydaktyczny, neuroedukacja,\u00a0 ocenianie i egzaminowanie si\u0119 oraz turystyka rowerowa i narciarstwo.<\/p>\t\t\t\t\t\t\t\t<\/div>\n\t\t\t\t<\/div>\n\t\t\t\t\t<\/div>\n\t\t<\/div>\n\t\t\t\t\t<\/div>\n\t\t<\/section>\n\t\t\t\t<section class=\"elementor-section elementor-inner-section elementor-element elementor-element-edb4d3f elementor-section-boxed elementor-section-height-default elementor-section-height-default\" data-id=\"edb4d3f\" data-element_type=\"section\" data-e-type=\"section\">\n\t\t\t\t\t\t<div class=\"elementor-container elementor-column-gap-default\">\n\t\t\t\t\t<div class=\"elementor-column elementor-col-50 elementor-inner-column elementor-element elementor-element-d98a245\" data-id=\"d98a245\" data-element_type=\"column\" data-e-type=\"column\">\n\t\t\t<div class=\"elementor-widget-wrap elementor-element-populated\">\n\t\t\t\t\t\t<div class=\"elementor-element elementor-element-8c51cf7 elementor-widget elementor-widget-image\" data-id=\"8c51cf7\" data-element_type=\"widget\" data-e-type=\"widget\" data-widget_type=\"image.default\">\n\t\t\t\t<div class=\"elementor-widget-container\">\n\t\t\t\t\t\t\t\t\t\t\t\t\t\t\t<img loading=\"lazy\" decoding=\"async\" width=\"600\" height=\"568\" src=\"https:\/\/uniwersytetotwarty.us.edu.pl\/ko\/wp-content\/uploads\/sites\/7\/2024\/09\/computer-icons-person-anonymous.jpg\" class=\"attachment-large size-large wp-image-571\" alt=\"\" srcset=\"https:\/\/uniwersytetotwarty.us.edu.pl\/ko\/wp-content\/uploads\/sites\/7\/2024\/09\/computer-icons-person-anonymous.jpg 600w, https:\/\/uniwersytetotwarty.us.edu.pl\/ko\/wp-content\/uploads\/sites\/7\/2024\/09\/computer-icons-person-anonymous-300x284.jpg 300w\" sizes=\"(max-width: 600px) 100vw, 600px\" \/>\t\t\t\t\t\t\t\t\t\t\t\t\t\t\t<\/div>\n\t\t\t\t<\/div>\n\t\t\t\t\t<\/div>\n\t\t<\/div>\n\t\t\t\t<div class=\"elementor-column elementor-col-50 elementor-inner-column elementor-element elementor-element-b983bdd\" data-id=\"b983bdd\" data-element_type=\"column\" data-e-type=\"column\">\n\t\t\t<div class=\"elementor-widget-wrap elementor-element-populated\">\n\t\t\t\t\t\t<div class=\"elementor-element elementor-element-5e159ad elementor-widget elementor-widget-text-editor\" data-id=\"5e159ad\" data-element_type=\"widget\" data-e-type=\"widget\" data-widget_type=\"text-editor.default\">\n\t\t\t\t<div class=\"elementor-widget-container\">\n\t\t\t\t\t\t\t\t\t<p><strong>Damian Bereska<\/strong><\/p><p>W roku 1988 uko\u0144czy\u0142 Technikum Elektryczne przy Zespole Szk\u00f3\u0142 Mechaniczno-Elektrycznych w Tarnowskich G\u00f3rach. W roku 1993 ko\u0144czy studia na Wydziale Automatyki, Elektroniki i Informatyki Politechniki \u015al\u0105skiej w Gliwicach na kierunku Automatyka i Robotyka, specjalno\u015b\u0107 robotyka. W tym samym roku rozpoczyna prac\u0119 na stanowisku asystenta w Zak\u0142adzie Robotyki i Automatyzacji Proces\u00f3w Dyskretnych Instytutu Automatyki. W roku 2002 obroni\u0142\u00a0 z wyr\u00f3\u017cnieniem prac\u0119 doktorsk\u0105 pt. \u201cBadania nad korelacj\u0105 pomi\u0119dzy sk\u0142adowymi wektora barwy\u00a0 w cyfrowych obrazach barwnych\u201d uzyskuj\u0105c tytu\u0142 doktora nauk technicznych. Od roku 2002 zatrudniony jest na stanowisku adiunkta w Zak\u0142adzie Teorii Sterowania, a od 2004 w nowopowsta\u0142ym Zak\u0142adzie Sterowania i Robotyki.<\/p>\t\t\t\t\t\t\t\t<\/div>\n\t\t\t\t<\/div>\n\t\t\t\t\t<\/div>\n\t\t<\/div>\n\t\t\t\t\t<\/div>\n\t\t<\/section>\n\t\t\t\t<section class=\"elementor-section elementor-inner-section elementor-element elementor-element-3e1bff1 elementor-section-boxed elementor-section-height-default elementor-section-height-default\" data-id=\"3e1bff1\" data-element_type=\"section\" data-e-type=\"section\">\n\t\t\t\t\t\t<div class=\"elementor-container elementor-column-gap-default\">\n\t\t\t\t\t<div class=\"elementor-column elementor-col-50 elementor-inner-column elementor-element elementor-element-618a95f\" data-id=\"618a95f\" data-element_type=\"column\" data-e-type=\"column\">\n\t\t\t<div class=\"elementor-widget-wrap elementor-element-populated\">\n\t\t\t\t\t\t<div class=\"elementor-element elementor-element-3fb738c elementor-widget elementor-widget-image\" data-id=\"3fb738c\" data-element_type=\"widget\" data-e-type=\"widget\" data-widget_type=\"image.default\">\n\t\t\t\t<div class=\"elementor-widget-container\">\n\t\t\t\t\t\t\t\t\t\t\t\t\t\t\t<img loading=\"lazy\" decoding=\"async\" width=\"600\" height=\"568\" src=\"https:\/\/uniwersytetotwarty.us.edu.pl\/ko\/wp-content\/uploads\/sites\/7\/2024\/09\/computer-icons-person-anonymous.jpg\" class=\"attachment-large size-large wp-image-571\" alt=\"\" srcset=\"https:\/\/uniwersytetotwarty.us.edu.pl\/ko\/wp-content\/uploads\/sites\/7\/2024\/09\/computer-icons-person-anonymous.jpg 600w, https:\/\/uniwersytetotwarty.us.edu.pl\/ko\/wp-content\/uploads\/sites\/7\/2024\/09\/computer-icons-person-anonymous-300x284.jpg 300w\" sizes=\"(max-width: 600px) 100vw, 600px\" \/>\t\t\t\t\t\t\t\t\t\t\t\t\t\t\t<\/div>\n\t\t\t\t<\/div>\n\t\t\t\t\t<\/div>\n\t\t<\/div>\n\t\t\t\t<div class=\"elementor-column elementor-col-50 elementor-inner-column elementor-element elementor-element-4187963\" data-id=\"4187963\" data-element_type=\"column\" data-e-type=\"column\">\n\t\t\t<div class=\"elementor-widget-wrap elementor-element-populated\">\n\t\t\t\t\t\t<div class=\"elementor-element elementor-element-f0c2b71 elementor-widget elementor-widget-text-editor\" data-id=\"f0c2b71\" data-element_type=\"widget\" data-e-type=\"widget\" data-widget_type=\"text-editor.default\">\n\t\t\t\t<div class=\"elementor-widget-container\">\n\t\t\t\t\t\t\t\t\t<p><strong>Rados\u0142aw Ga\u0142ka<\/strong><\/p><p>Przedsi\u0119biorca i inwestor z 15letnim do\u015bwiadczeniem \u00a0<br \/>w transgranicznej rekrutacji na rynku europejskim.\u00a0\u00a0Uko\u0144czy\u0142\u00a0 Politechnik\u0119 Wroc\u0142awsk\u0105 oraz elitarn\u0105Ecole Centrale de Paris (dzi\u015b Centrale Supelec).\u00a0Karier\u0119 zawodow\u0105 rozpocz\u0105\u0142 we francuskim przedsi\u0119biorstwie high-tech Schlumberger Systems-Gemalto pod koniec lat 90-tych. Odpowiada\u0142 za rozw\u00f3j produkt\u00f3w hardwarowych.\u00a0W 2003 stworzy\u0142 pierwszy w Polsce prototyp podpisu elektronicznego oraz wdra\u017ca\u0142 na polski rynek ScryptoSystem \u2013 oprogramowanie do szyfrowania danych na dysku.\u00a0Jest autorem europejskiego patentu w obszarze kryptografii i kart chipowych do ochrony praw autorskich w sieci.\u00a0\u00a0<br \/>Utworzy\u0142 i zarz\u0105dza trzema agencjami pracy funkcjonuj\u0105cymi w trzech r\u00f3\u017cnych krajach Europy: Poland Wokrforce (2005), Lucrez In Europa (2016) oraz EUworkers (2020). W 2013 wsp\u00f3\u0142tworzy\u0142 niemieck\u0105 agencj\u0119 Humanus Personal Service GMBH.\u00a0W 2014 utworzy\u0142 europejski portal pracy europa.jobs. Natomiast w 2019 roku zainwestowa\u0142 w globaln\u0105 platform\u0119 pracy Medvocation.com funkcjonuj\u0105c\u0105 na rynku medycznym.\u00a0 Jego najnowszym przedsi\u0119wzi\u0119ciem jest rodzinny start-up technologiczny Dig In Vision.\u00a0Tworzy oprogramowanie wykorzystuj\u0105ce VR, sztuczn\u0105 inteligencj\u0119 oraz autorskie algorytmy, kt\u00f3re zapewniaj\u0105 wierne odwzorowanie rzeczywistego spawania, umo\u017cliwiaj\u0105 prowadzenie szkole\u0144 online i monitorowanie ich w chmurze.<\/p>\t\t\t\t\t\t\t\t<\/div>\n\t\t\t\t<\/div>\n\t\t\t\t\t<\/div>\n\t\t<\/div>\n\t\t\t\t\t<\/div>\n\t\t<\/section>\n\t\t\t\t<section class=\"elementor-section elementor-inner-section elementor-element elementor-element-7fa6cad elementor-section-boxed elementor-section-height-default elementor-section-height-default\" data-id=\"7fa6cad\" data-element_type=\"section\" data-e-type=\"section\">\n\t\t\t\t\t\t<div class=\"elementor-container elementor-column-gap-default\">\n\t\t\t\t\t<div class=\"elementor-column elementor-col-50 elementor-inner-column elementor-element elementor-element-6f060be\" data-id=\"6f060be\" data-element_type=\"column\" data-e-type=\"column\">\n\t\t\t<div class=\"elementor-widget-wrap elementor-element-populated\">\n\t\t\t\t\t\t<div class=\"elementor-element elementor-element-25bb2e6 elementor-widget elementor-widget-image\" data-id=\"25bb2e6\" data-element_type=\"widget\" data-e-type=\"widget\" data-widget_type=\"image.default\">\n\t\t\t\t<div class=\"elementor-widget-container\">\n\t\t\t\t\t\t\t\t\t\t\t\t\t\t\t<img loading=\"lazy\" decoding=\"async\" width=\"600\" height=\"568\" src=\"https:\/\/uniwersytetotwarty.us.edu.pl\/ko\/wp-content\/uploads\/sites\/7\/2024\/09\/computer-icons-person-anonymous.jpg\" class=\"attachment-large size-large wp-image-571\" alt=\"\" srcset=\"https:\/\/uniwersytetotwarty.us.edu.pl\/ko\/wp-content\/uploads\/sites\/7\/2024\/09\/computer-icons-person-anonymous.jpg 600w, https:\/\/uniwersytetotwarty.us.edu.pl\/ko\/wp-content\/uploads\/sites\/7\/2024\/09\/computer-icons-person-anonymous-300x284.jpg 300w\" sizes=\"(max-width: 600px) 100vw, 600px\" \/>\t\t\t\t\t\t\t\t\t\t\t\t\t\t\t<\/div>\n\t\t\t\t<\/div>\n\t\t\t\t\t<\/div>\n\t\t<\/div>\n\t\t\t\t<div class=\"elementor-column elementor-col-50 elementor-inner-column elementor-element elementor-element-f685097\" data-id=\"f685097\" data-element_type=\"column\" data-e-type=\"column\">\n\t\t\t<div class=\"elementor-widget-wrap elementor-element-populated\">\n\t\t\t\t\t\t<div class=\"elementor-element elementor-element-59b06d1 elementor-widget elementor-widget-text-editor\" data-id=\"59b06d1\" data-element_type=\"widget\" data-e-type=\"widget\" data-widget_type=\"text-editor.default\">\n\t\t\t\t<div class=\"elementor-widget-container\">\n\t\t\t\t\t\t\t\t\t<p><strong>Micha\u0142 K\u0142osi\u0144ski<\/strong><\/p><p>Profesor nadzwyczajny na Wydziale Humanistycznym Uniwersytetu \u015al\u0105skiego w Katowicach. Aktywny cz\u0142onek Towarzystwa Studi\u00f3w Utopijnych i Towarzystwa Studi\u00f3w Utopijnych. W czasie studi\u00f3w doktoranckich uczestniczy\u0142am w paryskim Programie Teorii Krytycznej. Artyku\u0142y na temat polskiej literatury, teorii literatury i gier wideo publikowa\u0142 w: \u201eGames and Culture\u201d, \u201eGame Studies\u201d, \u201eJournal of Gaming and Virtual Worlds\u201d, \u201eInternational Journal of Baudrillard Studies\u201d, \u201ePami\u0119tniku Literackim\u201d, \u201eTekstach Drugich. obecne badania hermeneutyczne i postfenomenologiczne mo\u017cna umiejscowi\u0107 na przeci\u0119ciu teorii literatury, bada\u0144 nad grami i bada\u0144 nad utopi\u0105. Moje g\u0142\u00f3wne zainteresowania to: krytycznie nastawione gry wideo, teoria literatury i filozofia technologii. Moje badania koncentruj\u0105 si\u0119 na zagadnieniach reprezentacji, symulakr\u00f3w, quasi-obiekt\u00f3w i krytyki kapitalizmu w oparciu o hermeneutyczne wyk\u0142ady gier i literatury. Od 2022 roku realizuj\u0119 grant \u201eMapowanie biopolityki gier\u201d z Narodowego Centrum Nauki. W kwietniu 2023 roku za\u0142o\u017cy\u0142 Centrum Bada\u0144 nad Grami na Uniwersytecie \u015al\u0105skim. GSRC to inicjatywa powo\u0142ana w celu po\u0142\u0105czenia badaczy z r\u00f3\u017cnych wydzia\u0142\u00f3w i katedr pod wsp\u00f3lnym zainteresowaniem w zakresie bada\u0144 nad grami. Jako taka, GSRC stanowi inicjatyw\u0119 interdyscyplinarn\u0105, odzwierciedlaj\u0105c\u0105 z\u0142o\u017cono\u015b\u0107 bada\u0144 nad grami. GSRC ma r\u00f3wnie\u017c na celu stworzenie platformy promuj\u0105cej lokalne badania nad grami na globalnej arenie badawczej, popraw\u0119 widoczno\u015bci publikacji i inicjatyw naukowych swoich wsp\u00f3\u0142pracownik\u00f3w oraz budowanie trwa\u0142ych relacji mi\u0119dzy tworzeniem gier, edukacj\u0105 i biznesem. Od pa\u017adziernika 2024 roku jest wiceprezesem w Instytucie GETES, pracujw nad ustanowieniem globalnych standard\u00f3w certyfikacji w zakresie szkole\u0144 umiej\u0119tno\u015bci z wykorzystaniem nowych technologii.\u00a0<\/p>\t\t\t\t\t\t\t\t<\/div>\n\t\t\t\t<\/div>\n\t\t\t\t\t<\/div>\n\t\t<\/div>\n\t\t\t\t\t<\/div>\n\t\t<\/section>\n\t\t\t\t<section class=\"elementor-section elementor-inner-section elementor-element elementor-element-a94cae9 elementor-section-boxed elementor-section-height-default elementor-section-height-default\" data-id=\"a94cae9\" data-element_type=\"section\" data-e-type=\"section\">\n\t\t\t\t\t\t<div class=\"elementor-container elementor-column-gap-default\">\n\t\t\t\t\t<div class=\"elementor-column elementor-col-50 elementor-inner-column elementor-element elementor-element-00ac362\" data-id=\"00ac362\" data-element_type=\"column\" data-e-type=\"column\">\n\t\t\t<div class=\"elementor-widget-wrap elementor-element-populated\">\n\t\t\t\t\t\t<div class=\"elementor-element elementor-element-070f795 elementor-widget elementor-widget-image\" data-id=\"070f795\" data-element_type=\"widget\" data-e-type=\"widget\" data-widget_type=\"image.default\">\n\t\t\t\t<div class=\"elementor-widget-container\">\n\t\t\t\t\t\t\t\t\t\t\t\t\t\t\t<img loading=\"lazy\" decoding=\"async\" width=\"600\" height=\"568\" src=\"https:\/\/uniwersytetotwarty.us.edu.pl\/ko\/wp-content\/uploads\/sites\/7\/2024\/09\/computer-icons-person-anonymous.jpg\" class=\"attachment-large size-large wp-image-571\" alt=\"\" srcset=\"https:\/\/uniwersytetotwarty.us.edu.pl\/ko\/wp-content\/uploads\/sites\/7\/2024\/09\/computer-icons-person-anonymous.jpg 600w, https:\/\/uniwersytetotwarty.us.edu.pl\/ko\/wp-content\/uploads\/sites\/7\/2024\/09\/computer-icons-person-anonymous-300x284.jpg 300w\" sizes=\"(max-width: 600px) 100vw, 600px\" \/>\t\t\t\t\t\t\t\t\t\t\t\t\t\t\t<\/div>\n\t\t\t\t<\/div>\n\t\t\t\t\t<\/div>\n\t\t<\/div>\n\t\t\t\t<div class=\"elementor-column elementor-col-50 elementor-inner-column elementor-element elementor-element-8dc7811\" data-id=\"8dc7811\" data-element_type=\"column\" data-e-type=\"column\">\n\t\t\t<div class=\"elementor-widget-wrap elementor-element-populated\">\n\t\t\t\t\t\t<div class=\"elementor-element elementor-element-8c0bb60 elementor-widget elementor-widget-text-editor\" data-id=\"8c0bb60\" data-element_type=\"widget\" data-e-type=\"widget\" data-widget_type=\"text-editor.default\">\n\t\t\t\t<div class=\"elementor-widget-container\">\n\t\t\t\t\t\t\t\t\t<p><strong>Romana Musialik<\/strong><\/p><p>Dyrektor Zespo\u0142u Szk\u00f3\u0142 nr 7 w Katowicach, za wsp\u00f3\u0142prac\u0119 i dotychczasowe dzia\u0142ania na polu mobilno\u015bci zagranicznych, otrzyma\u0142a wyr\u00f3\u017cnienie w 2024 r.\u00a0 Inspiratora Kariery. Realizowa\u0142a innowacje pedagogiczn\u0105 <em>\u201eDualne kszta\u0142cenie zar\u00f3wno teoretyczne, jak i praktyczne u pracodawcy\u201d<\/em>. Dotyczy\u0142a\u00a0 realizacji kszta\u0142cenia w zawodzie technik automatyk sterowania ruchem kolejowym oraz technik transportu kolejowego we wsp\u00f3\u0142pracy z PKP PLK z siedzib\u0105 w Sosnowcu, z kt\u00f3rym podpisano List Intencyjny. podpisano umow\u0119 o wsp\u00f3\u0142pracy z firm\u0105 Alstom oraz ze sp\u00f3\u0142k\u0105 G&amp;K Consulting z siedzib\u0105 w Katowicach w zakresie wsparcia merytorycznego szko\u0142y, organizowania wydarze\u0144 podnosz\u0105cych presti\u017c zawod\u00f3w kolejowych. Ponadto szko\u0142a wsp\u00f3\u0142pracuje z firmami: BMW Bawaria Motors, Fiat Partner, Renault Pietrzak, VW Gazda Group, Japan Motors, Ford Multexim, Porsche Auto Poland, Miejskim Przedsi\u0119biorstwie Komunikacji w Katowicach, Miejskim Przedsi\u0119biorstwie Us\u0142ug Komunalnych w \u015awi\u0119toch\u0142owicach. Uczniowie odbywaj\u0105 sta\u017ce zagraniczne z ramach projektu Erasmus+\u00a0 m.in. \u201ePraktyka zagraniczna klucz do sukcesu na rynku pracy\u201d (Grecja wrzesie\u0144 \u2013 pa\u017adziernik 2021 r.). W poprzednich latach by\u0142y to wyjazdy do Niemiec i W\u0142och. Szko\u0142a uzyska\u0142a Akredytacj\u0119 Narodowej Agencji FRSE na lata 2021-2027. Pozyskuje nowoczesne wyposa\u017cenie pracowni samochodowych od firm Inter Cars, BMW, Magneti Marelli. Od roku szkolnego 2021\/2022 uczniowie na kierunku kierowca mechanik realizuj\u0105 kurs prawa jazdy finansowany przez szko\u0142\u0119.\u00a0<\/p>\t\t\t\t\t\t\t\t<\/div>\n\t\t\t\t<\/div>\n\t\t\t\t\t<\/div>\n\t\t<\/div>\n\t\t\t\t\t<\/div>\n\t\t<\/section>\n\t\t\t\t<section class=\"elementor-section elementor-inner-section elementor-element elementor-element-65f584b elementor-section-boxed elementor-section-height-default elementor-section-height-default\" data-id=\"65f584b\" data-element_type=\"section\" data-e-type=\"section\">\n\t\t\t\t\t\t<div class=\"elementor-container elementor-column-gap-default\">\n\t\t\t\t\t<div class=\"elementor-column elementor-col-50 elementor-inner-column elementor-element elementor-element-f79f0ce\" data-id=\"f79f0ce\" data-element_type=\"column\" data-e-type=\"column\">\n\t\t\t<div class=\"elementor-widget-wrap elementor-element-populated\">\n\t\t\t\t\t\t<div class=\"elementor-element elementor-element-e53268e elementor-widget elementor-widget-image\" data-id=\"e53268e\" data-element_type=\"widget\" data-e-type=\"widget\" data-widget_type=\"image.default\">\n\t\t\t\t<div class=\"elementor-widget-container\">\n\t\t\t\t\t\t\t\t\t\t\t\t\t\t\t<img loading=\"lazy\" decoding=\"async\" width=\"500\" height=\"500\" src=\"https:\/\/uniwersytetotwarty.us.edu.pl\/ko\/wp-content\/uploads\/sites\/7\/2025\/08\/Sabina-Ficek.png\" class=\"attachment-large size-large wp-image-1074\" alt=\"\" srcset=\"https:\/\/uniwersytetotwarty.us.edu.pl\/ko\/wp-content\/uploads\/sites\/7\/2025\/08\/Sabina-Ficek.png 500w, https:\/\/uniwersytetotwarty.us.edu.pl\/ko\/wp-content\/uploads\/sites\/7\/2025\/08\/Sabina-Ficek-300x300.png 300w, https:\/\/uniwersytetotwarty.us.edu.pl\/ko\/wp-content\/uploads\/sites\/7\/2025\/08\/Sabina-Ficek-150x150.png 150w\" sizes=\"(max-width: 500px) 100vw, 500px\" \/>\t\t\t\t\t\t\t\t\t\t\t\t\t\t\t<\/div>\n\t\t\t\t<\/div>\n\t\t\t\t\t<\/div>\n\t\t<\/div>\n\t\t\t\t<div class=\"elementor-column elementor-col-50 elementor-inner-column elementor-element elementor-element-589dbe9\" data-id=\"589dbe9\" data-element_type=\"column\" data-e-type=\"column\">\n\t\t\t<div class=\"elementor-widget-wrap elementor-element-populated\">\n\t\t\t\t\t\t<div class=\"elementor-element elementor-element-4a79abe elementor-widget elementor-widget-text-editor\" data-id=\"4a79abe\" data-element_type=\"widget\" data-e-type=\"widget\" data-widget_type=\"text-editor.default\">\n\t\t\t\t<div class=\"elementor-widget-container\">\n\t\t\t\t\t\t\t\t\t<p><strong>Sabina Ficek <\/strong><\/p><p>Od 35 lat zajmuj\u0119 si\u0119 edukacj\u0105, szczeg\u00f3lnie jest mi bliska edukacja zawodowa i doradztwo zawodowe. Przez wiele lat pe\u0142ni\u0142am funkcj\u0119\u00a0 wicedyrektora Rybnickiego Centrum Edukacji Zawodowej, teraz przekazuj\u0119 swoje do\u015bwiadczenie nauczycielom w Regionalnym O\u015brodku Doskonalenia Nauczycieli i Informacji Pedagogicznej \u201eWOM\u201d w Rybniku.<br \/>Du\u017c\u0105 satysfakcj\u0119 daj\u0105 mi zaj\u0119cia z doradztwa zawodowego w szkole podstawowej. Interesuj\u0119 si\u0119 innowacyjnymi metodami pracy pedagogicznej, stosuj\u0119 je w praktyce z uczniami.<br \/>Od 15 lat razem z rybnickimi doradcami zawodowymi organizujemy wiele dzia\u0142a\u0144, kt\u00f3re tworz\u0105 Rybnickie Dni Kariery, za kt\u00f3re otrzymali\u015bmy wiele wyr\u00f3\u017cnie\u0144.<\/p>\t\t\t\t\t\t\t\t<\/div>\n\t\t\t\t<\/div>\n\t\t\t\t\t<\/div>\n\t\t<\/div>\n\t\t\t\t\t<\/div>\n\t\t<\/section>\n\t\t\t\t<section class=\"elementor-section elementor-inner-section elementor-element elementor-element-3ec2408 elementor-section-boxed elementor-section-height-default elementor-section-height-default\" data-id=\"3ec2408\" data-element_type=\"section\" data-e-type=\"section\">\n\t\t\t\t\t\t<div class=\"elementor-container elementor-column-gap-default\">\n\t\t\t\t\t<div class=\"elementor-column elementor-col-50 elementor-inner-column elementor-element elementor-element-5a28912\" data-id=\"5a28912\" data-element_type=\"column\" data-e-type=\"column\">\n\t\t\t<div class=\"elementor-widget-wrap elementor-element-populated\">\n\t\t\t\t\t\t<div class=\"elementor-element elementor-element-64dc3e0 elementor-widget elementor-widget-image\" data-id=\"64dc3e0\" data-element_type=\"widget\" data-e-type=\"widget\" data-widget_type=\"image.default\">\n\t\t\t\t<div class=\"elementor-widget-container\">\n\t\t\t\t\t\t\t\t\t\t\t\t\t\t\t<img loading=\"lazy\" decoding=\"async\" width=\"500\" height=\"500\" src=\"https:\/\/uniwersytetotwarty.us.edu.pl\/ko\/wp-content\/uploads\/sites\/7\/2025\/08\/Beata-Szoltysek.png\" class=\"attachment-large size-large wp-image-1100\" alt=\"\" srcset=\"https:\/\/uniwersytetotwarty.us.edu.pl\/ko\/wp-content\/uploads\/sites\/7\/2025\/08\/Beata-Szoltysek.png 500w, https:\/\/uniwersytetotwarty.us.edu.pl\/ko\/wp-content\/uploads\/sites\/7\/2025\/08\/Beata-Szoltysek-300x300.png 300w, https:\/\/uniwersytetotwarty.us.edu.pl\/ko\/wp-content\/uploads\/sites\/7\/2025\/08\/Beata-Szoltysek-150x150.png 150w\" sizes=\"(max-width: 500px) 100vw, 500px\" \/>\t\t\t\t\t\t\t\t\t\t\t\t\t\t\t<\/div>\n\t\t\t\t<\/div>\n\t\t\t\t\t<\/div>\n\t\t<\/div>\n\t\t\t\t<div class=\"elementor-column elementor-col-50 elementor-inner-column elementor-element elementor-element-5fe132c\" data-id=\"5fe132c\" data-element_type=\"column\" data-e-type=\"column\">\n\t\t\t<div class=\"elementor-widget-wrap elementor-element-populated\">\n\t\t\t\t\t\t<div class=\"elementor-element elementor-element-734cfa9 elementor-widget elementor-widget-text-editor\" data-id=\"734cfa9\" data-element_type=\"widget\" data-e-type=\"widget\" data-widget_type=\"text-editor.default\">\n\t\t\t\t<div class=\"elementor-widget-container\">\n\t\t\t\t\t\t\t\t\t<p><strong>Beata Szo\u0142tysek<\/strong><\/p><p><span data-olk-copy-source=\"MessageBody\">Nauczycielka j. polskiego i filozofii w szko\u0142ach \u015brednich z 20-letnim do\u015bwiadczeniem. Pasjonatka sztuki, regionalizmu i metod nauczania opartych na podej\u015bciu holistycznym. Absolwentka studi\u00f3w podyplomowych z wiedzy o regionie, biegle w\u0142adaj\u0105ca j\u0119zykiem \u015bl\u0105skim, autorka \u015bl\u0105skiego dyktanda, prowadz\u0105ca kurs doskonal\u0105cy dla nauczycieli regionalist\u00f3w. Przez 7 lat pracowa\u0142a jako starszy wizytator i Zast\u0119pca Rzecznika Dyscyplinarnego w Kuratorium O\u015bwiaty w Katowicach Delegaturze w Rybniku, dzi\u0119ki czemu wspiera kadry kierownicze o\u015bwiaty, prowadz\u0105c szkolenia w ramach sieci dyrektora w RODN i IP &#8220;WOM&#8221; w Rybniku jako nauczycielka-konsultantka. Ponadto organizuje seminaria i warsztaty dla nauczycieli j. polskiego, filozofii, promuje prac\u0119 metod\u0105 projekt\u00f3w w szkole oraz pokazuje niestandardowe mo\u017cliwo\u015bci wykorzystania popkultury w nauczaniu literatury. Wsp\u00f3\u0142tworzy kwartalnik &#8220;Dialog Edukacyjny&#8221;. Uczestniczy\u0142a w programie Erasmus+ w Portugalii i Szwecji, poznaj\u0105c systemy edukacyjne tych kraj\u00f3w i szkol\u0105c si\u0119 w nieformalnych metodach nauczania opartych o aktywne do\u015bwiadczanie \u015bwiata przez uczni\u00f3w. W tym zakresie poszerzy\u0142a swoj\u0105 wiedz\u0119 i umiej\u0119tno\u015bci w Szkole Prototypowania w ramach Programu Ministra Edukacji i Nauki oraz Centrum Nauki Kopernik w Warszawie.<\/span><\/p>\t\t\t\t\t\t\t\t<\/div>\n\t\t\t\t<\/div>\n\t\t\t\t\t<\/div>\n\t\t<\/div>\n\t\t\t\t\t<\/div>\n\t\t<\/section>\n\t\t\t\t<section class=\"elementor-section elementor-inner-section elementor-element elementor-element-2082501 elementor-section-boxed elementor-section-height-default elementor-section-height-default\" data-id=\"2082501\" data-element_type=\"section\" data-e-type=\"section\">\n\t\t\t\t\t\t<div class=\"elementor-container elementor-column-gap-default\">\n\t\t\t\t\t<div class=\"elementor-column elementor-col-50 elementor-inner-column elementor-element elementor-element-0ae9b4d\" data-id=\"0ae9b4d\" data-element_type=\"column\" data-e-type=\"column\">\n\t\t\t<div class=\"elementor-widget-wrap elementor-element-populated\">\n\t\t\t\t\t\t<div class=\"elementor-element elementor-element-5ee932e elementor-widget elementor-widget-image\" data-id=\"5ee932e\" data-element_type=\"widget\" data-e-type=\"widget\" data-widget_type=\"image.default\">\n\t\t\t\t<div class=\"elementor-widget-container\">\n\t\t\t\t\t\t\t\t\t\t\t\t\t\t\t<img loading=\"lazy\" decoding=\"async\" width=\"500\" height=\"500\" src=\"https:\/\/uniwersytetotwarty.us.edu.pl\/ko\/wp-content\/uploads\/sites\/7\/2025\/08\/Joanna-Zebrowska.png\" class=\"attachment-large size-large wp-image-1061\" alt=\"\" srcset=\"https:\/\/uniwersytetotwarty.us.edu.pl\/ko\/wp-content\/uploads\/sites\/7\/2025\/08\/Joanna-Zebrowska.png 500w, https:\/\/uniwersytetotwarty.us.edu.pl\/ko\/wp-content\/uploads\/sites\/7\/2025\/08\/Joanna-Zebrowska-300x300.png 300w, https:\/\/uniwersytetotwarty.us.edu.pl\/ko\/wp-content\/uploads\/sites\/7\/2025\/08\/Joanna-Zebrowska-150x150.png 150w\" sizes=\"(max-width: 500px) 100vw, 500px\" \/>\t\t\t\t\t\t\t\t\t\t\t\t\t\t\t<\/div>\n\t\t\t\t<\/div>\n\t\t\t\t\t<\/div>\n\t\t<\/div>\n\t\t\t\t<div class=\"elementor-column elementor-col-50 elementor-inner-column elementor-element elementor-element-8779f9a\" data-id=\"8779f9a\" data-element_type=\"column\" data-e-type=\"column\">\n\t\t\t<div class=\"elementor-widget-wrap elementor-element-populated\">\n\t\t\t\t\t\t<div class=\"elementor-element elementor-element-10a8279 elementor-widget elementor-widget-text-editor\" data-id=\"10a8279\" data-element_type=\"widget\" data-e-type=\"widget\" data-widget_type=\"text-editor.default\">\n\t\t\t\t<div class=\"elementor-widget-container\">\n\t\t\t\t\t\t\t\t\t<p><strong>Joanna \u017bebrowska<\/strong><\/p><p>Absolwentka Wydzia\u0142u In\u017cynieryjno-Ekonomicznego Przemys\u0142u Akademii Ekonomicznej we Wroc\u0142awiu oraz podyplomowych studi\u00f3w w zakresie \u017cywienia cz\u0142owieka. Zwyci\u0119\u017cczyni g\u0142\u00f3wnej nagrody przyznanej przez Komisj\u0119 Europejsk\u0105 w 2018 roku w konkursie Teacher and Trainer w ramach Europejskich Umiej\u0119tno\u015bci Zawodowych w Wiedniu a tak\u017ce nagrody Eduinpiratora przyznanej przez Fundacj\u0119 Rozwoju Systemu Edukacji w Warszawie. Cz\u0142onkini Rady Dyrektor\u00f3w Szkolnictwa Bran\u017cowego przy MEN-ie oraz Wojew\u00f3dzkiej Rady Dyrektor\u00f3w przy Kuratorze O\u015bwiaty. Jest nauczycielem przedmiot\u00f3w zawodowych bran\u017cy spo\u017cywczej <br \/>i gastronomicznej z 30 letnim sta\u017cem. Od 18 lat -dyrektorem Zespo\u0142u Szk\u00f3\u0142 Nr 7 <br \/>w Tychach.<br \/>Jest autork\u0105 15 projekt\u00f3w w ramach Kszta\u0142cenia i Szkolenia Zawodowego Erasmus+ (i Leonardo da Vinci), na kt\u00f3re pozyska\u0142a ponad 1 mln euro. Pasjonatka cukiernictwa, autor warsztat\u00f3w dla m\u0142odzie\u017cy \u201dWariacje karmelowo-czekoladowe\u201d, \u201eKursu carvingu\u201d,\u00a0 \u201dZaczarowany \u015bwiat s\u0142odkiej dekoracji\u201d-\u00a0 kt\u00f3re cieszy\u0142y si\u0119\u00a0 du\u017c\u0105 popularno\u015bci\u0105\u02db w\u015br\u00f3d m\u0142odzie\u017cy. Zara\u017ca swoich uczni\u00f3w pasj\u0105 do cukiernictwa, dekoracji \u0142\u0105czenia smak\u00f3w i struktur.<br \/>W \u017cyciu osobistym najbardziej jest dumna ze wspania\u0142ej rodziny m\u0119\u017ca i syna. Uwielbia podr\u00f3\u017ce, ale najbardziej kocha porann\u0105 kaw\u0119 na swoim tarasie podczas weekendowych s\u0142onecznych porank\u00f3w.<\/p>\t\t\t\t\t\t\t\t<\/div>\n\t\t\t\t<\/div>\n\t\t\t\t\t<\/div>\n\t\t<\/div>\n\t\t\t\t\t<\/div>\n\t\t<\/section>\n\t\t\t\t<section class=\"elementor-section elementor-inner-section elementor-element elementor-element-8618d4d elementor-section-boxed elementor-section-height-default elementor-section-height-default\" data-id=\"8618d4d\" data-element_type=\"section\" data-e-type=\"section\">\n\t\t\t\t\t\t<div class=\"elementor-container elementor-column-gap-default\">\n\t\t\t\t\t<div class=\"elementor-column elementor-col-50 elementor-inner-column elementor-element elementor-element-ce48e05\" data-id=\"ce48e05\" data-element_type=\"column\" data-e-type=\"column\">\n\t\t\t<div class=\"elementor-widget-wrap elementor-element-populated\">\n\t\t\t\t\t\t<div class=\"elementor-element elementor-element-248d20d elementor-widget elementor-widget-image\" data-id=\"248d20d\" data-element_type=\"widget\" data-e-type=\"widget\" data-widget_type=\"image.default\">\n\t\t\t\t<div class=\"elementor-widget-container\">\n\t\t\t\t\t\t\t\t\t\t\t\t\t\t\t<img loading=\"lazy\" decoding=\"async\" width=\"600\" height=\"568\" src=\"https:\/\/uniwersytetotwarty.us.edu.pl\/ko\/wp-content\/uploads\/sites\/7\/2024\/09\/computer-icons-person-anonymous.jpg\" class=\"attachment-large size-large wp-image-571\" alt=\"\" srcset=\"https:\/\/uniwersytetotwarty.us.edu.pl\/ko\/wp-content\/uploads\/sites\/7\/2024\/09\/computer-icons-person-anonymous.jpg 600w, https:\/\/uniwersytetotwarty.us.edu.pl\/ko\/wp-content\/uploads\/sites\/7\/2024\/09\/computer-icons-person-anonymous-300x284.jpg 300w\" sizes=\"(max-width: 600px) 100vw, 600px\" \/>\t\t\t\t\t\t\t\t\t\t\t\t\t\t\t<\/div>\n\t\t\t\t<\/div>\n\t\t\t\t\t<\/div>\n\t\t<\/div>\n\t\t\t\t<div class=\"elementor-column elementor-col-50 elementor-inner-column elementor-element elementor-element-2c28d78\" data-id=\"2c28d78\" data-element_type=\"column\" data-e-type=\"column\">\n\t\t\t<div class=\"elementor-widget-wrap elementor-element-populated\">\n\t\t\t\t\t\t<div class=\"elementor-element elementor-element-577fb8b elementor-widget elementor-widget-text-editor\" data-id=\"577fb8b\" data-element_type=\"widget\" data-e-type=\"widget\" data-widget_type=\"text-editor.default\">\n\t\t\t\t<div class=\"elementor-widget-container\">\n\t\t\t\t\t\t\t\t\t<p><strong>Remigiusz R\u0105czka<\/strong><\/p><p>Polski kucharz, restaurator, nauczyciel i osobowo\u015b\u0107 telewizyjna. Uko\u0144czy\u0142 technikum hotelarskie, a nast\u0119pnie studia na kierunku hotelarstwo i pedagogiczne studia podyplomowe. Jest nauczycielem w Zespole Szk\u00f3\u0142 Ekonomicznych w Wodzis\u0142awiu \u015al\u0105skim. Od 2001 roku jest zwi\u0105zany z gastronomi\u0105, a od 2008 roku prowadzi audycje telewizyjne i radiowe dotycz\u0105ce gotowania. W latach 2008\u20132011 prowadzi\u0142 program pt. Kuchnia po \u015bl\u0105sku, emitowany przez TVS, od 2014 jest gospodarzem programu pt. R\u0105czka gotuje, nadawanego przez TVP3 Katowice], a od 2019 roku TVP emituje prowadzony przez niego program pt. Klasztorne smaki Remigiusza R\u0105czki. W latach 2017\u20132019 m.in. wraz z Adamem Borowiczem wyst\u0119powa\u0142 w porannym magazynie TVP pt. Pytanie na \u015bniadanie.\u00a0<br \/>W latach 2015\u20132019 bra\u0142 udzia\u0142 w audycjach radiowych, nadawanych m.in. w Radiu Vanessa, Radiu Katowice oraz Radiu Silesia. Publikowa\u0142 r\u00f3wnie\u017c felietony na \u0142amach \u201eNowin Wodzis\u0142awskich\u201d oraz \u201eTygodnika Rybnickiego\u201d. W latach 2013\u20132020 prowadzi\u0142 w Wodzis\u0142awiu \u015al\u0105skim restauracj\u0119 autorsk\u0105 R\u0105czka Gotuje.\u00a0<br \/>W 2022 roku zosta\u0142 odznaczony Br\u0105zowym Krzy\u017cem Zas\u0142ugi za \u201eupowszechnianie tradycji regionalnej\u201d<\/p>\t\t\t\t\t\t\t\t<\/div>\n\t\t\t\t<\/div>\n\t\t\t\t\t<\/div>\n\t\t<\/div>\n\t\t\t\t\t<\/div>\n\t\t<\/section>\n\t\t\t\t<section class=\"elementor-section elementor-inner-section elementor-element elementor-element-19ab1b0 elementor-section-boxed elementor-section-height-default elementor-section-height-default\" data-id=\"19ab1b0\" data-element_type=\"section\" data-e-type=\"section\">\n\t\t\t\t\t\t<div class=\"elementor-container elementor-column-gap-default\">\n\t\t\t\t\t<div class=\"elementor-column elementor-col-50 elementor-inner-column elementor-element elementor-element-4a66564\" data-id=\"4a66564\" data-element_type=\"column\" data-e-type=\"column\">\n\t\t\t<div class=\"elementor-widget-wrap elementor-element-populated\">\n\t\t\t\t\t\t<div class=\"elementor-element elementor-element-09f060b elementor-widget elementor-widget-image\" data-id=\"09f060b\" data-element_type=\"widget\" data-e-type=\"widget\" data-widget_type=\"image.default\">\n\t\t\t\t<div class=\"elementor-widget-container\">\n\t\t\t\t\t\t\t\t\t\t\t\t\t\t\t<img loading=\"lazy\" decoding=\"async\" width=\"500\" height=\"500\" src=\"https:\/\/uniwersytetotwarty.us.edu.pl\/ko\/wp-content\/uploads\/sites\/7\/2025\/08\/Aldona-Skubiszewska.png\" class=\"attachment-large size-large wp-image-1047\" alt=\"\" srcset=\"https:\/\/uniwersytetotwarty.us.edu.pl\/ko\/wp-content\/uploads\/sites\/7\/2025\/08\/Aldona-Skubiszewska.png 500w, https:\/\/uniwersytetotwarty.us.edu.pl\/ko\/wp-content\/uploads\/sites\/7\/2025\/08\/Aldona-Skubiszewska-300x300.png 300w, https:\/\/uniwersytetotwarty.us.edu.pl\/ko\/wp-content\/uploads\/sites\/7\/2025\/08\/Aldona-Skubiszewska-150x150.png 150w\" sizes=\"(max-width: 500px) 100vw, 500px\" \/>\t\t\t\t\t\t\t\t\t\t\t\t\t\t\t<\/div>\n\t\t\t\t<\/div>\n\t\t\t\t\t<\/div>\n\t\t<\/div>\n\t\t\t\t<div class=\"elementor-column elementor-col-50 elementor-inner-column elementor-element elementor-element-51a0862\" data-id=\"51a0862\" data-element_type=\"column\" data-e-type=\"column\">\n\t\t\t<div class=\"elementor-widget-wrap elementor-element-populated\">\n\t\t\t\t\t\t<div class=\"elementor-element elementor-element-6173e47 elementor-widget elementor-widget-text-editor\" data-id=\"6173e47\" data-element_type=\"widget\" data-e-type=\"widget\" data-widget_type=\"text-editor.default\">\n\t\t\t\t<div class=\"elementor-widget-container\">\n\t\t\t\t\t\t\t\t\t<p><strong>Aldona Skubiszewska<\/strong><\/p><p>Absolwentka Uniwersytetu Ekonomicznego w Katowicach na kierunku Zarz\u0105dzanie i marketing. Uko\u0144czy\u0142a r\u00f3wnie\u017c studia podyplomowe z zakresu zarz\u0105dzania o\u015bwiat\u0105, informatyki i technologii informacyjnej, oligofrenopedagogiki, pedagogiki leczniczej oraz surdopedagogiki. Nauczycielka dyplomowana przedmiot\u00f3w zawodowych. Posiada kwalifikacje doradcy zawodowego.<br \/>Od 2011 roku pe\u0142ni funkcj\u0119 dyrektora Zespo\u0142u Szk\u00f3\u0142 Technicznych i Og\u00f3lnokszta\u0142c\u0105cych nr 2 w Katowicach. Prowadzi zaj\u0119cia na uczelniach wy\u017cszych oraz aktywnie dzia\u0142a jako egzaminator w zawodach technik ekonomista i technik rachunkowo\u015bci. Jest r\u00f3wnie\u017c wiceprzewodnicz\u0105c\u0105 Stowarzyszenia Aktywnych Szk\u00f3\u0142 Ponadpodstawowych.<br \/>Aktywnie dzia\u0142a na rzecz rozwoju edukacji \u2013 jako liderka w \u015brodowisku o\u015bwiatowym, wsp\u00f3\u0142pracuj\u0105c z licznymi instytucjami i organizacjami spo\u0142ecznymi oraz anga\u017cuj\u0105c si\u0119 w r\u00f3\u017cnorodne projekty edukacyjne i spo\u0142eczne. Jej zaanga\u017cowanie i osi\u0105gni\u0119cia zosta\u0142y docenione wieloma wyr\u00f3\u017cnieniami, w tym Z\u0142ot\u0105 Odznak\u0105 Honorow\u0105 za Zas\u0142ugi dla Wojew\u00f3dztwa \u015al\u0105skiego, Medalem Komisji Edukacji Narodowej, nagrod\u0105 \u015al\u0105skiego Kuratora O\u015bwiaty oraz wielokrotnie nagrod\u0105 Prezydenta Miasta Katowice.<\/p>\t\t\t\t\t\t\t\t<\/div>\n\t\t\t\t<\/div>\n\t\t\t\t\t<\/div>\n\t\t<\/div>\n\t\t\t\t\t<\/div>\n\t\t<\/section>\n\t\t\t\t<section class=\"elementor-section elementor-inner-section elementor-element elementor-element-70b545a elementor-section-boxed elementor-section-height-default elementor-section-height-default\" data-id=\"70b545a\" data-element_type=\"section\" data-e-type=\"section\">\n\t\t\t\t\t\t<div class=\"elementor-container elementor-column-gap-default\">\n\t\t\t\t\t<div class=\"elementor-column elementor-col-50 elementor-inner-column elementor-element elementor-element-8e0775e\" data-id=\"8e0775e\" data-element_type=\"column\" data-e-type=\"column\">\n\t\t\t<div class=\"elementor-widget-wrap elementor-element-populated\">\n\t\t\t\t\t\t<div class=\"elementor-element elementor-element-50e0f15 elementor-widget elementor-widget-image\" data-id=\"50e0f15\" data-element_type=\"widget\" data-e-type=\"widget\" data-widget_type=\"image.default\">\n\t\t\t\t<div class=\"elementor-widget-container\">\n\t\t\t\t\t\t\t\t\t\t\t\t\t\t\t<img decoding=\"async\" src=\"https:\/\/uniwersytetotwarty.us.edu.pl\/ko\/wp-content\/uploads\/sites\/7\/2025\/08\/Ewa-Moc.png\" title=\"\" alt=\"\" loading=\"lazy\" \/>\t\t\t\t\t\t\t\t\t\t\t\t\t\t\t<\/div>\n\t\t\t\t<\/div>\n\t\t\t\t\t<\/div>\n\t\t<\/div>\n\t\t\t\t<div class=\"elementor-column elementor-col-50 elementor-inner-column elementor-element elementor-element-fe03564\" data-id=\"fe03564\" data-element_type=\"column\" data-e-type=\"column\">\n\t\t\t<div class=\"elementor-widget-wrap elementor-element-populated\">\n\t\t\t\t\t\t<div class=\"elementor-element elementor-element-7a3d0da elementor-widget elementor-widget-text-editor\" data-id=\"7a3d0da\" data-element_type=\"widget\" data-e-type=\"widget\" data-widget_type=\"text-editor.default\">\n\t\t\t\t<div class=\"elementor-widget-container\">\n\t\t\t\t\t\t\t\t\t<p><strong>Ewa Moc<\/strong><\/p><p>Ekspert ds. wsp\u00f3\u0142pracy ze szkolnictwem w PKP Intercity. Jej 35-letnia kariera zawodowa to droga po \u017celaznych torach. Od kasjerki, przez naczelnika i dyrektora do funkcji, kt\u00f3ra pozwala jej przekazywa\u0107 pasje do kolejnictwa kolejnym pokoleniom m\u0142odych ludzi.<br \/>Jak mawia \u2013 je\u017celi le\u017cy Ci na sercu odbudowa szkolnictwa bran\u017cowego \u2013 porozmawiajmy! Laureatka oznaczenia resortowego \u201eZas\u0142u\u017cony dla Kolejnictwa&#8221;.<br \/>Prywatnie szcz\u0119\u015bliwa \u017cona i mama tr\u00f3jki dzieci.<\/p>\t\t\t\t\t\t\t\t<\/div>\n\t\t\t\t<\/div>\n\t\t\t\t\t<\/div>\n\t\t<\/div>\n\t\t\t\t\t<\/div>\n\t\t<\/section>\n\t\t\t\t<section class=\"elementor-section elementor-inner-section elementor-element elementor-element-573b409 elementor-section-boxed elementor-section-height-default elementor-section-height-default\" data-id=\"573b409\" data-element_type=\"section\" data-e-type=\"section\">\n\t\t\t\t\t\t<div class=\"elementor-container elementor-column-gap-default\">\n\t\t\t\t\t<div class=\"elementor-column elementor-col-50 elementor-inner-column elementor-element elementor-element-b1cbc6e\" data-id=\"b1cbc6e\" data-element_type=\"column\" data-e-type=\"column\">\n\t\t\t<div class=\"elementor-widget-wrap elementor-element-populated\">\n\t\t\t\t\t\t<div class=\"elementor-element elementor-element-a535508 elementor-widget elementor-widget-image\" data-id=\"a535508\" data-element_type=\"widget\" data-e-type=\"widget\" data-widget_type=\"image.default\">\n\t\t\t\t<div class=\"elementor-widget-container\">\n\t\t\t\t\t\t\t\t\t\t\t\t\t\t\t<img loading=\"lazy\" decoding=\"async\" width=\"500\" height=\"500\" src=\"https:\/\/uniwersytetotwarty.us.edu.pl\/ko\/wp-content\/uploads\/sites\/7\/2025\/08\/Agnieszka-Twarog-Kanus.png\" class=\"attachment-large size-large wp-image-1046\" alt=\"\" srcset=\"https:\/\/uniwersytetotwarty.us.edu.pl\/ko\/wp-content\/uploads\/sites\/7\/2025\/08\/Agnieszka-Twarog-Kanus.png 500w, https:\/\/uniwersytetotwarty.us.edu.pl\/ko\/wp-content\/uploads\/sites\/7\/2025\/08\/Agnieszka-Twarog-Kanus-300x300.png 300w, https:\/\/uniwersytetotwarty.us.edu.pl\/ko\/wp-content\/uploads\/sites\/7\/2025\/08\/Agnieszka-Twarog-Kanus-150x150.png 150w\" sizes=\"(max-width: 500px) 100vw, 500px\" \/>\t\t\t\t\t\t\t\t\t\t\t\t\t\t\t<\/div>\n\t\t\t\t<\/div>\n\t\t\t\t\t<\/div>\n\t\t<\/div>\n\t\t\t\t<div class=\"elementor-column elementor-col-50 elementor-inner-column elementor-element elementor-element-9215570\" data-id=\"9215570\" data-element_type=\"column\" data-e-type=\"column\">\n\t\t\t<div class=\"elementor-widget-wrap elementor-element-populated\">\n\t\t\t\t\t\t<div class=\"elementor-element elementor-element-c9e297f elementor-widget elementor-widget-text-editor\" data-id=\"c9e297f\" data-element_type=\"widget\" data-e-type=\"widget\" data-widget_type=\"text-editor.default\">\n\t\t\t\t<div class=\"elementor-widget-container\">\n\t\t\t\t\t\t\t\t\t<p><strong>dr Agnieszka Twar\u00f3g-Kanus<\/strong><\/p><p>Nauczyciel konsultant ds. edukacji wczesnoszkolnej i przedszkolnej w Regionalnym O\u015brodku Doskonalenie WOM w Katowicach, adiunkt badawczo-dydaktyczny Uniwersytetu Bielsko-Bialskiego, trenerka TUS, mediatorka, coach, tutor, mentor w edukacji, oligofrenopedagog, podnosz\u0105ca kwalifikacje w tematyce neuror\u00f3\u017cnorodno\u015bci. Pracuje nurtem Terapii Skoncertowanej na Rozwi\u0105zaniach. Autorka i wsp\u00f3\u0142redaktorka licznych popularnonaukowych i naukowych publikacji i artyku\u0142\u00f3w w tematyce kompetencji nauczycielskich oraz wspomagania procesu kszta\u0142cenia i wychowania dzieci w wieku wczesnoszkolnym, r\u00f3wnie\u017c uczni\u00f3w z indywidualnymi potrzebami edukacyjnymi.<\/p>\t\t\t\t\t\t\t\t<\/div>\n\t\t\t\t<\/div>\n\t\t\t\t\t<\/div>\n\t\t<\/div>\n\t\t\t\t\t<\/div>\n\t\t<\/section>\n\t\t\t\t<section class=\"elementor-section elementor-inner-section elementor-element elementor-element-36bf7b2 elementor-section-boxed elementor-section-height-default elementor-section-height-default\" data-id=\"36bf7b2\" data-element_type=\"section\" data-e-type=\"section\">\n\t\t\t\t\t\t<div class=\"elementor-container elementor-column-gap-default\">\n\t\t\t\t\t<div class=\"elementor-column elementor-col-50 elementor-inner-column elementor-element elementor-element-4732454\" data-id=\"4732454\" data-element_type=\"column\" data-e-type=\"column\">\n\t\t\t<div class=\"elementor-widget-wrap elementor-element-populated\">\n\t\t\t\t\t\t<div class=\"elementor-element elementor-element-f18e750 elementor-widget elementor-widget-image\" data-id=\"f18e750\" data-element_type=\"widget\" data-e-type=\"widget\" data-widget_type=\"image.default\">\n\t\t\t\t<div class=\"elementor-widget-container\">\n\t\t\t\t\t\t\t\t\t\t\t\t\t\t\t<img loading=\"lazy\" decoding=\"async\" width=\"500\" height=\"500\" src=\"https:\/\/uniwersytetotwarty.us.edu.pl\/ko\/wp-content\/uploads\/sites\/7\/2025\/08\/Halszka-Witkowska.png\" class=\"attachment-large size-large wp-image-1057\" alt=\"\" srcset=\"https:\/\/uniwersytetotwarty.us.edu.pl\/ko\/wp-content\/uploads\/sites\/7\/2025\/08\/Halszka-Witkowska.png 500w, https:\/\/uniwersytetotwarty.us.edu.pl\/ko\/wp-content\/uploads\/sites\/7\/2025\/08\/Halszka-Witkowska-300x300.png 300w, https:\/\/uniwersytetotwarty.us.edu.pl\/ko\/wp-content\/uploads\/sites\/7\/2025\/08\/Halszka-Witkowska-150x150.png 150w\" sizes=\"(max-width: 500px) 100vw, 500px\" \/>\t\t\t\t\t\t\t\t\t\t\t\t\t\t\t<\/div>\n\t\t\t\t<\/div>\n\t\t\t\t\t<\/div>\n\t\t<\/div>\n\t\t\t\t<div class=\"elementor-column elementor-col-50 elementor-inner-column elementor-element elementor-element-83f2a14\" data-id=\"83f2a14\" data-element_type=\"column\" data-e-type=\"column\">\n\t\t\t<div class=\"elementor-widget-wrap elementor-element-populated\">\n\t\t\t\t\t\t<div class=\"elementor-element elementor-element-3e2a93b elementor-widget elementor-widget-text-editor\" data-id=\"3e2a93b\" data-element_type=\"widget\" data-e-type=\"widget\" data-widget_type=\"text-editor.default\">\n\t\t\t\t<div class=\"elementor-widget-container\">\n\t\t\t\t\t\t\t\t\t<p><strong>dr Halszka Witkowska<\/strong><\/p><p>Wiceprezes Polskiego Towarzystwa Suicydologicznego, suicydolog, konsultant kryzysowy, Ekspert Biura ds. Zapobiegania Zachowaniom Samob\u00f3jczym w Instytucie Psychiatrii i Neurologii w Warszawie, Wyk\u0142adowca na Wydziale Artes Liberales Uniwersytetu Warszawskiego, Pomys\u0142odawczyni i koordynatorka pierwszego w Polsce serwisu edukacyjno-pomocowego dla os\u00f3b w kryzysie samob\u00f3jczym i ich bliskich www.zwjr.pl Jest cz\u0142onkiem Zespo\u0142u Roboczego ds. prewencji samob\u00f3jstw i depresji przy Radzie ds. Zdrowia Publicznego w Ministerstwie Zdrowia. Autorka ksi\u0105\u017cek \u201eSamob\u00f3jstwo w kulturze dzisiejszej. Listy samob\u00f3jc\u00f3w jako gatunek wypowiedzi i fakt kulturowy\u201d oraz wydanej w 2022 roku \u201e\u017bycie mimo wszystko. Rozmowy o samob\u00f3jstwie\u201d, a tak\u017ce wsp\u00f3\u0142autork\u0105 wydanej w 2024 roku ksi\u0105\u017cki \u201eNiewys\u0142uchani. O \u015bmierci samob\u00f3jczej i tych kt\u00f3rzy pozostali\u201d oraz wsp\u00f3\u0142redaktork\u0105 monografii zbiorowej \u201eAutodestrukcja. Sytuacje graniczne we wsp\u00f3\u0142czesnej kulturze\u201d\u00a0 \u201eNikt nie chce umiera\u0107. Autodestrukcja w perspektywie kulturowej\u201d, \u201eNie mam si\u0142y \u017cy\u0107! Autodestrukcja w kulturze\u201d oraz \u201ePoradnika dla moderator\u00f3w i administrator\u00f3w serwis\u00f3w internetowych\u201d, a tak\u017ce poradnika \u201eInterwencje po \u015bmierci samob\u00f3jczej \u2013 o znaczeniu i potrzebie dzia\u0142a\u0144 postwencyjnych w szkole\u201d oraz poradnik \u201eSamouszkodzenia \u2013 zrozumie\u0107 aby zapobiec\u201d. Ma na swoim koncie szereg publikacji naukowych z zakresu suicydologii, a tak\u017ce liczne wyst\u0105pienia na konferencjach oraz w mediach.<\/p>\t\t\t\t\t\t\t\t<\/div>\n\t\t\t\t<\/div>\n\t\t\t\t\t<\/div>\n\t\t<\/div>\n\t\t\t\t\t<\/div>\n\t\t<\/section>\n\t\t\t\t<section class=\"elementor-section elementor-inner-section elementor-element elementor-element-0641eaa elementor-section-boxed elementor-section-height-default elementor-section-height-default\" data-id=\"0641eaa\" data-element_type=\"section\" data-e-type=\"section\">\n\t\t\t\t\t\t<div class=\"elementor-container elementor-column-gap-default\">\n\t\t\t\t\t<div class=\"elementor-column elementor-col-50 elementor-inner-column elementor-element elementor-element-156fe1f\" data-id=\"156fe1f\" data-element_type=\"column\" data-e-type=\"column\">\n\t\t\t<div class=\"elementor-widget-wrap elementor-element-populated\">\n\t\t\t\t\t\t<div class=\"elementor-element elementor-element-78e2d8d elementor-widget elementor-widget-image\" data-id=\"78e2d8d\" data-element_type=\"widget\" data-e-type=\"widget\" data-widget_type=\"image.default\">\n\t\t\t\t<div class=\"elementor-widget-container\">\n\t\t\t\t\t\t\t\t\t\t\t\t\t\t\t<img loading=\"lazy\" decoding=\"async\" width=\"500\" height=\"500\" src=\"https:\/\/uniwersytetotwarty.us.edu.pl\/ko\/wp-content\/uploads\/sites\/7\/2025\/08\/Marcin-Kregiel.png\" class=\"attachment-large size-large wp-image-1068\" alt=\"\" srcset=\"https:\/\/uniwersytetotwarty.us.edu.pl\/ko\/wp-content\/uploads\/sites\/7\/2025\/08\/Marcin-Kregiel.png 500w, https:\/\/uniwersytetotwarty.us.edu.pl\/ko\/wp-content\/uploads\/sites\/7\/2025\/08\/Marcin-Kregiel-300x300.png 300w, https:\/\/uniwersytetotwarty.us.edu.pl\/ko\/wp-content\/uploads\/sites\/7\/2025\/08\/Marcin-Kregiel-150x150.png 150w\" sizes=\"(max-width: 500px) 100vw, 500px\" \/>\t\t\t\t\t\t\t\t\t\t\t\t\t\t\t<\/div>\n\t\t\t\t<\/div>\n\t\t\t\t\t<\/div>\n\t\t<\/div>\n\t\t\t\t<div class=\"elementor-column elementor-col-50 elementor-inner-column elementor-element elementor-element-4a7c964\" data-id=\"4a7c964\" data-element_type=\"column\" data-e-type=\"column\">\n\t\t\t<div class=\"elementor-widget-wrap elementor-element-populated\">\n\t\t\t\t\t\t<div class=\"elementor-element elementor-element-dd2eb7d elementor-widget elementor-widget-text-editor\" data-id=\"dd2eb7d\" data-element_type=\"widget\" data-e-type=\"widget\" data-widget_type=\"text-editor.default\">\n\t\t\t\t<div class=\"elementor-widget-container\">\n\t\t\t\t\t\t\t\t\t<p><strong>Marcin Kr\u0119giel <\/strong><\/p><p>Od 21 lat zwi\u0105zany z edukacj\u0105 pedagog szkolny i psycholog pracuj\u0105cy z m\u0142odzie\u017c\u0105, rodzicami oraz m\u0142odymi doros\u0142ymi. Jako nauczyciel specjalista zwi\u0105zany z dwiema publicznymi katowickim szko\u0142ami ponadpodstawowymi. Ekspert z obszaru zdrowia psychicznego nastolatk\u00f3w. Przy projektach i szkoleniach wsp\u00f3\u0142pracowa\u0142 z Uniwersytetem \u015al\u0105skim w Katowicach,\u00a0 Akademi\u0105 Humanitas w Sosnowcu oraz Instytutem Doskonalenia Nauczycieli Wiedza w Katowicach. Realizowa\u0142 dzia\u0142ania dotycz\u0105ce profilaktyki zdrowia oraz dobrostanu w ramach dzia\u0142a\u0144 UNICEF w Polsce oraz w ramach projekt\u00f3w Erasmus na Cyprze i w Finlandii.\u00a0 Od wielu lat prowadzi inspiruj\u0105ce mi\u0119dzynarodowe wymiany uczni\u00f3w z du\u0144sk\u0105 szko\u0142\u0105 w Hojer. W wsp\u00f3\u0142pracy z organizacjami pozarz\u0105dowymi by\u0142 konsultantem telefonu wsparcia projektu The Presja oraz prowadzi\u0142 wsparcie psychologiczne dla os\u00f3b z do\u015bwiadczeniem migracji i stresu mniejszo\u015bciowego. Specjalizuje si\u0119 w tematyce profilaktyki r\u00f3wie\u015bniczej, promocji zdrowia oraz poradnictwa psychologicznego.<\/p>\t\t\t\t\t\t\t\t<\/div>\n\t\t\t\t<\/div>\n\t\t\t\t\t<\/div>\n\t\t<\/div>\n\t\t\t\t\t<\/div>\n\t\t<\/section>\n\t\t\t\t<section class=\"elementor-section elementor-inner-section elementor-element elementor-element-e527e1f elementor-section-boxed elementor-section-height-default elementor-section-height-default\" data-id=\"e527e1f\" data-element_type=\"section\" data-e-type=\"section\">\n\t\t\t\t\t\t<div class=\"elementor-container elementor-column-gap-default\">\n\t\t\t\t\t<div class=\"elementor-column elementor-col-50 elementor-inner-column elementor-element elementor-element-41a56f7\" data-id=\"41a56f7\" data-element_type=\"column\" data-e-type=\"column\">\n\t\t\t<div class=\"elementor-widget-wrap elementor-element-populated\">\n\t\t\t\t\t\t<div class=\"elementor-element elementor-element-e64ffe8 elementor-widget elementor-widget-image\" data-id=\"e64ffe8\" data-element_type=\"widget\" data-e-type=\"widget\" data-widget_type=\"image.default\">\n\t\t\t\t<div class=\"elementor-widget-container\">\n\t\t\t\t\t\t\t\t\t\t\t\t\t\t\t<img loading=\"lazy\" decoding=\"async\" width=\"600\" height=\"568\" src=\"https:\/\/uniwersytetotwarty.us.edu.pl\/ko\/wp-content\/uploads\/sites\/7\/2024\/09\/computer-icons-person-anonymous.jpg\" class=\"attachment-large size-large wp-image-571\" alt=\"\" srcset=\"https:\/\/uniwersytetotwarty.us.edu.pl\/ko\/wp-content\/uploads\/sites\/7\/2024\/09\/computer-icons-person-anonymous.jpg 600w, https:\/\/uniwersytetotwarty.us.edu.pl\/ko\/wp-content\/uploads\/sites\/7\/2024\/09\/computer-icons-person-anonymous-300x284.jpg 300w\" sizes=\"(max-width: 600px) 100vw, 600px\" \/>\t\t\t\t\t\t\t\t\t\t\t\t\t\t\t<\/div>\n\t\t\t\t<\/div>\n\t\t\t\t\t<\/div>\n\t\t<\/div>\n\t\t\t\t<div class=\"elementor-column elementor-col-50 elementor-inner-column elementor-element elementor-element-8a6a465\" data-id=\"8a6a465\" data-element_type=\"column\" data-e-type=\"column\">\n\t\t\t<div class=\"elementor-widget-wrap elementor-element-populated\">\n\t\t\t\t\t\t<div class=\"elementor-element elementor-element-bdf9dba elementor-widget elementor-widget-text-editor\" data-id=\"bdf9dba\" data-element_type=\"widget\" data-e-type=\"widget\" data-widget_type=\"text-editor.default\">\n\t\t\t\t<div class=\"elementor-widget-container\">\n\t\t\t\t\t\t\t\t\t<p><strong>Krzysztof Ma\u0142ceki <\/strong><\/p><p>Od 3 lat udzia\u0142owiec i Partner zarz\u0105dzaj\u0105cy w grupie Euvic Performance. Wcze\u015bniej za\u0142o\u017cyciel agencji FFW Communication, a tak\u017ce m.in. w strukturach komunikacyjnych Hewlett Packard Polska (Enterprise PR Manager) oraz Getin Holding i Getin Bank (PR Manager\/ rzecznik prasowy).\u202f Przedsi\u0119biorca, ekspert komunikacji B2B i korporacyjnej.\u202f\u202f<br \/>W swojej karierze realizowa\u0142 i nadzorowa\u0142 projekty komunikacyjne m.in dla mBank, ING Bank, Velo Bank,\u202f Bosch und Siemens Hausger\u00e4te , Grupy Impel, Rockwool, Lenovo, Motorola, Ergo Hestia, Orange, Haier Group, Logitech, Canon, Q Service Castrol &#8211; a tak\u017ce dla Dubai Police w ZEA. Absolwent Wydzia\u0142u Nauk Spo\u0142ecznych UWr.\u202fPasjonat kolarstwa MTB i szosowego, entuzjasta historii lotnictwa.<\/p>\t\t\t\t\t\t\t\t<\/div>\n\t\t\t\t<\/div>\n\t\t\t\t\t<\/div>\n\t\t<\/div>\n\t\t\t\t\t<\/div>\n\t\t<\/section>\n\t\t\t\t<section class=\"elementor-section elementor-inner-section elementor-element elementor-element-5a610b4 elementor-section-boxed elementor-section-height-default elementor-section-height-default\" data-id=\"5a610b4\" data-element_type=\"section\" data-e-type=\"section\">\n\t\t\t\t\t\t<div class=\"elementor-container elementor-column-gap-default\">\n\t\t\t\t\t<div class=\"elementor-column elementor-col-50 elementor-inner-column elementor-element elementor-element-0700959\" data-id=\"0700959\" data-element_type=\"column\" data-e-type=\"column\">\n\t\t\t<div class=\"elementor-widget-wrap elementor-element-populated\">\n\t\t\t\t\t\t<div class=\"elementor-element elementor-element-9dd5898 elementor-widget elementor-widget-image\" data-id=\"9dd5898\" data-element_type=\"widget\" data-e-type=\"widget\" data-widget_type=\"image.default\">\n\t\t\t\t<div class=\"elementor-widget-container\">\n\t\t\t\t\t\t\t\t\t\t\t\t\t\t\t<img loading=\"lazy\" decoding=\"async\" width=\"600\" height=\"568\" src=\"https:\/\/uniwersytetotwarty.us.edu.pl\/ko\/wp-content\/uploads\/sites\/7\/2024\/09\/computer-icons-person-anonymous.jpg\" class=\"attachment-large size-large wp-image-571\" alt=\"\" srcset=\"https:\/\/uniwersytetotwarty.us.edu.pl\/ko\/wp-content\/uploads\/sites\/7\/2024\/09\/computer-icons-person-anonymous.jpg 600w, https:\/\/uniwersytetotwarty.us.edu.pl\/ko\/wp-content\/uploads\/sites\/7\/2024\/09\/computer-icons-person-anonymous-300x284.jpg 300w\" sizes=\"(max-width: 600px) 100vw, 600px\" \/>\t\t\t\t\t\t\t\t\t\t\t\t\t\t\t<\/div>\n\t\t\t\t<\/div>\n\t\t\t\t\t<\/div>\n\t\t<\/div>\n\t\t\t\t<div class=\"elementor-column elementor-col-50 elementor-inner-column elementor-element elementor-element-411bfbb\" data-id=\"411bfbb\" data-element_type=\"column\" data-e-type=\"column\">\n\t\t\t<div class=\"elementor-widget-wrap elementor-element-populated\">\n\t\t\t\t\t\t<div class=\"elementor-element elementor-element-f63b205 elementor-widget elementor-widget-text-editor\" data-id=\"f63b205\" data-element_type=\"widget\" data-e-type=\"widget\" data-widget_type=\"text-editor.default\">\n\t\t\t\t<div class=\"elementor-widget-container\">\n\t\t\t\t\t\t\t\t\t<p><strong>Jakub Mazurkiewicz<\/strong><\/p><p>Uko\u0144czy\u0142 studia w Instytucie Dziennikarstwa i Komunikacji Spo\u0142ecznej na Uniwersytecie Wroc\u0142awskim. Przygod\u0119 z mediami zaczyna\u0142 jako researcher w TVP Wroc\u0142aw. Przeszed\u0142 r\u00f3\u017cnorodne etapy wtajemniczenia w specyfik\u0119 zawodu \u2013 od sta\u017cowania w Gazecie Wyborczej, po redagowanie rubryk technologicznych w \u201eMen&#8217;s Health\u201d. Pisa\u0142 dla magazyn\u00f3w \u201eCinema\u201d, \u201eKino\u201d, \u201eOdra\u201d czy \u201eRunner&#8217;s\u201d World. Wsp\u00f3\u0142pracowa\u0142 z TVP Polonia, realizuj\u0105c program \u201eJeste\u015bmy z PL\u201d, pe\u0142ni\u0142 funkcj\u0119 korespondenta miejskiego lifestyle&#8217;owego w miesi\u0119czniku \u201eAktivist\u201d.\u202f<br \/>By\u0142\u202fteam leaderem w pierwszej otwartej telewizji internetowej Lookr.TV stworzonej dla firmy Polkomtel. Zainicjowa\u0142 powstanie serwisu po\u015bwi\u0119conego social video dla marketer\u00f3w o nazwie YT360.pl. Wsp\u00f3\u0142prowadzi blog po\u015bwi\u0119cony podsferze podcastblog.pl.\u202f\u202f\u202f<br \/>Pomaga\u0142 i pomaga komunikowa\u0107 si\u0119 m.in. markom: Plus, LOT, GoPro Polska, Lenovo Polska, Motorola Polska, HPE Polska, ROCKWOOL, mBank. Prowadzone przez niego projekty by\u0142y nagradzane na bran\u017cowych konkursach: Webstary, Golden Arrow, Z\u0142ote Spinacze, Power of Content Marketing, Effie, EB Kreator. Aktualnie pe\u0142ni rol\u0119 dyrektora operacyjnego w strukturach Euvic Digital (Euvic Performance) oraz zarz\u0105dza zespo\u0142em SEO.<\/p>\t\t\t\t\t\t\t\t<\/div>\n\t\t\t\t<\/div>\n\t\t\t\t\t<\/div>\n\t\t<\/div>\n\t\t\t\t\t<\/div>\n\t\t<\/section>\n\t\t\t\t<section class=\"elementor-section elementor-inner-section elementor-element elementor-element-661abbe elementor-section-boxed elementor-section-height-default elementor-section-height-default\" data-id=\"661abbe\" data-element_type=\"section\" data-e-type=\"section\">\n\t\t\t\t\t\t<div class=\"elementor-container elementor-column-gap-default\">\n\t\t\t\t\t<div class=\"elementor-column elementor-col-50 elementor-inner-column elementor-element elementor-element-4126c2d\" data-id=\"4126c2d\" data-element_type=\"column\" data-e-type=\"column\">\n\t\t\t<div class=\"elementor-widget-wrap elementor-element-populated\">\n\t\t\t\t\t\t<div class=\"elementor-element elementor-element-885fcf5 elementor-widget elementor-widget-image\" data-id=\"885fcf5\" data-element_type=\"widget\" data-e-type=\"widget\" data-widget_type=\"image.default\">\n\t\t\t\t<div class=\"elementor-widget-container\">\n\t\t\t\t\t\t\t\t\t\t\t\t\t\t\t<img loading=\"lazy\" decoding=\"async\" width=\"500\" height=\"500\" src=\"https:\/\/uniwersytetotwarty.us.edu.pl\/ko\/wp-content\/uploads\/sites\/7\/2025\/08\/Grzegorz-Sikorski.png\" class=\"attachment-large size-large wp-image-1056\" alt=\"\" srcset=\"https:\/\/uniwersytetotwarty.us.edu.pl\/ko\/wp-content\/uploads\/sites\/7\/2025\/08\/Grzegorz-Sikorski.png 500w, https:\/\/uniwersytetotwarty.us.edu.pl\/ko\/wp-content\/uploads\/sites\/7\/2025\/08\/Grzegorz-Sikorski-300x300.png 300w, https:\/\/uniwersytetotwarty.us.edu.pl\/ko\/wp-content\/uploads\/sites\/7\/2025\/08\/Grzegorz-Sikorski-150x150.png 150w\" sizes=\"(max-width: 500px) 100vw, 500px\" \/>\t\t\t\t\t\t\t\t\t\t\t\t\t\t\t<\/div>\n\t\t\t\t<\/div>\n\t\t\t\t\t<\/div>\n\t\t<\/div>\n\t\t\t\t<div class=\"elementor-column elementor-col-50 elementor-inner-column elementor-element elementor-element-708d077\" data-id=\"708d077\" data-element_type=\"column\" data-e-type=\"column\">\n\t\t\t<div class=\"elementor-widget-wrap elementor-element-populated\">\n\t\t\t\t\t\t<div class=\"elementor-element elementor-element-6f30c92 elementor-widget elementor-widget-text-editor\" data-id=\"6f30c92\" data-element_type=\"widget\" data-e-type=\"widget\" data-widget_type=\"text-editor.default\">\n\t\t\t\t<div class=\"elementor-widget-container\">\n\t\t\t\t\t\t\t\t\t<p><strong>Grzegorz Sikorski <\/strong><\/p><p>Dyrektor Wojew\u00f3dzkiego Urz\u0119du Pracy w Katowicach, wyk\u0142adowca akademicki, trener, doradca zawodowy z wieloletnim sta\u017cem. Ekspert ds. rynku pracy, stale wsp\u00f3\u0142pracuj\u0105cy z europejskimi uczelniami, zw\u0142aszcza z Hochschule der Bundesagentur f\u00fcr Arbeit. W czasie pandemii wdra\u017ca\u0142 pakiety pomocowe dla przedsi\u0119biorc\u00f3w w postaci II filaru \u015al\u0105skiego Pakietu dla Gospodarki oraz rz\u0105dowej &#8220;Tarczy Antykryzysowej&#8221; na \u0142\u0105czn\u0105 kwot\u0119 ponad 2 mld z\u0142. Laureat Z\u0142otej Odznaki Honorowej za Zas\u0142ugi dla Wojew\u00f3dztwa \u015al\u0105skiego.<\/p>\t\t\t\t\t\t\t\t<\/div>\n\t\t\t\t<\/div>\n\t\t\t\t\t<\/div>\n\t\t<\/div>\n\t\t\t\t\t<\/div>\n\t\t<\/section>\n\t\t\t\t<section class=\"elementor-section elementor-inner-section elementor-element elementor-element-3b3f2ae elementor-section-boxed elementor-section-height-default elementor-section-height-default\" data-id=\"3b3f2ae\" data-element_type=\"section\" data-e-type=\"section\">\n\t\t\t\t\t\t<div class=\"elementor-container elementor-column-gap-default\">\n\t\t\t\t\t<div class=\"elementor-column elementor-col-50 elementor-inner-column elementor-element elementor-element-92e1b2b\" data-id=\"92e1b2b\" data-element_type=\"column\" data-e-type=\"column\">\n\t\t\t<div class=\"elementor-widget-wrap elementor-element-populated\">\n\t\t\t\t\t\t<div class=\"elementor-element elementor-element-549d83f elementor-widget elementor-widget-image\" data-id=\"549d83f\" data-element_type=\"widget\" data-e-type=\"widget\" data-widget_type=\"image.default\">\n\t\t\t\t<div class=\"elementor-widget-container\">\n\t\t\t\t\t\t\t\t\t\t\t\t\t\t\t<img loading=\"lazy\" decoding=\"async\" width=\"500\" height=\"500\" src=\"https:\/\/uniwersytetotwarty.us.edu.pl\/ko\/wp-content\/uploads\/sites\/7\/2025\/08\/Bernadeta-Sojka-Jany.png\" class=\"attachment-large size-large wp-image-1050\" alt=\"\" srcset=\"https:\/\/uniwersytetotwarty.us.edu.pl\/ko\/wp-content\/uploads\/sites\/7\/2025\/08\/Bernadeta-Sojka-Jany.png 500w, https:\/\/uniwersytetotwarty.us.edu.pl\/ko\/wp-content\/uploads\/sites\/7\/2025\/08\/Bernadeta-Sojka-Jany-300x300.png 300w, https:\/\/uniwersytetotwarty.us.edu.pl\/ko\/wp-content\/uploads\/sites\/7\/2025\/08\/Bernadeta-Sojka-Jany-150x150.png 150w\" sizes=\"(max-width: 500px) 100vw, 500px\" \/>\t\t\t\t\t\t\t\t\t\t\t\t\t\t\t<\/div>\n\t\t\t\t<\/div>\n\t\t\t\t\t<\/div>\n\t\t<\/div>\n\t\t\t\t<div class=\"elementor-column elementor-col-50 elementor-inner-column elementor-element elementor-element-0012478\" data-id=\"0012478\" data-element_type=\"column\" data-e-type=\"column\">\n\t\t\t<div class=\"elementor-widget-wrap elementor-element-populated\">\n\t\t\t\t\t\t<div class=\"elementor-element elementor-element-424c702 elementor-widget elementor-widget-text-editor\" data-id=\"424c702\" data-element_type=\"widget\" data-e-type=\"widget\" data-widget_type=\"text-editor.default\">\n\t\t\t\t<div class=\"elementor-widget-container\">\n\t\t\t\t\t\t\t\t\t<p><strong>Bernadeta Sojka-Jany<\/strong><\/p><p>Ekspertka rynku pracy, Wiceprzewodnicz\u0105ca Konwentu Dyrektor\u00f3w Wojew\u00f3dztwa \u015al\u0105skiego, zwi\u0105zana od ponad 25 lat z obszarem aktywizacji zawodowej, doradztwa zawodowego oraz poradnictwa zawodowego dla r\u00f3\u017cnych grup wiekowych. Posiada bogate do\u015bwiadczenie w kreowaniu i wdra\u017caniu innowacyjnych rozwi\u0105za\u0144 wspieraj\u0105cych rozw\u00f3j kompetencji zawodowych oraz zatrudnienie. Uko\u0144czy\u0142a studia MBA w zakresie Przemys\u0142u 4.0, a tak\u017ce studia podyplomowe mened\u017cerskie oraz z doradztwa zawodowego, co pozwala \u0142\u0105czy\u0107 wiedz\u0119 z zakresu zarz\u0105dzania, nowoczesnych technologii i specjalistycznej pomocy zawodowej. Od 14 lat pe\u0142ni funkcj\u0119 dyrektora Powiatowego Urz\u0119du Pracy, gdzie odpowiada za budowanie i realizacj\u0119 strategicznych proces\u00f3w instytucji, skutecznie dostosowuj\u0105c dzia\u0142ania urz\u0119du do dynamicznie zmieniaj\u0105cego si\u0119 rynku pracy. Jest inicjatork\u0105 licznych wydarze\u0144 i projekt\u00f3w, kt\u00f3re promuj\u0105 synergi\u0119 pomi\u0119dzy instytucjami publicznymi, podmiotami prywatnymi, plac\u00f3wkami o\u015bwiatowymi oraz sektorem ekonomii spo\u0142ecznej. Nadrz\u0119dnym celem zawodowym jest tworzenia efektywnych mechanizm\u00f3w wsparcia dla os\u00f3b poszukuj\u0105cych pracy oraz rozwoju zawodowego, a tak\u017ce budowanie partnerstw na rzecz lokalnego rynku pracy i rozwoju spo\u0142eczno-gospodarczego regionu.<\/p>\t\t\t\t\t\t\t\t<\/div>\n\t\t\t\t<\/div>\n\t\t\t\t\t<\/div>\n\t\t<\/div>\n\t\t\t\t\t<\/div>\n\t\t<\/section>\n\t\t\t\t<section class=\"elementor-section elementor-inner-section elementor-element elementor-element-652da3d elementor-section-boxed elementor-section-height-default elementor-section-height-default\" data-id=\"652da3d\" data-element_type=\"section\" data-e-type=\"section\">\n\t\t\t\t\t\t<div class=\"elementor-container elementor-column-gap-default\">\n\t\t\t\t\t<div class=\"elementor-column elementor-col-50 elementor-inner-column elementor-element elementor-element-3f6f144\" data-id=\"3f6f144\" data-element_type=\"column\" data-e-type=\"column\">\n\t\t\t<div class=\"elementor-widget-wrap elementor-element-populated\">\n\t\t\t\t\t\t<div class=\"elementor-element elementor-element-9f04a18 elementor-widget elementor-widget-image\" data-id=\"9f04a18\" data-element_type=\"widget\" data-e-type=\"widget\" data-widget_type=\"image.default\">\n\t\t\t\t<div class=\"elementor-widget-container\">\n\t\t\t\t\t\t\t\t\t\t\t\t\t\t\t<img loading=\"lazy\" decoding=\"async\" width=\"500\" height=\"500\" src=\"https:\/\/uniwersytetotwarty.us.edu.pl\/ko\/wp-content\/uploads\/sites\/7\/2025\/08\/Elzbieta-Modrzewska.png\" class=\"attachment-large size-large wp-image-1054\" alt=\"\" srcset=\"https:\/\/uniwersytetotwarty.us.edu.pl\/ko\/wp-content\/uploads\/sites\/7\/2025\/08\/Elzbieta-Modrzewska.png 500w, https:\/\/uniwersytetotwarty.us.edu.pl\/ko\/wp-content\/uploads\/sites\/7\/2025\/08\/Elzbieta-Modrzewska-300x300.png 300w, https:\/\/uniwersytetotwarty.us.edu.pl\/ko\/wp-content\/uploads\/sites\/7\/2025\/08\/Elzbieta-Modrzewska-150x150.png 150w\" sizes=\"(max-width: 500px) 100vw, 500px\" \/>\t\t\t\t\t\t\t\t\t\t\t\t\t\t\t<\/div>\n\t\t\t\t<\/div>\n\t\t\t\t\t<\/div>\n\t\t<\/div>\n\t\t\t\t<div class=\"elementor-column elementor-col-50 elementor-inner-column elementor-element elementor-element-06b4934\" data-id=\"06b4934\" data-element_type=\"column\" data-e-type=\"column\">\n\t\t\t<div class=\"elementor-widget-wrap elementor-element-populated\">\n\t\t\t\t\t\t<div class=\"elementor-element elementor-element-a3c6267 elementor-widget elementor-widget-text-editor\" data-id=\"a3c6267\" data-element_type=\"widget\" data-e-type=\"widget\" data-widget_type=\"text-editor.default\">\n\t\t\t\t<div class=\"elementor-widget-container\">\n\t\t\t\t\t\t\t\t\t<p><strong>El\u017cbieta Modrzewska<\/strong><\/p><p>Wicekurator O\u015bwiaty \u2013 Kuratorium O\u015bwiaty w Katowicach. Mgr filologii polskiej Uniwersytetu \u015al\u0105skiego, absolwentka studi\u00f3w podyplomowych MBA \u2013 Akademii WSB oraz\u00a0 EY Academy of Business,\u00a0 studi\u00f3w podyplomowych z zakresu Ewaluacji dydaktycznej\u00a0 i egzaminowania na Uniwersytecie Gda\u0144skim oraz\u00a0 Zarz\u0105dzania w\u00a0O\u015bwiacie. Uko\u0144czy\u0142a seminarium doktorskie z zakresu Zarz\u0105dzania Jako\u015bci\u0105 w Akademii WSB.<br \/>Trener edukacyjny z 25 letnim sta\u017cem, ekspert systemu egzamin\u00f3w zewn\u0119trznych, koordynatorka\u00a0\u00a0\u00a0 i cz\u0142onek zespo\u0142\u00f3w wdro\u017ceniowych wielu projekt\u00f3w edukacyjnych dla kadry kierowniczej i nauczycieli, w tym finansowanych z UE: EduScience, Banki Zada\u0144,E-ocenianie, Klucz do sukcesu oraz projekt\u00f3w zwi\u0105zanych z kszta\u0142ceniem zawodowym, s\u0142u\u017c\u0105cych dostosowaniu oferty edukacyjnej do potrzeb rynku pracy, w tym: Kszta\u0142cenie dualne, dobry start w bran\u017cy g\u00f3rniczo-hutniczej,\u00a0 \u015al\u0105skie. Zawodowcy,\u00a0 Szko\u0142a Przysz\u0142o\u015bci VR oraz Automotive StrefAcademy.<br \/>Autorka artyku\u0142\u00f3w i program\u00f3w szkoleniowych z zakresu pomiaru dydaktycznego, oceniania i egzaminowania,\u00a0 rozwoju kompetencji kluczowych,\u00a0 edukacji w\u0142\u0105czaj\u0105cej, zarz\u0105dzania plac\u00f3wk\u0105 o\u015bwiatow\u0105 oraz neurodydaktyki.<br \/>Zainteresowania to: pomiar dydaktyczny, neuroedukacja,\u00a0 ocenianie i egzaminowanie si\u0119 oraz turystyka rowerowa i narciarstwo.<\/p>\t\t\t\t\t\t\t\t<\/div>\n\t\t\t\t<\/div>\n\t\t\t\t\t<\/div>\n\t\t<\/div>\n\t\t\t\t\t<\/div>\n\t\t<\/section>\n\t\t\t\t<section class=\"elementor-section elementor-inner-section elementor-element elementor-element-413d4b8 elementor-section-boxed elementor-section-height-default elementor-section-height-default\" data-id=\"413d4b8\" data-element_type=\"section\" data-e-type=\"section\">\n\t\t\t\t\t\t<div class=\"elementor-container elementor-column-gap-default\">\n\t\t\t\t\t<div class=\"elementor-column elementor-col-50 elementor-inner-column elementor-element elementor-element-e007dff\" data-id=\"e007dff\" data-element_type=\"column\" data-e-type=\"column\">\n\t\t\t<div class=\"elementor-widget-wrap elementor-element-populated\">\n\t\t\t\t\t\t<div class=\"elementor-element elementor-element-68b4819 elementor-widget elementor-widget-image\" data-id=\"68b4819\" data-element_type=\"widget\" data-e-type=\"widget\" data-widget_type=\"image.default\">\n\t\t\t\t<div class=\"elementor-widget-container\">\n\t\t\t\t\t\t\t\t\t\t\t\t\t\t\t<img loading=\"lazy\" decoding=\"async\" width=\"600\" height=\"568\" src=\"https:\/\/uniwersytetotwarty.us.edu.pl\/ko\/wp-content\/uploads\/sites\/7\/2024\/09\/computer-icons-person-anonymous.jpg\" class=\"attachment-large size-large wp-image-571\" alt=\"\" srcset=\"https:\/\/uniwersytetotwarty.us.edu.pl\/ko\/wp-content\/uploads\/sites\/7\/2024\/09\/computer-icons-person-anonymous.jpg 600w, https:\/\/uniwersytetotwarty.us.edu.pl\/ko\/wp-content\/uploads\/sites\/7\/2024\/09\/computer-icons-person-anonymous-300x284.jpg 300w\" sizes=\"(max-width: 600px) 100vw, 600px\" \/>\t\t\t\t\t\t\t\t\t\t\t\t\t\t\t<\/div>\n\t\t\t\t<\/div>\n\t\t\t\t\t<\/div>\n\t\t<\/div>\n\t\t\t\t<div class=\"elementor-column elementor-col-50 elementor-inner-column elementor-element elementor-element-f9b2fae\" data-id=\"f9b2fae\" data-element_type=\"column\" data-e-type=\"column\">\n\t\t\t<div class=\"elementor-widget-wrap elementor-element-populated\">\n\t\t\t\t\t\t<div class=\"elementor-element elementor-element-94ccba0 elementor-widget elementor-widget-text-editor\" data-id=\"94ccba0\" data-element_type=\"widget\" data-e-type=\"widget\" data-widget_type=\"text-editor.default\">\n\t\t\t\t<div class=\"elementor-widget-container\">\n\t\t\t\t\t\t\t\t\t<p><strong>dr Katarzyna Sujkowska, prof. U\u015a<\/strong><\/p><p>J\u0119zykoznawczyni, badaczka, nauczycielka, spo\u0142eczniczka. Dyrektorka Kolegium Dydaktyki Og\u00f3lnouniwersyteckiej Uniwersytetu \u015al\u0105skiego w Katowicach, prezeska Fundacji Wiedzy i Dialogu Spo\u0142ecznego Agere Aude. Aktualnie koordynuje dwa projekty: Uczelnie Przysz\u0142o\u015bci, kt\u00f3ry jest innowacj\u0105 spo\u0142eczn\u0105 realizowan\u0105 w ramach FERS oraz SPACES. Student\u2019s path to self-awareness. Social competences in contemporary academia \u2013 mi\u0119dzynarodowy projekt realizowany w ramach programu Erasmus+. Autorka i wsp\u00f3\u0142autorka kilku ksi\u0105\u017cek (w tym Inkluzywnego narz\u0119dziownika stanowisk, funkcji i zawod\u00f3w w Uniwersytecie \u015al\u0105skim w Katowicach (s\u0142ownika fleksyjno-s\u0142owotw\u00f3rczego), a tak\u017ce kilkudziesi\u0119ciu artyku\u0142\u00f3w naukowych publikowanych w Polsce i za granic\u0105. Zainteresowania Katarzyny Sujkowskiej zwi\u0105zane s\u0105 przede wszystkim z zagadnieniami dotycz\u0105cymi komunikacyjno-genologicznego statusu r\u00f3\u017cnych tekst\u00f3w perswazyjnych. Zajmuj\u0105 j\u0105 tak\u017ce zagadnienia j\u0119zyka inkluzywnego oraz kwestie porozumienia bez przemocy. Katarzyna Sujkowska koordynowa\u0142a kilkana\u015bcie\u00a0 projekt\u00f3w realizowanych m.in. w ramach Programu POWER wsp\u00f3\u0142finansowanego ze \u015brodk\u00f3w Unii Europejskiej w ramach Europejskiego Funduszu Spo\u0142ecznego, Programu Erasmus plus oraz grant\u00f3w Ministra Edukacji i Nauki, czy Ministra Kultury i Sztuki.<\/p>\t\t\t\t\t\t\t\t<\/div>\n\t\t\t\t<\/div>\n\t\t\t\t\t<\/div>\n\t\t<\/div>\n\t\t\t\t\t<\/div>\n\t\t<\/section>\n\t\t\t\t<section class=\"elementor-section elementor-inner-section elementor-element elementor-element-1103892 elementor-section-boxed elementor-section-height-default elementor-section-height-default\" data-id=\"1103892\" data-element_type=\"section\" data-e-type=\"section\">\n\t\t\t\t\t\t<div class=\"elementor-container elementor-column-gap-default\">\n\t\t\t\t\t<div class=\"elementor-column elementor-col-50 elementor-inner-column elementor-element elementor-element-8f88a38\" data-id=\"8f88a38\" data-element_type=\"column\" data-e-type=\"column\">\n\t\t\t<div class=\"elementor-widget-wrap elementor-element-populated\">\n\t\t\t\t\t\t<div class=\"elementor-element elementor-element-cecddca elementor-widget elementor-widget-image\" data-id=\"cecddca\" data-element_type=\"widget\" data-e-type=\"widget\" data-widget_type=\"image.default\">\n\t\t\t\t<div class=\"elementor-widget-container\">\n\t\t\t\t\t\t\t\t\t\t\t\t\t\t\t<img loading=\"lazy\" decoding=\"async\" width=\"500\" height=\"500\" src=\"https:\/\/uniwersytetotwarty.us.edu.pl\/ko\/wp-content\/uploads\/sites\/7\/2025\/08\/Malgorzata-Luba.png\" class=\"attachment-large size-large wp-image-1066\" alt=\"\" srcset=\"https:\/\/uniwersytetotwarty.us.edu.pl\/ko\/wp-content\/uploads\/sites\/7\/2025\/08\/Malgorzata-Luba.png 500w, https:\/\/uniwersytetotwarty.us.edu.pl\/ko\/wp-content\/uploads\/sites\/7\/2025\/08\/Malgorzata-Luba-300x300.png 300w, https:\/\/uniwersytetotwarty.us.edu.pl\/ko\/wp-content\/uploads\/sites\/7\/2025\/08\/Malgorzata-Luba-150x150.png 150w\" sizes=\"(max-width: 500px) 100vw, 500px\" \/>\t\t\t\t\t\t\t\t\t\t\t\t\t\t\t<\/div>\n\t\t\t\t<\/div>\n\t\t\t\t\t<\/div>\n\t\t<\/div>\n\t\t\t\t<div class=\"elementor-column elementor-col-50 elementor-inner-column elementor-element elementor-element-b09b65e\" data-id=\"b09b65e\" data-element_type=\"column\" data-e-type=\"column\">\n\t\t\t<div class=\"elementor-widget-wrap elementor-element-populated\">\n\t\t\t\t\t\t<div class=\"elementor-element elementor-element-14d678d elementor-widget elementor-widget-text-editor\" data-id=\"14d678d\" data-element_type=\"widget\" data-e-type=\"widget\" data-widget_type=\"text-editor.default\">\n\t\t\t\t<div class=\"elementor-widget-container\">\n\t\t\t\t\t\t\t\t\t<p><strong>Ma\u0142gorzata \u0141uba<\/strong><\/p><p>Suicydolo\u017cka, psycholo\u017cka, trenerka. W ramach swojej dzia\u0142alno\u015bci \u201eTo Be\u201d (2be.edu.pl) oraz we wsp\u00f3\u0142pracy m.in. z O\u015brodkiem Rozwoju Edukacji oraz plac\u00f3wkami doskonalenia nauczycieli i o\u015brodkami metodycznymi z ca\u0142ej Polski prowadzi szkolenia dla szk\u00f3\u0142, plac\u00f3wek o\u015bwiatowych i r\u00f3\u017cnych instytucji pomocowych, jak wspiera\u0107 m\u0142ode osoby z problemami emocjonalnymi i psychicznymi. Jest ekspertk\u0105 Biura ds. Zapobiegania Zachowaniom Samob\u00f3jczym IPiN w Warszawie (zapobiegajmysamobojstwom.pl) i opracowa\u0142a rekomendacje dla szk\u00f3\u0142, dotycz\u0105ce reagowania w obliczu zagro\u017cenia suicydalnego oraz prowadzi monitoring medi\u00f3w. Jest cz\u0142onkini\u0105 Polskiego Towarzystwa Suicydologicznego\u00a0 i zespo\u0142u roboczego ds. prewencji samob\u00f3jstw i depresji przy Radzie ds. Zdrowia Publicznego w Ministerstwie Zdrowia. Jest zaanga\u017cowana w dzia\u0142ania platformy edukacyjno-pomocowej \u201e\u017bycie warte jest rozmowy\u201d (zwjr.pl), w ramach kt\u00f3rej prowadzi m.in. konsultacje dla szk\u00f3\u0142, dla rodzic\u00f3w, dla os\u00f3b po stracie samob\u00f3jczej oraz szkolenia i webinary. Prowadzi zaj\u0119cia dydaktyczne w Akademii Pedagogiki Specjalnej im. M. Grzegorzewskiej w Warszawie na temat interwencji w kryzysie samob\u00f3jczym oraz w Menad\u017cerskiej Akademii Nauk Spo\u0142ecznych w Warszawie na temat psychologicznych podstaw zachowa\u0144 samob\u00f3jczych, postwencji i samouszkodze\u0144. Jest wsp\u00f3\u0142autork\u0105 ksi\u0105\u017cek: <em>Interwencje po \u015bmierci samob\u00f3jczej \u2013 o znaczeniu i potrzebie dzia\u0142a\u0144 postwencyjnych w szkole, Standardy post\u0119powania dla nauczycieli dotycz\u0105ce kontaktu z osobami w kryzysie samob\u00f3jczym, po pr\u00f3bie samob\u00f3jczej i w \u017ca\u0142obie po \u015bmierci samob\u00f3jczej, Samouszkodzenia \u2013 zrozumie\u0107, aby zapobiec, Interwencja kryzysowa. Wybrane zagadnienia, M\u0142odzi w\u00a0kryzysie, Pracownia rozwoju zawodowego nauczyciela<\/em>.<\/p>\t\t\t\t\t\t\t\t<\/div>\n\t\t\t\t<\/div>\n\t\t\t\t\t<\/div>\n\t\t<\/div>\n\t\t\t\t\t<\/div>\n\t\t<\/section>\n\t\t\t\t<section class=\"elementor-section elementor-inner-section elementor-element elementor-element-4f410be elementor-section-boxed elementor-section-height-default elementor-section-height-default\" data-id=\"4f410be\" data-element_type=\"section\" data-e-type=\"section\">\n\t\t\t\t\t\t<div class=\"elementor-container elementor-column-gap-default\">\n\t\t\t\t\t<div class=\"elementor-column elementor-col-50 elementor-inner-column elementor-element elementor-element-12674d6\" data-id=\"12674d6\" data-element_type=\"column\" data-e-type=\"column\">\n\t\t\t<div class=\"elementor-widget-wrap elementor-element-populated\">\n\t\t\t\t\t\t<div class=\"elementor-element elementor-element-f0fcab5 elementor-widget elementor-widget-image\" data-id=\"f0fcab5\" data-element_type=\"widget\" data-e-type=\"widget\" data-widget_type=\"image.default\">\n\t\t\t\t<div class=\"elementor-widget-container\">\n\t\t\t\t\t\t\t\t\t\t\t\t\t\t\t<img loading=\"lazy\" decoding=\"async\" width=\"600\" height=\"568\" src=\"https:\/\/uniwersytetotwarty.us.edu.pl\/ko\/wp-content\/uploads\/sites\/7\/2024\/09\/computer-icons-person-anonymous.jpg\" class=\"attachment-large size-large wp-image-571\" alt=\"\" srcset=\"https:\/\/uniwersytetotwarty.us.edu.pl\/ko\/wp-content\/uploads\/sites\/7\/2024\/09\/computer-icons-person-anonymous.jpg 600w, https:\/\/uniwersytetotwarty.us.edu.pl\/ko\/wp-content\/uploads\/sites\/7\/2024\/09\/computer-icons-person-anonymous-300x284.jpg 300w\" sizes=\"(max-width: 600px) 100vw, 600px\" \/>\t\t\t\t\t\t\t\t\t\t\t\t\t\t\t<\/div>\n\t\t\t\t<\/div>\n\t\t\t\t\t<\/div>\n\t\t<\/div>\n\t\t\t\t<div class=\"elementor-column elementor-col-50 elementor-inner-column elementor-element elementor-element-41338f4\" data-id=\"41338f4\" data-element_type=\"column\" data-e-type=\"column\">\n\t\t\t<div class=\"elementor-widget-wrap elementor-element-populated\">\n\t\t\t\t\t\t<div class=\"elementor-element elementor-element-f09f2c8 elementor-widget elementor-widget-text-editor\" data-id=\"f09f2c8\" data-element_type=\"widget\" data-e-type=\"widget\" data-widget_type=\"text-editor.default\">\n\t\t\t\t<div class=\"elementor-widget-container\">\n\t\t\t\t\t\t\t\t\t<p><strong>Renata Habryka<\/strong><\/p><p><span data-olk-copy-source=\"MessageBody\">Od 30 lat zwi\u0105zana ze szkolnictwem zawodowym jako nauczyciel przedmiot\u00f3w zawodowych ekonomicznych, egzaminator w zawodzie technik ekonomista, starszy wizytator ds. nadzoru pedagogicznego (od 2007 r.). Absolwentka Wydzia\u0142u Ekonomii Akademii Ekonomicznej w Katowicach, uko\u0144czy\u0142a studia podyplomowe z zakresu zarz\u0105dzania i marketingu, strategii podatkowych oraz kurs kwalifikacyjny dla o\u015bwiatowej kadry kierowniczej z zakresu organizacji i zarz\u0105dzania o\u015bwiat\u0105. Aktywnie dzia\u0142a\u0142a na rzecz edukacji w Stowarzyszeniu Aktywnych Szk\u00f3\u0142 Zawodowych. Od 2019 r. pe\u0142ni funkcj\u0119 Przewodnicz\u0105cej Komisji Dyscyplinarnej dla Nauczycieli przy Wojewodzie \u015al\u0105skim i kieruje jej pracami. Jako pracownik Kuratorium O\u015bwiaty w Katowicach pe\u0142ni\u0142a funkcj\u0119 wojew\u00f3dzkiego koordynatora ds. szkolnictwa zawodowego (2007-2009), wojew\u00f3dzkiego koordynatora ds. pa\u0144stwowych komisji egzaminacyjnych i egzamin\u00f3w eksternistycznych (2007-2012), przewodniczy\u0142a zespo\u0142om akredytacyjnym prowadz\u0105cym akredytacj\u0119 plac\u00f3wek i o\u015brodk\u00f3w prowadz\u0105cych kszta\u0142cenie ustawiczne w formach pozaszkolnych (2008-2011). Obecnie w Wydziale Nadzoru Pedagogicznego jest koordynatorem ds. szkolnictwa niepublicznego i kszta\u0142cenia zawodowego oraz wspomaga szko\u0142y kszta\u0142c\u0105ce zawodowo. W latach 2017-2024 wsp\u00f3\u0142organizowa\u0142a liczne konferencje po\u015bwi\u0119cone szkolnictwu zawodowemu tj.: \u201eDoradztwo edukacyjno-zawodowe w kontek\u015bcie zmian w kszta\u0142ceniu zawodowym\u201d, \u201eKszta\u0142cenie zawodowe w przestrzeni gospodarczej i spo\u0142ecznej wojew\u00f3dztwa \u015bl\u0105skiego\u201d, \u201ePracodawca partnerem strategicznym w kszta\u0142ceniu zawodowym\u201d, \u201eWyb\u00f3r szko\u0142y &#8211; o czym warto pami\u0119ta\u0107?\u201d, \u201e\u015al\u0105ski Kongres Zawodowy\u201d, \u201eBran\u017cowe Centra Umiej\u0119tno\u015bci &#8211; szans\u0105 na rozw\u00f3j kompetencji zawodowych uczni\u00f3w i nauczycieli\u201d. W ramach organizowanych przez Regionalny O\u015brodek Doskonalenia Nauczycieli \u201eWOM\u201d\u00a0 w Katowicach Akademii Zawodowc\u00f3w omawia\u0142a zagadnienia dot. planowania kariery zawodowej uczni\u00f3w z uwzgl\u0119dnieniem kszta\u0142towania wybranych kompetencji kluczowych. Za szczeg\u00f3lne osi\u0105gni\u0119cia dla o\u015bwiaty i wychowania odznaczona Medalem Br\u0105zowym za D\u0142ugoletni\u0105 S\u0142u\u017cb\u0119 oraz zosta\u0142a uhonorowana Medalem Komisji Edukacji Narodowej (2006).<\/span><\/p>\t\t\t\t\t\t\t\t<\/div>\n\t\t\t\t<\/div>\n\t\t\t\t\t<\/div>\n\t\t<\/div>\n\t\t\t\t\t<\/div>\n\t\t<\/section>\n\t\t\t\t<section class=\"elementor-section elementor-inner-section elementor-element elementor-element-daa57e5 elementor-section-boxed elementor-section-height-default elementor-section-height-default\" data-id=\"daa57e5\" data-element_type=\"section\" data-e-type=\"section\">\n\t\t\t\t\t\t<div class=\"elementor-container elementor-column-gap-default\">\n\t\t\t\t\t<div class=\"elementor-column elementor-col-50 elementor-inner-column elementor-element elementor-element-6177c22\" data-id=\"6177c22\" data-element_type=\"column\" data-e-type=\"column\">\n\t\t\t<div class=\"elementor-widget-wrap elementor-element-populated\">\n\t\t\t\t\t\t<div class=\"elementor-element elementor-element-dec854c elementor-widget elementor-widget-image\" data-id=\"dec854c\" data-element_type=\"widget\" data-e-type=\"widget\" data-widget_type=\"image.default\">\n\t\t\t\t<div class=\"elementor-widget-container\">\n\t\t\t\t\t\t\t\t\t\t\t\t\t\t\t<img loading=\"lazy\" decoding=\"async\" width=\"600\" height=\"568\" src=\"https:\/\/uniwersytetotwarty.us.edu.pl\/ko\/wp-content\/uploads\/sites\/7\/2024\/09\/computer-icons-person-anonymous.jpg\" class=\"attachment-large size-large wp-image-571\" alt=\"\" srcset=\"https:\/\/uniwersytetotwarty.us.edu.pl\/ko\/wp-content\/uploads\/sites\/7\/2024\/09\/computer-icons-person-anonymous.jpg 600w, https:\/\/uniwersytetotwarty.us.edu.pl\/ko\/wp-content\/uploads\/sites\/7\/2024\/09\/computer-icons-person-anonymous-300x284.jpg 300w\" sizes=\"(max-width: 600px) 100vw, 600px\" \/>\t\t\t\t\t\t\t\t\t\t\t\t\t\t\t<\/div>\n\t\t\t\t<\/div>\n\t\t\t\t\t<\/div>\n\t\t<\/div>\n\t\t\t\t<div class=\"elementor-column elementor-col-50 elementor-inner-column elementor-element elementor-element-348b191\" data-id=\"348b191\" data-element_type=\"column\" data-e-type=\"column\">\n\t\t\t<div class=\"elementor-widget-wrap elementor-element-populated\">\n\t\t\t\t\t\t<div class=\"elementor-element elementor-element-b17d02b elementor-widget elementor-widget-text-editor\" data-id=\"b17d02b\" data-element_type=\"widget\" data-e-type=\"widget\" data-widget_type=\"text-editor.default\">\n\t\t\t\t<div class=\"elementor-widget-container\">\n\t\t\t\t\t\t\t\t\t<p><strong>Beata Zelent<\/strong><\/p>\t\t\t\t\t\t\t\t<\/div>\n\t\t\t\t<\/div>\n\t\t\t\t\t<\/div>\n\t\t<\/div>\n\t\t\t\t\t<\/div>\n\t\t<\/section>\n\t\t\t\t<section class=\"elementor-section elementor-inner-section elementor-element elementor-element-b0d70ba elementor-section-boxed elementor-section-height-default elementor-section-height-default\" data-id=\"b0d70ba\" data-element_type=\"section\" data-e-type=\"section\">\n\t\t\t\t\t\t<div class=\"elementor-container elementor-column-gap-default\">\n\t\t\t\t\t<div class=\"elementor-column elementor-col-50 elementor-inner-column elementor-element elementor-element-abead99\" data-id=\"abead99\" data-element_type=\"column\" data-e-type=\"column\">\n\t\t\t<div class=\"elementor-widget-wrap elementor-element-populated\">\n\t\t\t\t\t\t<div class=\"elementor-element elementor-element-90f07f1 elementor-widget elementor-widget-image\" data-id=\"90f07f1\" data-element_type=\"widget\" data-e-type=\"widget\" data-widget_type=\"image.default\">\n\t\t\t\t<div class=\"elementor-widget-container\">\n\t\t\t\t\t\t\t\t\t\t\t\t\t\t\t<img loading=\"lazy\" decoding=\"async\" width=\"500\" height=\"500\" src=\"https:\/\/uniwersytetotwarty.us.edu.pl\/ko\/wp-content\/uploads\/sites\/7\/2025\/08\/daniel_kielpinski.png\" class=\"attachment-large size-large wp-image-1051\" alt=\"\" srcset=\"https:\/\/uniwersytetotwarty.us.edu.pl\/ko\/wp-content\/uploads\/sites\/7\/2025\/08\/daniel_kielpinski.png 500w, https:\/\/uniwersytetotwarty.us.edu.pl\/ko\/wp-content\/uploads\/sites\/7\/2025\/08\/daniel_kielpinski-300x300.png 300w, https:\/\/uniwersytetotwarty.us.edu.pl\/ko\/wp-content\/uploads\/sites\/7\/2025\/08\/daniel_kielpinski-150x150.png 150w\" sizes=\"(max-width: 500px) 100vw, 500px\" \/>\t\t\t\t\t\t\t\t\t\t\t\t\t\t\t<\/div>\n\t\t\t\t<\/div>\n\t\t\t\t\t<\/div>\n\t\t<\/div>\n\t\t\t\t<div class=\"elementor-column elementor-col-50 elementor-inner-column elementor-element elementor-element-69e772a\" data-id=\"69e772a\" data-element_type=\"column\" data-e-type=\"column\">\n\t\t\t<div class=\"elementor-widget-wrap elementor-element-populated\">\n\t\t\t\t\t\t<div class=\"elementor-element elementor-element-b8b27e8 elementor-widget elementor-widget-text-editor\" data-id=\"b8b27e8\" data-element_type=\"widget\" data-e-type=\"widget\" data-widget_type=\"text-editor.default\">\n\t\t\t\t<div class=\"elementor-widget-container\">\n\t\t\t\t\t\t\t\t\t<p><strong>Daniel Kie\u0142pi\u0144ski <\/strong><\/p><p>Ekspert w Krajowym Zespole ds. Kszta\u0142cenia i Szkolenia Zawodowego (EVET), dzia\u0142aj\u0105cym przy Fundacji Rozwoju Systemu Edukacji (FRSE). Z pasj\u0105 wspiera rozw\u00f3j edukacji zawodowej, anga\u017cuj\u0105c si\u0119 w inicjatywy takie jak SkillsPoland \u2013 og\u00f3lnopolski konkurs umiej\u0119tno\u015bci zawodowych, kt\u00f3ry staje si\u0119 przestrzeni\u0105 do budzenia motywacji, kreatywno\u015bci i ambicji w\u015br\u00f3d m\u0142odzie\u017cy.<\/p><p>Laureat presti\u017cowego tytu\u0142u\u00a0Zawodowiec Roku 2022\u00a0w dziedzinie energetyki, przyznanego przez Ministerstwo Edukacji i Nauki oraz FRSE, za wybitne osi\u0105gni\u0119cia w kszta\u0142ceniu zawodowym, innowacyjno\u015b\u0107 i aktywn\u0105 wsp\u00f3\u0142prac\u0119 z otoczeniem spo\u0142eczno-gospodarczym. Wyr\u00f3\u017cniony r\u00f3wnie\u017c tytu\u0142em\u00a0Ekologiczna osobowo\u015b\u0107 roku\u00a0przez WFO\u015aiGW w Katowicach za dzia\u0142ania na rzecz ochrony \u015brodowiska i edukacji klimatycznej.<\/p><p>Autor innowacyjnych program\u00f3w edukacyjno-warsztatowych, promuj\u0105cych efektywno\u015b\u0107 energetyczn\u0105, odpowiedzialno\u015b\u0107 ekologiczn\u0105 i praktyczne podej\u015bcie do nauczania. Mentor m\u0142odych talent\u00f3w technicznych, aktywnie zaanga\u017cowany w rozw\u00f3j nowoczesnego szkolnictwa zawodowego oraz promocj\u0119 dobrych praktyk na styku edukacji, przemys\u0142u i transformacji energetycznej.<\/p>\t\t\t\t\t\t\t\t<\/div>\n\t\t\t\t<\/div>\n\t\t\t\t\t<\/div>\n\t\t<\/div>\n\t\t\t\t\t<\/div>\n\t\t<\/section>\n\t\t\t\t<section class=\"elementor-section elementor-inner-section elementor-element elementor-element-e469179 elementor-section-boxed elementor-section-height-default elementor-section-height-default\" data-id=\"e469179\" data-element_type=\"section\" data-e-type=\"section\">\n\t\t\t\t\t\t<div class=\"elementor-container elementor-column-gap-default\">\n\t\t\t\t\t<div class=\"elementor-column elementor-col-50 elementor-inner-column elementor-element elementor-element-78aca41\" data-id=\"78aca41\" data-element_type=\"column\" data-e-type=\"column\">\n\t\t\t<div class=\"elementor-widget-wrap elementor-element-populated\">\n\t\t\t\t\t\t<div class=\"elementor-element elementor-element-4d5f87a elementor-widget elementor-widget-image\" data-id=\"4d5f87a\" data-element_type=\"widget\" data-e-type=\"widget\" data-widget_type=\"image.default\">\n\t\t\t\t<div class=\"elementor-widget-container\">\n\t\t\t\t\t\t\t\t\t\t\t\t\t\t\t<img loading=\"lazy\" decoding=\"async\" width=\"500\" height=\"500\" src=\"https:\/\/uniwersytetotwarty.us.edu.pl\/ko\/wp-content\/uploads\/sites\/7\/2025\/08\/Piotr-Tokarz.png\" class=\"attachment-large size-large wp-image-1098\" alt=\"\" srcset=\"https:\/\/uniwersytetotwarty.us.edu.pl\/ko\/wp-content\/uploads\/sites\/7\/2025\/08\/Piotr-Tokarz.png 500w, https:\/\/uniwersytetotwarty.us.edu.pl\/ko\/wp-content\/uploads\/sites\/7\/2025\/08\/Piotr-Tokarz-300x300.png 300w, https:\/\/uniwersytetotwarty.us.edu.pl\/ko\/wp-content\/uploads\/sites\/7\/2025\/08\/Piotr-Tokarz-150x150.png 150w\" sizes=\"(max-width: 500px) 100vw, 500px\" \/>\t\t\t\t\t\t\t\t\t\t\t\t\t\t\t<\/div>\n\t\t\t\t<\/div>\n\t\t\t\t\t<\/div>\n\t\t<\/div>\n\t\t\t\t<div class=\"elementor-column elementor-col-50 elementor-inner-column elementor-element elementor-element-b9c0af1\" data-id=\"b9c0af1\" data-element_type=\"column\" data-e-type=\"column\">\n\t\t\t<div class=\"elementor-widget-wrap elementor-element-populated\">\n\t\t\t\t\t\t<div class=\"elementor-element elementor-element-3472dd8 elementor-widget elementor-widget-text-editor\" data-id=\"3472dd8\" data-element_type=\"widget\" data-e-type=\"widget\" data-widget_type=\"text-editor.default\">\n\t\t\t\t<div class=\"elementor-widget-container\">\n\t\t\t\t\t\t\t\t\t<p><strong>Piotr Tokarz<\/strong><\/p><p>Dyrektor Zespo\u0142u Szk\u00f3\u0142 Technicznych w Rybniku, organizator, Olimpiady Wiedzy G\u00f3rniczej \u201eO Z\u0142ota Lampk\u0119\u201d. Generalny Honorowy Dyrektor G\u00f3rniczy. Wsp\u00f3\u0142autor i realizator projekt\u00f3w Bud\u017cetu Obywatelskiego i Partycypacyjnego Miasta Rybnika. Wyk\u0142adowca Politechniki \u015al\u0105skiej, nauczyciel przedmiot\u00f3w zawodowych. Autor innowacji pedagogicznych i rozwi\u0105za\u0144 technicznych. Cz\u0142onek \u015al\u0105skiej Rady Edukacji.Autor artyku\u0142\u00f3w naukowych, grantu realizowanego pod egid\u0105 Komitetu Bada\u0144 Naukowych, wsp\u00f3\u0142autor podr\u0119cznik\u00f3w i dokument\u00f3w programowych MEN. Koordynator \u00a0i autor wielu projekt\u00f3w realizowanych z funduszy unijnych i strukturalnych, w tym BCU. Organizator Mi\u0119dzynarodowego Turnieju Robot\u00f3w \u201eRobotic Tournament\u201d \u2013 najwi\u0119kszych zawod\u00f3w robotycznych w Polsce. Prowadzi zaj\u0119cia rozwijaj\u0105ce dla m\u0142odzie\u017cy w ramach Ko\u0142a Robot\u00f3w Mobilnych, a uczniowski Robotic Team jest znany na ca\u0142ym \u015bwiecie.\u00a0<\/p>\t\t\t\t\t\t\t\t<\/div>\n\t\t\t\t<\/div>\n\t\t\t\t\t<\/div>\n\t\t<\/div>\n\t\t\t\t\t<\/div>\n\t\t<\/section>\n\t\t\t\t<div class=\"elementor-element elementor-element-c28dca0 elementor-widget elementor-widget-spacer\" data-id=\"c28dca0\" data-element_type=\"widget\" data-e-type=\"widget\" data-widget_type=\"spacer.default\">\n\t\t\t\t<div class=\"elementor-widget-container\">\n\t\t\t\t\t\t\t<div class=\"elementor-spacer\">\n\t\t\t<div class=\"elementor-spacer-inner\"><\/div>\n\t\t<\/div>\n\t\t\t\t\t\t<\/div>\n\t\t\t\t<\/div>\n\t\t\t\t\t<\/div>\n\t\t<\/div>\n\t\t\t\t\t<\/div>\n\t\t<\/section>\n\t\t\t\t<section class=\"elementor-section elementor-top-section elementor-element elementor-element-adb703d elementor-section-boxed elementor-section-height-default elementor-section-height-default\" data-id=\"adb703d\" data-element_type=\"section\" data-e-type=\"section\">\n\t\t\t\t\t\t<div class=\"elementor-container elementor-column-gap-default\">\n\t\t\t\t\t<div class=\"elementor-column elementor-col-100 elementor-top-column elementor-element elementor-element-c1ec1fe\" data-id=\"c1ec1fe\" data-element_type=\"column\" data-e-type=\"column\">\n\t\t\t<div class=\"elementor-widget-wrap\">\n\t\t\t\t\t\t\t<\/div>\n\t\t<\/div>\n\t\t\t\t\t<\/div>\n\t\t<\/section>\n\t\t\t\t<section class=\"elementor-section elementor-top-section elementor-element elementor-element-1ac3e71 elementor-section-boxed elementor-section-height-default elementor-section-height-default\" data-id=\"1ac3e71\" data-element_type=\"section\" data-e-type=\"section\">\n\t\t\t\t\t\t<div class=\"elementor-container elementor-column-gap-default\">\n\t\t\t\t\t<div class=\"elementor-column elementor-col-100 elementor-top-column elementor-element elementor-element-530153c\" data-id=\"530153c\" data-element_type=\"column\" data-e-type=\"column\">\n\t\t\t<div class=\"elementor-widget-wrap elementor-element-populated\">\n\t\t\t\t\t\t<div class=\"elementor-element elementor-element-af54e5f elementor-grid-5 elementor-posts--align-center elementor-grid-tablet-2 elementor-grid-mobile-1 elementor-posts--thumbnail-top elementor-card-shadow-yes elementor-posts__hover-gradient elementor-widget elementor-widget-posts\" data-id=\"af54e5f\" data-element_type=\"widget\" data-e-type=\"widget\" data-settings=\"{&quot;cards_columns&quot;:&quot;5&quot;,&quot;cards_row_gap&quot;:{&quot;unit&quot;:&quot;px&quot;,&quot;size&quot;:30,&quot;sizes&quot;:[]},&quot;pagination_type&quot;:&quot;load_more_infinite_scroll&quot;,&quot;cards_columns_tablet&quot;:&quot;2&quot;,&quot;cards_columns_mobile&quot;:&quot;1&quot;,&quot;cards_row_gap_tablet&quot;:{&quot;unit&quot;:&quot;px&quot;,&quot;size&quot;:&quot;&quot;,&quot;sizes&quot;:[]},&quot;cards_row_gap_mobile&quot;:{&quot;unit&quot;:&quot;px&quot;,&quot;size&quot;:&quot;&quot;,&quot;sizes&quot;:[]},&quot;load_more_spinner&quot;:{&quot;value&quot;:&quot;fas fa-spinner&quot;,&quot;library&quot;:&quot;fa-solid&quot;}}\" data-widget_type=\"posts.cards\">\n\t\t\t\t<div class=\"elementor-widget-container\">\n\t\t\t\t\t\t\t<div class=\"elementor-posts-container elementor-posts elementor-posts--skin-cards elementor-grid\" role=\"list\">\n\t\t\t\t<article class=\"elementor-post elementor-grid-item post-1120 post type-post status-publish format-standard has-post-thumbnail hentry category-program2025\" role=\"listitem\">\n\t\t\t<div class=\"elementor-post__card\">\n\t\t\t\t<a class=\"elementor-post__thumbnail__link\" href=\"https:\/\/uniwersytetotwarty.us.edu.pl\/ko\/katarzyna-hernandez\/\" tabindex=\"-1\" ><div class=\"elementor-post__thumbnail\"><img loading=\"lazy\" decoding=\"async\" width=\"300\" height=\"300\" src=\"https:\/\/uniwersytetotwarty.us.edu.pl\/ko\/wp-content\/uploads\/sites\/7\/2025\/08\/Katarzyna-Hernandez-300x300.png\" class=\"attachment-medium size-medium wp-image-1064\" alt=\"\" srcset=\"https:\/\/uniwersytetotwarty.us.edu.pl\/ko\/wp-content\/uploads\/sites\/7\/2025\/08\/Katarzyna-Hernandez-300x300.png 300w, https:\/\/uniwersytetotwarty.us.edu.pl\/ko\/wp-content\/uploads\/sites\/7\/2025\/08\/Katarzyna-Hernandez-150x150.png 150w, https:\/\/uniwersytetotwarty.us.edu.pl\/ko\/wp-content\/uploads\/sites\/7\/2025\/08\/Katarzyna-Hernandez.png 500w\" sizes=\"(max-width: 300px) 100vw, 300px\" \/><\/div><\/a>\n\t\t\t\t<div class=\"elementor-post__text\">\n\t\t\t\t<h3 class=\"elementor-post__title\">\n\t\t\t<a href=\"https:\/\/uniwersytetotwarty.us.edu.pl\/ko\/katarzyna-hernandez\/\" >\n\t\t\t\tKatarzyna Hernandez\t\t\t<\/a>\n\t\t<\/h3>\n\t\t\t\t<\/div>\n\t\t\t\t\t<\/div>\n\t\t<\/article>\n\t\t\t\t<article class=\"elementor-post elementor-grid-item post-1126 post type-post status-publish format-standard has-post-thumbnail hentry category-program2025\" role=\"listitem\">\n\t\t\t<div class=\"elementor-post__card\">\n\t\t\t\t<a class=\"elementor-post__thumbnail__link\" href=\"https:\/\/uniwersytetotwarty.us.edu.pl\/ko\/dr-adrian-kapczynski\/\" tabindex=\"-1\" ><div class=\"elementor-post__thumbnail\"><img loading=\"lazy\" decoding=\"async\" width=\"300\" height=\"300\" src=\"https:\/\/uniwersytetotwarty.us.edu.pl\/ko\/wp-content\/uploads\/sites\/7\/2025\/08\/Adrian-Kapczynski-300x300.png\" class=\"attachment-medium size-medium wp-image-1101\" alt=\"\" srcset=\"https:\/\/uniwersytetotwarty.us.edu.pl\/ko\/wp-content\/uploads\/sites\/7\/2025\/08\/Adrian-Kapczynski-300x300.png 300w, https:\/\/uniwersytetotwarty.us.edu.pl\/ko\/wp-content\/uploads\/sites\/7\/2025\/08\/Adrian-Kapczynski-150x150.png 150w, https:\/\/uniwersytetotwarty.us.edu.pl\/ko\/wp-content\/uploads\/sites\/7\/2025\/08\/Adrian-Kapczynski.png 500w\" sizes=\"(max-width: 300px) 100vw, 300px\" \/><\/div><\/a>\n\t\t\t\t<div class=\"elementor-post__text\">\n\t\t\t\t<h3 class=\"elementor-post__title\">\n\t\t\t<a href=\"https:\/\/uniwersytetotwarty.us.edu.pl\/ko\/dr-adrian-kapczynski\/\" >\n\t\t\t\tdr Adrian Kapczy\u0144ski\t\t\t<\/a>\n\t\t<\/h3>\n\t\t\t\t<\/div>\n\t\t\t\t\t<\/div>\n\t\t<\/article>\n\t\t\t\t<article class=\"elementor-post elementor-grid-item post-1131 post type-post status-publish format-standard has-post-thumbnail hentry category-program2025\" role=\"listitem\">\n\t\t\t<div class=\"elementor-post__card\">\n\t\t\t\t<a class=\"elementor-post__thumbnail__link\" href=\"https:\/\/uniwersytetotwarty.us.edu.pl\/ko\/michal-sajdak\/\" tabindex=\"-1\" ><div class=\"elementor-post__thumbnail\"><img loading=\"lazy\" decoding=\"async\" width=\"300\" height=\"300\" src=\"https:\/\/uniwersytetotwarty.us.edu.pl\/ko\/wp-content\/uploads\/sites\/7\/2025\/08\/Michal-Sajdak-300x300.png\" class=\"attachment-medium size-medium wp-image-1097\" alt=\"\" srcset=\"https:\/\/uniwersytetotwarty.us.edu.pl\/ko\/wp-content\/uploads\/sites\/7\/2025\/08\/Michal-Sajdak-300x300.png 300w, https:\/\/uniwersytetotwarty.us.edu.pl\/ko\/wp-content\/uploads\/sites\/7\/2025\/08\/Michal-Sajdak-150x150.png 150w, https:\/\/uniwersytetotwarty.us.edu.pl\/ko\/wp-content\/uploads\/sites\/7\/2025\/08\/Michal-Sajdak.png 500w\" sizes=\"(max-width: 300px) 100vw, 300px\" \/><\/div><\/a>\n\t\t\t\t<div class=\"elementor-post__text\">\n\t\t\t\t<h3 class=\"elementor-post__title\">\n\t\t\t<a href=\"https:\/\/uniwersytetotwarty.us.edu.pl\/ko\/michal-sajdak\/\" >\n\t\t\t\tMicha\u0142 Sajdak\t\t\t<\/a>\n\t\t<\/h3>\n\t\t\t\t<\/div>\n\t\t\t\t\t<\/div>\n\t\t<\/article>\n\t\t\t\t<article class=\"elementor-post elementor-grid-item post-1136 post type-post status-publish format-standard has-post-thumbnail hentry category-program2025\" role=\"listitem\">\n\t\t\t<div class=\"elementor-post__card\">\n\t\t\t\t<a class=\"elementor-post__thumbnail__link\" href=\"https:\/\/uniwersytetotwarty.us.edu.pl\/ko\/dr-hab-dariusz-szostek-prof-us\/\" tabindex=\"-1\" ><div class=\"elementor-post__thumbnail\"><img loading=\"lazy\" decoding=\"async\" width=\"300\" height=\"300\" src=\"https:\/\/uniwersytetotwarty.us.edu.pl\/ko\/wp-content\/uploads\/sites\/7\/2025\/08\/Dariusz-Szostek-300x300.png\" class=\"attachment-medium size-medium wp-image-1052\" alt=\"\" srcset=\"https:\/\/uniwersytetotwarty.us.edu.pl\/ko\/wp-content\/uploads\/sites\/7\/2025\/08\/Dariusz-Szostek-300x300.png 300w, https:\/\/uniwersytetotwarty.us.edu.pl\/ko\/wp-content\/uploads\/sites\/7\/2025\/08\/Dariusz-Szostek-150x150.png 150w, https:\/\/uniwersytetotwarty.us.edu.pl\/ko\/wp-content\/uploads\/sites\/7\/2025\/08\/Dariusz-Szostek.png 500w\" sizes=\"(max-width: 300px) 100vw, 300px\" \/><\/div><\/a>\n\t\t\t\t<div class=\"elementor-post__text\">\n\t\t\t\t<h3 class=\"elementor-post__title\">\n\t\t\t<a href=\"https:\/\/uniwersytetotwarty.us.edu.pl\/ko\/dr-hab-dariusz-szostek-prof-us\/\" >\n\t\t\t\tdr hab. Dariusz Szostek, prof. U\u015a\t\t\t<\/a>\n\t\t<\/h3>\n\t\t\t\t<\/div>\n\t\t\t\t\t<\/div>\n\t\t<\/article>\n\t\t\t\t<article class=\"elementor-post elementor-grid-item post-1141 post type-post status-publish format-standard has-post-thumbnail hentry category-program2025\" role=\"listitem\">\n\t\t\t<div class=\"elementor-post__card\">\n\t\t\t\t<a class=\"elementor-post__thumbnail__link\" href=\"https:\/\/uniwersytetotwarty.us.edu.pl\/ko\/dr-hab-katarzyna-slebarska-prof-us\/\" tabindex=\"-1\" ><div class=\"elementor-post__thumbnail\"><img loading=\"lazy\" decoding=\"async\" width=\"300\" height=\"300\" src=\"https:\/\/uniwersytetotwarty.us.edu.pl\/ko\/wp-content\/uploads\/sites\/7\/2025\/08\/Katarzyna-Slebarska-300x300.png\" class=\"attachment-medium size-medium wp-image-1065\" alt=\"\" srcset=\"https:\/\/uniwersytetotwarty.us.edu.pl\/ko\/wp-content\/uploads\/sites\/7\/2025\/08\/Katarzyna-Slebarska-300x300.png 300w, https:\/\/uniwersytetotwarty.us.edu.pl\/ko\/wp-content\/uploads\/sites\/7\/2025\/08\/Katarzyna-Slebarska-150x150.png 150w, https:\/\/uniwersytetotwarty.us.edu.pl\/ko\/wp-content\/uploads\/sites\/7\/2025\/08\/Katarzyna-Slebarska.png 500w\" sizes=\"(max-width: 300px) 100vw, 300px\" \/><\/div><\/a>\n\t\t\t\t<div class=\"elementor-post__text\">\n\t\t\t\t<h3 class=\"elementor-post__title\">\n\t\t\t<a href=\"https:\/\/uniwersytetotwarty.us.edu.pl\/ko\/dr-hab-katarzyna-slebarska-prof-us\/\" >\n\t\t\t\tdr hab. Katarzyna \u015alebarska, prof. U\u015a\t\t\t<\/a>\n\t\t<\/h3>\n\t\t\t\t<\/div>\n\t\t\t\t\t<\/div>\n\t\t<\/article>\n\t\t\t\t<article class=\"elementor-post elementor-grid-item post-1146 post type-post status-publish format-standard has-post-thumbnail hentry category-program2025\" role=\"listitem\">\n\t\t\t<div class=\"elementor-post__card\">\n\t\t\t\t<a class=\"elementor-post__thumbnail__link\" href=\"https:\/\/uniwersytetotwarty.us.edu.pl\/ko\/dr-dorota-prysak\/\" tabindex=\"-1\" ><div class=\"elementor-post__thumbnail\"><img loading=\"lazy\" decoding=\"async\" width=\"300\" height=\"300\" src=\"https:\/\/uniwersytetotwarty.us.edu.pl\/ko\/wp-content\/uploads\/sites\/7\/2025\/08\/Dorota-Prysak-300x300.png\" class=\"attachment-medium size-medium wp-image-1053\" alt=\"\" srcset=\"https:\/\/uniwersytetotwarty.us.edu.pl\/ko\/wp-content\/uploads\/sites\/7\/2025\/08\/Dorota-Prysak-300x300.png 300w, https:\/\/uniwersytetotwarty.us.edu.pl\/ko\/wp-content\/uploads\/sites\/7\/2025\/08\/Dorota-Prysak-150x150.png 150w, https:\/\/uniwersytetotwarty.us.edu.pl\/ko\/wp-content\/uploads\/sites\/7\/2025\/08\/Dorota-Prysak.png 500w\" sizes=\"(max-width: 300px) 100vw, 300px\" \/><\/div><\/a>\n\t\t\t\t<div class=\"elementor-post__text\">\n\t\t\t\t<h3 class=\"elementor-post__title\">\n\t\t\t<a href=\"https:\/\/uniwersytetotwarty.us.edu.pl\/ko\/dr-dorota-prysak\/\" >\n\t\t\t\tdr Dorota Prysak\t\t\t<\/a>\n\t\t<\/h3>\n\t\t\t\t<\/div>\n\t\t\t\t\t<\/div>\n\t\t<\/article>\n\t\t\t\t<article class=\"elementor-post elementor-grid-item post-1152 post type-post status-publish format-standard has-post-thumbnail hentry category-program2025\" role=\"listitem\">\n\t\t\t<div class=\"elementor-post__card\">\n\t\t\t\t<a class=\"elementor-post__thumbnail__link\" href=\"https:\/\/uniwersytetotwarty.us.edu.pl\/ko\/joanna-grecka-otremba\/\" tabindex=\"-1\" ><div class=\"elementor-post__thumbnail\"><img loading=\"lazy\" decoding=\"async\" width=\"300\" height=\"300\" src=\"https:\/\/uniwersytetotwarty.us.edu.pl\/ko\/wp-content\/uploads\/sites\/7\/2025\/08\/Joanna-Grecka-Otremba-300x300.png\" class=\"attachment-medium size-medium wp-image-1060\" alt=\"\" srcset=\"https:\/\/uniwersytetotwarty.us.edu.pl\/ko\/wp-content\/uploads\/sites\/7\/2025\/08\/Joanna-Grecka-Otremba-300x300.png 300w, https:\/\/uniwersytetotwarty.us.edu.pl\/ko\/wp-content\/uploads\/sites\/7\/2025\/08\/Joanna-Grecka-Otremba-150x150.png 150w, https:\/\/uniwersytetotwarty.us.edu.pl\/ko\/wp-content\/uploads\/sites\/7\/2025\/08\/Joanna-Grecka-Otremba.png 500w\" sizes=\"(max-width: 300px) 100vw, 300px\" \/><\/div><\/a>\n\t\t\t\t<div class=\"elementor-post__text\">\n\t\t\t\t<h3 class=\"elementor-post__title\">\n\t\t\t<a href=\"https:\/\/uniwersytetotwarty.us.edu.pl\/ko\/joanna-grecka-otremba\/\" >\n\t\t\t\tdr Joanna Grecka-Otremba\t\t\t<\/a>\n\t\t<\/h3>\n\t\t\t\t<\/div>\n\t\t\t\t\t<\/div>\n\t\t<\/article>\n\t\t\t\t<article class=\"elementor-post elementor-grid-item post-1157 post type-post status-publish format-standard has-post-thumbnail hentry category-program2025\" role=\"listitem\">\n\t\t\t<div class=\"elementor-post__card\">\n\t\t\t\t<a class=\"elementor-post__thumbnail__link\" href=\"https:\/\/uniwersytetotwarty.us.edu.pl\/ko\/malgorzata-szymura\/\" tabindex=\"-1\" ><div class=\"elementor-post__thumbnail\"><img loading=\"lazy\" decoding=\"async\" width=\"300\" height=\"300\" src=\"https:\/\/uniwersytetotwarty.us.edu.pl\/ko\/wp-content\/uploads\/sites\/7\/2025\/08\/Malgorzata-Szymura-300x300.png\" class=\"attachment-medium size-medium wp-image-1067\" alt=\"\" srcset=\"https:\/\/uniwersytetotwarty.us.edu.pl\/ko\/wp-content\/uploads\/sites\/7\/2025\/08\/Malgorzata-Szymura-300x300.png 300w, https:\/\/uniwersytetotwarty.us.edu.pl\/ko\/wp-content\/uploads\/sites\/7\/2025\/08\/Malgorzata-Szymura-150x150.png 150w, https:\/\/uniwersytetotwarty.us.edu.pl\/ko\/wp-content\/uploads\/sites\/7\/2025\/08\/Malgorzata-Szymura.png 500w\" sizes=\"(max-width: 300px) 100vw, 300px\" \/><\/div><\/a>\n\t\t\t\t<div class=\"elementor-post__text\">\n\t\t\t\t<h3 class=\"elementor-post__title\">\n\t\t\t<a href=\"https:\/\/uniwersytetotwarty.us.edu.pl\/ko\/malgorzata-szymura\/\" >\n\t\t\t\tMa\u0142gorzata Szymura\t\t\t<\/a>\n\t\t<\/h3>\n\t\t\t\t<\/div>\n\t\t\t\t\t<\/div>\n\t\t<\/article>\n\t\t\t\t<article class=\"elementor-post elementor-grid-item post-1164 post type-post status-publish format-standard has-post-thumbnail hentry category-program2025\" role=\"listitem\">\n\t\t\t<div class=\"elementor-post__card\">\n\t\t\t\t<a class=\"elementor-post__thumbnail__link\" href=\"https:\/\/uniwersytetotwarty.us.edu.pl\/ko\/dobrawa-szlachcikowska\/\" tabindex=\"-1\" ><div class=\"elementor-post__thumbnail\"><img loading=\"lazy\" decoding=\"async\" width=\"300\" height=\"284\" src=\"https:\/\/uniwersytetotwarty.us.edu.pl\/ko\/wp-content\/uploads\/sites\/7\/2024\/09\/computer-icons-person-anonymous-300x284.jpg\" class=\"attachment-medium size-medium wp-image-571\" alt=\"\" srcset=\"https:\/\/uniwersytetotwarty.us.edu.pl\/ko\/wp-content\/uploads\/sites\/7\/2024\/09\/computer-icons-person-anonymous-300x284.jpg 300w, https:\/\/uniwersytetotwarty.us.edu.pl\/ko\/wp-content\/uploads\/sites\/7\/2024\/09\/computer-icons-person-anonymous.jpg 600w\" sizes=\"(max-width: 300px) 100vw, 300px\" \/><\/div><\/a>\n\t\t\t\t<div class=\"elementor-post__text\">\n\t\t\t\t<h3 class=\"elementor-post__title\">\n\t\t\t<a href=\"https:\/\/uniwersytetotwarty.us.edu.pl\/ko\/dobrawa-szlachcikowska\/\" >\n\t\t\t\tDobrawa Szlachcikowska\t\t\t<\/a>\n\t\t<\/h3>\n\t\t\t\t<\/div>\n\t\t\t\t\t<\/div>\n\t\t<\/article>\n\t\t\t\t<article class=\"elementor-post elementor-grid-item post-1169 post type-post status-publish format-standard has-post-thumbnail hentry category-program2025\" role=\"listitem\">\n\t\t\t<div class=\"elementor-post__card\">\n\t\t\t\t<a class=\"elementor-post__thumbnail__link\" href=\"https:\/\/uniwersytetotwarty.us.edu.pl\/ko\/anna-zertka\/\" tabindex=\"-1\" ><div class=\"elementor-post__thumbnail\"><img loading=\"lazy\" decoding=\"async\" width=\"300\" height=\"300\" src=\"https:\/\/uniwersytetotwarty.us.edu.pl\/ko\/wp-content\/uploads\/sites\/7\/2025\/08\/Anna-Zertka-300x300.png\" class=\"attachment-medium size-medium wp-image-1049\" alt=\"\" srcset=\"https:\/\/uniwersytetotwarty.us.edu.pl\/ko\/wp-content\/uploads\/sites\/7\/2025\/08\/Anna-Zertka-300x300.png 300w, https:\/\/uniwersytetotwarty.us.edu.pl\/ko\/wp-content\/uploads\/sites\/7\/2025\/08\/Anna-Zertka-150x150.png 150w, https:\/\/uniwersytetotwarty.us.edu.pl\/ko\/wp-content\/uploads\/sites\/7\/2025\/08\/Anna-Zertka.png 500w\" sizes=\"(max-width: 300px) 100vw, 300px\" \/><\/div><\/a>\n\t\t\t\t<div class=\"elementor-post__text\">\n\t\t\t\t<h3 class=\"elementor-post__title\">\n\t\t\t<a href=\"https:\/\/uniwersytetotwarty.us.edu.pl\/ko\/anna-zertka\/\" >\n\t\t\t\tAnna \u017bertka\t\t\t<\/a>\n\t\t<\/h3>\n\t\t\t\t<\/div>\n\t\t\t\t\t<\/div>\n\t\t<\/article>\n\t\t\t\t<article class=\"elementor-post elementor-grid-item post-1174 post type-post status-publish format-standard has-post-thumbnail hentry category-program2025\" role=\"listitem\">\n\t\t\t<div class=\"elementor-post__card\">\n\t\t\t\t<a class=\"elementor-post__thumbnail__link\" href=\"https:\/\/uniwersytetotwarty.us.edu.pl\/ko\/dr-maciej-debski\/\" tabindex=\"-1\" ><div class=\"elementor-post__thumbnail\"><img loading=\"lazy\" decoding=\"async\" width=\"300\" height=\"300\" src=\"https:\/\/uniwersytetotwarty.us.edu.pl\/ko\/wp-content\/uploads\/sites\/7\/2025\/08\/Maciej-Debski-300x300.png\" class=\"attachment-medium size-medium wp-image-1768\" alt=\"\" srcset=\"https:\/\/uniwersytetotwarty.us.edu.pl\/ko\/wp-content\/uploads\/sites\/7\/2025\/08\/Maciej-Debski-300x300.png 300w, https:\/\/uniwersytetotwarty.us.edu.pl\/ko\/wp-content\/uploads\/sites\/7\/2025\/08\/Maciej-Debski-150x150.png 150w, https:\/\/uniwersytetotwarty.us.edu.pl\/ko\/wp-content\/uploads\/sites\/7\/2025\/08\/Maciej-Debski.png 500w\" sizes=\"(max-width: 300px) 100vw, 300px\" \/><\/div><\/a>\n\t\t\t\t<div class=\"elementor-post__text\">\n\t\t\t\t<h3 class=\"elementor-post__title\">\n\t\t\t<a href=\"https:\/\/uniwersytetotwarty.us.edu.pl\/ko\/dr-maciej-debski\/\" >\n\t\t\t\tdr Maciej D\u0119bski\t\t\t<\/a>\n\t\t<\/h3>\n\t\t\t\t<\/div>\n\t\t\t\t\t<\/div>\n\t\t<\/article>\n\t\t\t\t<article class=\"elementor-post elementor-grid-item post-1179 post type-post status-publish format-standard has-post-thumbnail hentry category-program2025\" role=\"listitem\">\n\t\t\t<div class=\"elementor-post__card\">\n\t\t\t\t<a class=\"elementor-post__thumbnail__link\" href=\"https:\/\/uniwersytetotwarty.us.edu.pl\/ko\/mgr-inz-irena-polok\/\" tabindex=\"-1\" ><div class=\"elementor-post__thumbnail\"><img loading=\"lazy\" decoding=\"async\" width=\"300\" height=\"300\" src=\"https:\/\/uniwersytetotwarty.us.edu.pl\/ko\/wp-content\/uploads\/sites\/7\/2025\/08\/Irena-Polok-300x300.png\" class=\"attachment-medium size-medium wp-image-1058\" alt=\"\" srcset=\"https:\/\/uniwersytetotwarty.us.edu.pl\/ko\/wp-content\/uploads\/sites\/7\/2025\/08\/Irena-Polok-300x300.png 300w, https:\/\/uniwersytetotwarty.us.edu.pl\/ko\/wp-content\/uploads\/sites\/7\/2025\/08\/Irena-Polok-150x150.png 150w, https:\/\/uniwersytetotwarty.us.edu.pl\/ko\/wp-content\/uploads\/sites\/7\/2025\/08\/Irena-Polok.png 500w\" sizes=\"(max-width: 300px) 100vw, 300px\" \/><\/div><\/a>\n\t\t\t\t<div class=\"elementor-post__text\">\n\t\t\t\t<h3 class=\"elementor-post__title\">\n\t\t\t<a href=\"https:\/\/uniwersytetotwarty.us.edu.pl\/ko\/mgr-inz-irena-polok\/\" >\n\t\t\t\tmgr in\u017c. Irena Polok\t\t\t<\/a>\n\t\t<\/h3>\n\t\t\t\t<\/div>\n\t\t\t\t\t<\/div>\n\t\t<\/article>\n\t\t\t\t<article class=\"elementor-post elementor-grid-item post-1184 post type-post status-publish format-standard has-post-thumbnail hentry category-program2025\" role=\"listitem\">\n\t\t\t<div class=\"elementor-post__card\">\n\t\t\t\t<a class=\"elementor-post__thumbnail__link\" href=\"https:\/\/uniwersytetotwarty.us.edu.pl\/ko\/monika-bernacka\/\" tabindex=\"-1\" ><div class=\"elementor-post__thumbnail\"><img loading=\"lazy\" decoding=\"async\" width=\"300\" height=\"300\" src=\"https:\/\/uniwersytetotwarty.us.edu.pl\/ko\/wp-content\/uploads\/sites\/7\/2025\/08\/Monika-Bernacka-300x300.png\" class=\"attachment-medium size-medium wp-image-1071\" alt=\"\" srcset=\"https:\/\/uniwersytetotwarty.us.edu.pl\/ko\/wp-content\/uploads\/sites\/7\/2025\/08\/Monika-Bernacka-300x300.png 300w, https:\/\/uniwersytetotwarty.us.edu.pl\/ko\/wp-content\/uploads\/sites\/7\/2025\/08\/Monika-Bernacka-150x150.png 150w, https:\/\/uniwersytetotwarty.us.edu.pl\/ko\/wp-content\/uploads\/sites\/7\/2025\/08\/Monika-Bernacka.png 500w\" sizes=\"(max-width: 300px) 100vw, 300px\" \/><\/div><\/a>\n\t\t\t\t<div class=\"elementor-post__text\">\n\t\t\t\t<h3 class=\"elementor-post__title\">\n\t\t\t<a href=\"https:\/\/uniwersytetotwarty.us.edu.pl\/ko\/monika-bernacka\/\" >\n\t\t\t\tMonika Bernacka\t\t\t<\/a>\n\t\t<\/h3>\n\t\t\t\t<\/div>\n\t\t\t\t\t<\/div>\n\t\t<\/article>\n\t\t\t\t<article class=\"elementor-post elementor-grid-item post-1192 post type-post status-publish format-standard has-post-thumbnail hentry category-program2025\" role=\"listitem\">\n\t\t\t<div class=\"elementor-post__card\">\n\t\t\t\t<a class=\"elementor-post__thumbnail__link\" href=\"https:\/\/uniwersytetotwarty.us.edu.pl\/ko\/paulina-worsztynowicz\/\" tabindex=\"-1\" ><div class=\"elementor-post__thumbnail\"><img loading=\"lazy\" decoding=\"async\" width=\"300\" height=\"300\" src=\"https:\/\/uniwersytetotwarty.us.edu.pl\/ko\/wp-content\/uploads\/sites\/7\/2025\/08\/Paulina-Worsztynowicz-300x300.png\" class=\"attachment-medium size-medium wp-image-1073\" alt=\"\" srcset=\"https:\/\/uniwersytetotwarty.us.edu.pl\/ko\/wp-content\/uploads\/sites\/7\/2025\/08\/Paulina-Worsztynowicz-300x300.png 300w, https:\/\/uniwersytetotwarty.us.edu.pl\/ko\/wp-content\/uploads\/sites\/7\/2025\/08\/Paulina-Worsztynowicz-150x150.png 150w, https:\/\/uniwersytetotwarty.us.edu.pl\/ko\/wp-content\/uploads\/sites\/7\/2025\/08\/Paulina-Worsztynowicz.png 500w\" sizes=\"(max-width: 300px) 100vw, 300px\" \/><\/div><\/a>\n\t\t\t\t<div class=\"elementor-post__text\">\n\t\t\t\t<h3 class=\"elementor-post__title\">\n\t\t\t<a href=\"https:\/\/uniwersytetotwarty.us.edu.pl\/ko\/paulina-worsztynowicz\/\" >\n\t\t\t\tPaulina Worsztynowicz\t\t\t<\/a>\n\t\t<\/h3>\n\t\t\t\t<\/div>\n\t\t\t\t\t<\/div>\n\t\t<\/article>\n\t\t\t\t<article class=\"elementor-post elementor-grid-item post-1198 post type-post status-publish format-standard has-post-thumbnail hentry category-program2025\" role=\"listitem\">\n\t\t\t<div class=\"elementor-post__card\">\n\t\t\t\t<a class=\"elementor-post__thumbnail__link\" href=\"https:\/\/uniwersytetotwarty.us.edu.pl\/ko\/dr-jacek-francikowski\/\" tabindex=\"-1\" ><div class=\"elementor-post__thumbnail\"><img loading=\"lazy\" decoding=\"async\" width=\"300\" height=\"300\" src=\"https:\/\/uniwersytetotwarty.us.edu.pl\/ko\/wp-content\/uploads\/sites\/7\/2025\/08\/Jacek-Francikowski-300x300.png\" class=\"attachment-medium size-medium wp-image-1059\" alt=\"\" srcset=\"https:\/\/uniwersytetotwarty.us.edu.pl\/ko\/wp-content\/uploads\/sites\/7\/2025\/08\/Jacek-Francikowski-300x300.png 300w, https:\/\/uniwersytetotwarty.us.edu.pl\/ko\/wp-content\/uploads\/sites\/7\/2025\/08\/Jacek-Francikowski-150x150.png 150w, https:\/\/uniwersytetotwarty.us.edu.pl\/ko\/wp-content\/uploads\/sites\/7\/2025\/08\/Jacek-Francikowski.png 500w\" sizes=\"(max-width: 300px) 100vw, 300px\" \/><\/div><\/a>\n\t\t\t\t<div class=\"elementor-post__text\">\n\t\t\t\t<h3 class=\"elementor-post__title\">\n\t\t\t<a href=\"https:\/\/uniwersytetotwarty.us.edu.pl\/ko\/dr-jacek-francikowski\/\" >\n\t\t\t\tdr Jacek Francikowski\t\t\t<\/a>\n\t\t<\/h3>\n\t\t\t\t<\/div>\n\t\t\t\t\t<\/div>\n\t\t<\/article>\n\t\t\t\t<article class=\"elementor-post elementor-grid-item post-1203 post type-post status-publish format-standard has-post-thumbnail hentry category-program2025\" role=\"listitem\">\n\t\t\t<div class=\"elementor-post__card\">\n\t\t\t\t<a class=\"elementor-post__thumbnail__link\" href=\"https:\/\/uniwersytetotwarty.us.edu.pl\/ko\/jan-olbrycht\/\" tabindex=\"-1\" ><div class=\"elementor-post__thumbnail\"><img loading=\"lazy\" decoding=\"async\" width=\"300\" height=\"284\" src=\"https:\/\/uniwersytetotwarty.us.edu.pl\/ko\/wp-content\/uploads\/sites\/7\/2024\/09\/computer-icons-person-anonymous-300x284.jpg\" class=\"attachment-medium size-medium wp-image-571\" alt=\"\" srcset=\"https:\/\/uniwersytetotwarty.us.edu.pl\/ko\/wp-content\/uploads\/sites\/7\/2024\/09\/computer-icons-person-anonymous-300x284.jpg 300w, https:\/\/uniwersytetotwarty.us.edu.pl\/ko\/wp-content\/uploads\/sites\/7\/2024\/09\/computer-icons-person-anonymous.jpg 600w\" sizes=\"(max-width: 300px) 100vw, 300px\" \/><\/div><\/a>\n\t\t\t\t<div class=\"elementor-post__text\">\n\t\t\t\t<h3 class=\"elementor-post__title\">\n\t\t\t<a href=\"https:\/\/uniwersytetotwarty.us.edu.pl\/ko\/jan-olbrycht\/\" >\n\t\t\t\tJan Olbrycht\t\t\t<\/a>\n\t\t<\/h3>\n\t\t\t\t<\/div>\n\t\t\t\t\t<\/div>\n\t\t<\/article>\n\t\t\t\t<article class=\"elementor-post elementor-grid-item post-1208 post type-post status-publish format-standard has-post-thumbnail hentry category-program2025\" role=\"listitem\">\n\t\t\t<div class=\"elementor-post__card\">\n\t\t\t\t<a class=\"elementor-post__thumbnail__link\" href=\"https:\/\/uniwersytetotwarty.us.edu.pl\/ko\/marta-iwanowska-polkowska\/\" tabindex=\"-1\" ><div class=\"elementor-post__thumbnail\"><img loading=\"lazy\" decoding=\"async\" width=\"300\" height=\"300\" src=\"https:\/\/uniwersytetotwarty.us.edu.pl\/ko\/wp-content\/uploads\/sites\/7\/2025\/08\/Marta-Iwanowska-Polkowska-300x300.png\" class=\"attachment-medium size-medium wp-image-1069\" alt=\"\" srcset=\"https:\/\/uniwersytetotwarty.us.edu.pl\/ko\/wp-content\/uploads\/sites\/7\/2025\/08\/Marta-Iwanowska-Polkowska-300x300.png 300w, https:\/\/uniwersytetotwarty.us.edu.pl\/ko\/wp-content\/uploads\/sites\/7\/2025\/08\/Marta-Iwanowska-Polkowska-150x150.png 150w, https:\/\/uniwersytetotwarty.us.edu.pl\/ko\/wp-content\/uploads\/sites\/7\/2025\/08\/Marta-Iwanowska-Polkowska.png 500w\" sizes=\"(max-width: 300px) 100vw, 300px\" \/><\/div><\/a>\n\t\t\t\t<div class=\"elementor-post__text\">\n\t\t\t\t<h3 class=\"elementor-post__title\">\n\t\t\t<a href=\"https:\/\/uniwersytetotwarty.us.edu.pl\/ko\/marta-iwanowska-polkowska\/\" >\n\t\t\t\tMarta Iwanowska-Polkowska\t\t\t<\/a>\n\t\t<\/h3>\n\t\t\t\t<\/div>\n\t\t\t\t\t<\/div>\n\t\t<\/article>\n\t\t\t\t<article class=\"elementor-post elementor-grid-item post-1213 post type-post status-publish format-standard has-post-thumbnail hentry category-program2025\" role=\"listitem\">\n\t\t\t<div class=\"elementor-post__card\">\n\t\t\t\t<a class=\"elementor-post__thumbnail__link\" href=\"https:\/\/uniwersytetotwarty.us.edu.pl\/ko\/monika-szczepanik\/\" tabindex=\"-1\" ><div class=\"elementor-post__thumbnail\"><img loading=\"lazy\" decoding=\"async\" width=\"300\" height=\"300\" src=\"https:\/\/uniwersytetotwarty.us.edu.pl\/ko\/wp-content\/uploads\/sites\/7\/2025\/08\/Monika-Szczepanik-300x300.png\" class=\"attachment-medium size-medium wp-image-1072\" alt=\"\" srcset=\"https:\/\/uniwersytetotwarty.us.edu.pl\/ko\/wp-content\/uploads\/sites\/7\/2025\/08\/Monika-Szczepanik-300x300.png 300w, https:\/\/uniwersytetotwarty.us.edu.pl\/ko\/wp-content\/uploads\/sites\/7\/2025\/08\/Monika-Szczepanik-150x150.png 150w, https:\/\/uniwersytetotwarty.us.edu.pl\/ko\/wp-content\/uploads\/sites\/7\/2025\/08\/Monika-Szczepanik.png 500w\" sizes=\"(max-width: 300px) 100vw, 300px\" \/><\/div><\/a>\n\t\t\t\t<div class=\"elementor-post__text\">\n\t\t\t\t<h3 class=\"elementor-post__title\">\n\t\t\t<a href=\"https:\/\/uniwersytetotwarty.us.edu.pl\/ko\/monika-szczepanik\/\" >\n\t\t\t\tMonika Szczepanik\t\t\t<\/a>\n\t\t<\/h3>\n\t\t\t\t<\/div>\n\t\t\t\t\t<\/div>\n\t\t<\/article>\n\t\t\t\t<article class=\"elementor-post elementor-grid-item post-1234 post type-post status-publish format-standard has-post-thumbnail hentry category-program2025\" role=\"listitem\">\n\t\t\t<div class=\"elementor-post__card\">\n\t\t\t\t<a class=\"elementor-post__thumbnail__link\" href=\"https:\/\/uniwersytetotwarty.us.edu.pl\/ko\/katarzyna-baca\/\" tabindex=\"-1\" ><div class=\"elementor-post__thumbnail\"><img loading=\"lazy\" decoding=\"async\" width=\"300\" height=\"300\" src=\"https:\/\/uniwersytetotwarty.us.edu.pl\/ko\/wp-content\/uploads\/sites\/7\/2025\/08\/Katarzyna-Baca-300x300.png\" class=\"attachment-medium size-medium wp-image-1063\" alt=\"\" srcset=\"https:\/\/uniwersytetotwarty.us.edu.pl\/ko\/wp-content\/uploads\/sites\/7\/2025\/08\/Katarzyna-Baca-300x300.png 300w, https:\/\/uniwersytetotwarty.us.edu.pl\/ko\/wp-content\/uploads\/sites\/7\/2025\/08\/Katarzyna-Baca-150x150.png 150w, https:\/\/uniwersytetotwarty.us.edu.pl\/ko\/wp-content\/uploads\/sites\/7\/2025\/08\/Katarzyna-Baca.png 500w\" sizes=\"(max-width: 300px) 100vw, 300px\" \/><\/div><\/a>\n\t\t\t\t<div class=\"elementor-post__text\">\n\t\t\t\t<h3 class=\"elementor-post__title\">\n\t\t\t<a href=\"https:\/\/uniwersytetotwarty.us.edu.pl\/ko\/katarzyna-baca\/\" >\n\t\t\t\tKatarzyna Baca\t\t\t<\/a>\n\t\t<\/h3>\n\t\t\t\t<\/div>\n\t\t\t\t\t<\/div>\n\t\t<\/article>\n\t\t\t\t<article class=\"elementor-post elementor-grid-item post-1239 post type-post status-publish format-standard has-post-thumbnail hentry category-program2025\" role=\"listitem\">\n\t\t\t<div class=\"elementor-post__card\">\n\t\t\t\t<a class=\"elementor-post__thumbnail__link\" href=\"https:\/\/uniwersytetotwarty.us.edu.pl\/ko\/dr-marta-margiel\/\" tabindex=\"-1\" ><div class=\"elementor-post__thumbnail\"><img loading=\"lazy\" decoding=\"async\" width=\"300\" height=\"300\" src=\"https:\/\/uniwersytetotwarty.us.edu.pl\/ko\/wp-content\/uploads\/sites\/7\/2025\/08\/Marta-Margiel-300x300.png\" class=\"attachment-medium size-medium wp-image-1070\" alt=\"\" srcset=\"https:\/\/uniwersytetotwarty.us.edu.pl\/ko\/wp-content\/uploads\/sites\/7\/2025\/08\/Marta-Margiel-300x300.png 300w, https:\/\/uniwersytetotwarty.us.edu.pl\/ko\/wp-content\/uploads\/sites\/7\/2025\/08\/Marta-Margiel-150x150.png 150w, https:\/\/uniwersytetotwarty.us.edu.pl\/ko\/wp-content\/uploads\/sites\/7\/2025\/08\/Marta-Margiel.png 500w\" sizes=\"(max-width: 300px) 100vw, 300px\" \/><\/div><\/a>\n\t\t\t\t<div class=\"elementor-post__text\">\n\t\t\t\t<h3 class=\"elementor-post__title\">\n\t\t\t<a href=\"https:\/\/uniwersytetotwarty.us.edu.pl\/ko\/dr-marta-margiel\/\" >\n\t\t\t\tdr Marta Margiel\t\t\t<\/a>\n\t\t<\/h3>\n\t\t\t\t<\/div>\n\t\t\t\t\t<\/div>\n\t\t<\/article>\n\t\t\t\t<article class=\"elementor-post elementor-grid-item post-1244 post type-post status-publish format-standard has-post-thumbnail hentry category-program2025\" role=\"listitem\">\n\t\t\t<div class=\"elementor-post__card\">\n\t\t\t\t<a class=\"elementor-post__thumbnail__link\" href=\"https:\/\/uniwersytetotwarty.us.edu.pl\/ko\/dr-hab-jolanta-skutnik-prof-us\/\" tabindex=\"-1\" ><div class=\"elementor-post__thumbnail\"><img loading=\"lazy\" decoding=\"async\" width=\"300\" height=\"300\" src=\"https:\/\/uniwersytetotwarty.us.edu.pl\/ko\/wp-content\/uploads\/sites\/7\/2025\/08\/Joanna-Skutnik-300x300.png\" class=\"attachment-medium size-medium wp-image-1096\" alt=\"\" srcset=\"https:\/\/uniwersytetotwarty.us.edu.pl\/ko\/wp-content\/uploads\/sites\/7\/2025\/08\/Joanna-Skutnik-300x300.png 300w, https:\/\/uniwersytetotwarty.us.edu.pl\/ko\/wp-content\/uploads\/sites\/7\/2025\/08\/Joanna-Skutnik-150x150.png 150w, https:\/\/uniwersytetotwarty.us.edu.pl\/ko\/wp-content\/uploads\/sites\/7\/2025\/08\/Joanna-Skutnik.png 500w\" sizes=\"(max-width: 300px) 100vw, 300px\" \/><\/div><\/a>\n\t\t\t\t<div class=\"elementor-post__text\">\n\t\t\t\t<h3 class=\"elementor-post__title\">\n\t\t\t<a href=\"https:\/\/uniwersytetotwarty.us.edu.pl\/ko\/dr-hab-jolanta-skutnik-prof-us\/\" >\n\t\t\t\tdr hab. Jolanta Skutnik, prof. U\u015a\t\t\t<\/a>\n\t\t<\/h3>\n\t\t\t\t<\/div>\n\t\t\t\t\t<\/div>\n\t\t<\/article>\n\t\t\t\t<article class=\"elementor-post elementor-grid-item post-1249 post type-post status-publish format-standard has-post-thumbnail hentry category-program2025\" role=\"listitem\">\n\t\t\t<div class=\"elementor-post__card\">\n\t\t\t\t<a class=\"elementor-post__thumbnail__link\" href=\"https:\/\/uniwersytetotwarty.us.edu.pl\/ko\/dr-anna-szczerba-zubek-prof-us\/\" tabindex=\"-1\" ><div class=\"elementor-post__thumbnail\"><img loading=\"lazy\" decoding=\"async\" width=\"300\" height=\"300\" src=\"https:\/\/uniwersytetotwarty.us.edu.pl\/ko\/wp-content\/uploads\/sites\/7\/2025\/08\/Anna-Szczerba-Zubek-300x300.png\" class=\"attachment-medium size-medium wp-image-1099\" alt=\"\" srcset=\"https:\/\/uniwersytetotwarty.us.edu.pl\/ko\/wp-content\/uploads\/sites\/7\/2025\/08\/Anna-Szczerba-Zubek-300x300.png 300w, https:\/\/uniwersytetotwarty.us.edu.pl\/ko\/wp-content\/uploads\/sites\/7\/2025\/08\/Anna-Szczerba-Zubek-150x150.png 150w, https:\/\/uniwersytetotwarty.us.edu.pl\/ko\/wp-content\/uploads\/sites\/7\/2025\/08\/Anna-Szczerba-Zubek.png 500w\" sizes=\"(max-width: 300px) 100vw, 300px\" \/><\/div><\/a>\n\t\t\t\t<div class=\"elementor-post__text\">\n\t\t\t\t<h3 class=\"elementor-post__title\">\n\t\t\t<a href=\"https:\/\/uniwersytetotwarty.us.edu.pl\/ko\/dr-anna-szczerba-zubek-prof-us\/\" >\n\t\t\t\tdr Anna Szczerba-Zubek, prof. U\u015a\t\t\t<\/a>\n\t\t<\/h3>\n\t\t\t\t<\/div>\n\t\t\t\t\t<\/div>\n\t\t<\/article>\n\t\t\t\t<article class=\"elementor-post elementor-grid-item post-1254 post type-post status-publish format-standard has-post-thumbnail hentry category-program2025\" role=\"listitem\">\n\t\t\t<div class=\"elementor-post__card\">\n\t\t\t\t<a class=\"elementor-post__thumbnail__link\" href=\"https:\/\/uniwersytetotwarty.us.edu.pl\/ko\/dr-agnieszka-kania\/\" tabindex=\"-1\" ><div class=\"elementor-post__thumbnail\"><img loading=\"lazy\" decoding=\"async\" width=\"300\" height=\"300\" src=\"https:\/\/uniwersytetotwarty.us.edu.pl\/ko\/wp-content\/uploads\/sites\/7\/2025\/08\/Agnieszka-Kania-300x300.png\" class=\"attachment-medium size-medium wp-image-1045\" alt=\"\" srcset=\"https:\/\/uniwersytetotwarty.us.edu.pl\/ko\/wp-content\/uploads\/sites\/7\/2025\/08\/Agnieszka-Kania-300x300.png 300w, https:\/\/uniwersytetotwarty.us.edu.pl\/ko\/wp-content\/uploads\/sites\/7\/2025\/08\/Agnieszka-Kania-150x150.png 150w, https:\/\/uniwersytetotwarty.us.edu.pl\/ko\/wp-content\/uploads\/sites\/7\/2025\/08\/Agnieszka-Kania.png 500w\" sizes=\"(max-width: 300px) 100vw, 300px\" \/><\/div><\/a>\n\t\t\t\t<div class=\"elementor-post__text\">\n\t\t\t\t<h3 class=\"elementor-post__title\">\n\t\t\t<a href=\"https:\/\/uniwersytetotwarty.us.edu.pl\/ko\/dr-agnieszka-kania\/\" >\n\t\t\t\tdr Agnieszka Kania\t\t\t<\/a>\n\t\t<\/h3>\n\t\t\t\t<\/div>\n\t\t\t\t\t<\/div>\n\t\t<\/article>\n\t\t\t\t<article class=\"elementor-post elementor-grid-item post-1262 post type-post status-publish format-standard has-post-thumbnail hentry category-program2025\" role=\"listitem\">\n\t\t\t<div class=\"elementor-post__card\">\n\t\t\t\t<a class=\"elementor-post__thumbnail__link\" href=\"https:\/\/uniwersytetotwarty.us.edu.pl\/ko\/anna-jazlowska\/\" tabindex=\"-1\" ><div class=\"elementor-post__thumbnail\"><img loading=\"lazy\" decoding=\"async\" width=\"300\" height=\"300\" src=\"https:\/\/uniwersytetotwarty.us.edu.pl\/ko\/wp-content\/uploads\/sites\/7\/2025\/08\/Anna-Jazlowska-300x300.png\" class=\"attachment-medium size-medium wp-image-1048\" alt=\"\" srcset=\"https:\/\/uniwersytetotwarty.us.edu.pl\/ko\/wp-content\/uploads\/sites\/7\/2025\/08\/Anna-Jazlowska-300x300.png 300w, https:\/\/uniwersytetotwarty.us.edu.pl\/ko\/wp-content\/uploads\/sites\/7\/2025\/08\/Anna-Jazlowska-150x150.png 150w, https:\/\/uniwersytetotwarty.us.edu.pl\/ko\/wp-content\/uploads\/sites\/7\/2025\/08\/Anna-Jazlowska.png 500w\" sizes=\"(max-width: 300px) 100vw, 300px\" \/><\/div><\/a>\n\t\t\t\t<div class=\"elementor-post__text\">\n\t\t\t\t<h3 class=\"elementor-post__title\">\n\t\t\t<a href=\"https:\/\/uniwersytetotwarty.us.edu.pl\/ko\/anna-jazlowska\/\" >\n\t\t\t\tAnna Jaz\u0142owska\t\t\t<\/a>\n\t\t<\/h3>\n\t\t\t\t<\/div>\n\t\t\t\t\t<\/div>\n\t\t<\/article>\n\t\t\t\t<article class=\"elementor-post elementor-grid-item post-1267 post type-post status-publish format-standard has-post-thumbnail hentry category-program2025\" role=\"listitem\">\n\t\t\t<div class=\"elementor-post__card\">\n\t\t\t\t<a class=\"elementor-post__thumbnail__link\" href=\"https:\/\/uniwersytetotwarty.us.edu.pl\/ko\/joanna-kucharewicz\/\" tabindex=\"-1\" ><div class=\"elementor-post__thumbnail\"><img loading=\"lazy\" decoding=\"async\" width=\"300\" height=\"284\" src=\"https:\/\/uniwersytetotwarty.us.edu.pl\/ko\/wp-content\/uploads\/sites\/7\/2024\/09\/computer-icons-person-anonymous-300x284.jpg\" class=\"attachment-medium size-medium wp-image-571\" alt=\"\" srcset=\"https:\/\/uniwersytetotwarty.us.edu.pl\/ko\/wp-content\/uploads\/sites\/7\/2024\/09\/computer-icons-person-anonymous-300x284.jpg 300w, https:\/\/uniwersytetotwarty.us.edu.pl\/ko\/wp-content\/uploads\/sites\/7\/2024\/09\/computer-icons-person-anonymous.jpg 600w\" sizes=\"(max-width: 300px) 100vw, 300px\" \/><\/div><\/a>\n\t\t\t\t<div class=\"elementor-post__text\">\n\t\t\t\t<h3 class=\"elementor-post__title\">\n\t\t\t<a href=\"https:\/\/uniwersytetotwarty.us.edu.pl\/ko\/joanna-kucharewicz\/\" >\n\t\t\t\tJoanna Kucharewicz\t\t\t<\/a>\n\t\t<\/h3>\n\t\t\t\t<\/div>\n\t\t\t\t\t<\/div>\n\t\t<\/article>\n\t\t\t\t<article class=\"elementor-post elementor-grid-item post-1277 post type-post status-publish format-standard has-post-thumbnail hentry category-program2025\" role=\"listitem\">\n\t\t\t<div class=\"elementor-post__card\">\n\t\t\t\t<a class=\"elementor-post__thumbnail__link\" href=\"https:\/\/uniwersytetotwarty.us.edu.pl\/ko\/damian-bereska\/\" tabindex=\"-1\" ><div class=\"elementor-post__thumbnail\"><img loading=\"lazy\" decoding=\"async\" width=\"300\" height=\"300\" src=\"https:\/\/uniwersytetotwarty.us.edu.pl\/ko\/wp-content\/uploads\/sites\/7\/2025\/08\/Damian-Bereska-300x300.png\" class=\"attachment-medium size-medium wp-image-1801\" alt=\"\" srcset=\"https:\/\/uniwersytetotwarty.us.edu.pl\/ko\/wp-content\/uploads\/sites\/7\/2025\/08\/Damian-Bereska-300x300.png 300w, https:\/\/uniwersytetotwarty.us.edu.pl\/ko\/wp-content\/uploads\/sites\/7\/2025\/08\/Damian-Bereska-150x150.png 150w, https:\/\/uniwersytetotwarty.us.edu.pl\/ko\/wp-content\/uploads\/sites\/7\/2025\/08\/Damian-Bereska.png 500w\" sizes=\"(max-width: 300px) 100vw, 300px\" \/><\/div><\/a>\n\t\t\t\t<div class=\"elementor-post__text\">\n\t\t\t\t<h3 class=\"elementor-post__title\">\n\t\t\t<a href=\"https:\/\/uniwersytetotwarty.us.edu.pl\/ko\/damian-bereska\/\" >\n\t\t\t\tDamian Bereska\t\t\t<\/a>\n\t\t<\/h3>\n\t\t\t\t<\/div>\n\t\t\t\t\t<\/div>\n\t\t<\/article>\n\t\t\t\t<article class=\"elementor-post elementor-grid-item post-1282 post type-post status-publish format-standard has-post-thumbnail hentry category-program2025\" role=\"listitem\">\n\t\t\t<div class=\"elementor-post__card\">\n\t\t\t\t<a class=\"elementor-post__thumbnail__link\" href=\"https:\/\/uniwersytetotwarty.us.edu.pl\/ko\/radoslaw-galka\/\" tabindex=\"-1\" ><div class=\"elementor-post__thumbnail\"><img loading=\"lazy\" decoding=\"async\" width=\"300\" height=\"300\" src=\"https:\/\/uniwersytetotwarty.us.edu.pl\/ko\/wp-content\/uploads\/sites\/7\/2025\/08\/Radoslaw-Galka-300x300.png\" class=\"attachment-medium size-medium wp-image-1796\" alt=\"\" srcset=\"https:\/\/uniwersytetotwarty.us.edu.pl\/ko\/wp-content\/uploads\/sites\/7\/2025\/08\/Radoslaw-Galka-300x300.png 300w, https:\/\/uniwersytetotwarty.us.edu.pl\/ko\/wp-content\/uploads\/sites\/7\/2025\/08\/Radoslaw-Galka-150x150.png 150w, https:\/\/uniwersytetotwarty.us.edu.pl\/ko\/wp-content\/uploads\/sites\/7\/2025\/08\/Radoslaw-Galka.png 500w\" sizes=\"(max-width: 300px) 100vw, 300px\" \/><\/div><\/a>\n\t\t\t\t<div class=\"elementor-post__text\">\n\t\t\t\t<h3 class=\"elementor-post__title\">\n\t\t\t<a href=\"https:\/\/uniwersytetotwarty.us.edu.pl\/ko\/radoslaw-galka\/\" >\n\t\t\t\tRados\u0142aw Ga\u0142ka\t\t\t<\/a>\n\t\t<\/h3>\n\t\t\t\t<\/div>\n\t\t\t\t\t<\/div>\n\t\t<\/article>\n\t\t\t\t<article class=\"elementor-post elementor-grid-item post-1296 post type-post status-publish format-standard has-post-thumbnail hentry category-program2025\" role=\"listitem\">\n\t\t\t<div class=\"elementor-post__card\">\n\t\t\t\t<a class=\"elementor-post__thumbnail__link\" href=\"https:\/\/uniwersytetotwarty.us.edu.pl\/ko\/michal-klosinski\/\" tabindex=\"-1\" ><div class=\"elementor-post__thumbnail\"><img loading=\"lazy\" decoding=\"async\" width=\"300\" height=\"284\" src=\"https:\/\/uniwersytetotwarty.us.edu.pl\/ko\/wp-content\/uploads\/sites\/7\/2024\/09\/computer-icons-person-anonymous-300x284.jpg\" class=\"attachment-medium size-medium wp-image-571\" alt=\"\" srcset=\"https:\/\/uniwersytetotwarty.us.edu.pl\/ko\/wp-content\/uploads\/sites\/7\/2024\/09\/computer-icons-person-anonymous-300x284.jpg 300w, https:\/\/uniwersytetotwarty.us.edu.pl\/ko\/wp-content\/uploads\/sites\/7\/2024\/09\/computer-icons-person-anonymous.jpg 600w\" sizes=\"(max-width: 300px) 100vw, 300px\" \/><\/div><\/a>\n\t\t\t\t<div class=\"elementor-post__text\">\n\t\t\t\t<h3 class=\"elementor-post__title\">\n\t\t\t<a href=\"https:\/\/uniwersytetotwarty.us.edu.pl\/ko\/michal-klosinski\/\" >\n\t\t\t\tdr hab. Micha\u0142 K\u0142osi\u0144ski, prof. U\u015a\t\t\t<\/a>\n\t\t<\/h3>\n\t\t\t\t<\/div>\n\t\t\t\t\t<\/div>\n\t\t<\/article>\n\t\t\t\t<article class=\"elementor-post elementor-grid-item post-1301 post type-post status-publish format-standard has-post-thumbnail hentry category-program2025\" role=\"listitem\">\n\t\t\t<div class=\"elementor-post__card\">\n\t\t\t\t<a class=\"elementor-post__thumbnail__link\" href=\"https:\/\/uniwersytetotwarty.us.edu.pl\/ko\/romana-musialik\/\" tabindex=\"-1\" ><div class=\"elementor-post__thumbnail\"><img loading=\"lazy\" decoding=\"async\" width=\"300\" height=\"284\" src=\"https:\/\/uniwersytetotwarty.us.edu.pl\/ko\/wp-content\/uploads\/sites\/7\/2024\/09\/computer-icons-person-anonymous-300x284.jpg\" class=\"attachment-medium size-medium wp-image-571\" alt=\"\" srcset=\"https:\/\/uniwersytetotwarty.us.edu.pl\/ko\/wp-content\/uploads\/sites\/7\/2024\/09\/computer-icons-person-anonymous-300x284.jpg 300w, https:\/\/uniwersytetotwarty.us.edu.pl\/ko\/wp-content\/uploads\/sites\/7\/2024\/09\/computer-icons-person-anonymous.jpg 600w\" sizes=\"(max-width: 300px) 100vw, 300px\" \/><\/div><\/a>\n\t\t\t\t<div class=\"elementor-post__text\">\n\t\t\t\t<h3 class=\"elementor-post__title\">\n\t\t\t<a href=\"https:\/\/uniwersytetotwarty.us.edu.pl\/ko\/romana-musialik\/\" >\n\t\t\t\tRomana Musialik\t\t\t<\/a>\n\t\t<\/h3>\n\t\t\t\t<\/div>\n\t\t\t\t\t<\/div>\n\t\t<\/article>\n\t\t\t\t<article class=\"elementor-post elementor-grid-item post-1306 post type-post status-publish format-standard has-post-thumbnail hentry category-program2025\" role=\"listitem\">\n\t\t\t<div class=\"elementor-post__card\">\n\t\t\t\t<a class=\"elementor-post__thumbnail__link\" href=\"https:\/\/uniwersytetotwarty.us.edu.pl\/ko\/sabina-ficek\/\" tabindex=\"-1\" ><div class=\"elementor-post__thumbnail\"><img loading=\"lazy\" decoding=\"async\" width=\"300\" height=\"300\" src=\"https:\/\/uniwersytetotwarty.us.edu.pl\/ko\/wp-content\/uploads\/sites\/7\/2025\/08\/Sabina-Ficek-300x300.png\" class=\"attachment-medium size-medium wp-image-1074\" alt=\"\" srcset=\"https:\/\/uniwersytetotwarty.us.edu.pl\/ko\/wp-content\/uploads\/sites\/7\/2025\/08\/Sabina-Ficek-300x300.png 300w, https:\/\/uniwersytetotwarty.us.edu.pl\/ko\/wp-content\/uploads\/sites\/7\/2025\/08\/Sabina-Ficek-150x150.png 150w, https:\/\/uniwersytetotwarty.us.edu.pl\/ko\/wp-content\/uploads\/sites\/7\/2025\/08\/Sabina-Ficek.png 500w\" sizes=\"(max-width: 300px) 100vw, 300px\" \/><\/div><\/a>\n\t\t\t\t<div class=\"elementor-post__text\">\n\t\t\t\t<h3 class=\"elementor-post__title\">\n\t\t\t<a href=\"https:\/\/uniwersytetotwarty.us.edu.pl\/ko\/sabina-ficek\/\" >\n\t\t\t\tSabina Ficek\t\t\t<\/a>\n\t\t<\/h3>\n\t\t\t\t<\/div>\n\t\t\t\t\t<\/div>\n\t\t<\/article>\n\t\t\t\t<article class=\"elementor-post elementor-grid-item post-1311 post type-post status-publish format-standard has-post-thumbnail hentry category-program2025\" role=\"listitem\">\n\t\t\t<div class=\"elementor-post__card\">\n\t\t\t\t<a class=\"elementor-post__thumbnail__link\" href=\"https:\/\/uniwersytetotwarty.us.edu.pl\/ko\/beata-szoltysek\/\" tabindex=\"-1\" ><div class=\"elementor-post__thumbnail\"><img loading=\"lazy\" decoding=\"async\" width=\"300\" height=\"300\" src=\"https:\/\/uniwersytetotwarty.us.edu.pl\/ko\/wp-content\/uploads\/sites\/7\/2025\/08\/Beata-Szoltysek-300x300.png\" class=\"attachment-medium size-medium wp-image-1100\" alt=\"\" srcset=\"https:\/\/uniwersytetotwarty.us.edu.pl\/ko\/wp-content\/uploads\/sites\/7\/2025\/08\/Beata-Szoltysek-300x300.png 300w, https:\/\/uniwersytetotwarty.us.edu.pl\/ko\/wp-content\/uploads\/sites\/7\/2025\/08\/Beata-Szoltysek-150x150.png 150w, https:\/\/uniwersytetotwarty.us.edu.pl\/ko\/wp-content\/uploads\/sites\/7\/2025\/08\/Beata-Szoltysek.png 500w\" sizes=\"(max-width: 300px) 100vw, 300px\" \/><\/div><\/a>\n\t\t\t\t<div class=\"elementor-post__text\">\n\t\t\t\t<h3 class=\"elementor-post__title\">\n\t\t\t<a href=\"https:\/\/uniwersytetotwarty.us.edu.pl\/ko\/beata-szoltysek\/\" >\n\t\t\t\tBeata Szo\u0142tysek\t\t\t<\/a>\n\t\t<\/h3>\n\t\t\t\t<\/div>\n\t\t\t\t\t<\/div>\n\t\t<\/article>\n\t\t\t\t<article class=\"elementor-post elementor-grid-item post-1316 post type-post status-publish format-standard has-post-thumbnail hentry category-program2025\" role=\"listitem\">\n\t\t\t<div class=\"elementor-post__card\">\n\t\t\t\t<a class=\"elementor-post__thumbnail__link\" href=\"https:\/\/uniwersytetotwarty.us.edu.pl\/ko\/joanna-zebrowska\/\" tabindex=\"-1\" ><div class=\"elementor-post__thumbnail\"><img loading=\"lazy\" decoding=\"async\" width=\"300\" height=\"300\" src=\"https:\/\/uniwersytetotwarty.us.edu.pl\/ko\/wp-content\/uploads\/sites\/7\/2025\/08\/Joanna-Zebrowska-300x300.png\" class=\"attachment-medium size-medium wp-image-1061\" alt=\"\" srcset=\"https:\/\/uniwersytetotwarty.us.edu.pl\/ko\/wp-content\/uploads\/sites\/7\/2025\/08\/Joanna-Zebrowska-300x300.png 300w, https:\/\/uniwersytetotwarty.us.edu.pl\/ko\/wp-content\/uploads\/sites\/7\/2025\/08\/Joanna-Zebrowska-150x150.png 150w, https:\/\/uniwersytetotwarty.us.edu.pl\/ko\/wp-content\/uploads\/sites\/7\/2025\/08\/Joanna-Zebrowska.png 500w\" sizes=\"(max-width: 300px) 100vw, 300px\" \/><\/div><\/a>\n\t\t\t\t<div class=\"elementor-post__text\">\n\t\t\t\t<h3 class=\"elementor-post__title\">\n\t\t\t<a href=\"https:\/\/uniwersytetotwarty.us.edu.pl\/ko\/joanna-zebrowska\/\" >\n\t\t\t\tJoanna \u017bebrowska\t\t\t<\/a>\n\t\t<\/h3>\n\t\t\t\t<\/div>\n\t\t\t\t\t<\/div>\n\t\t<\/article>\n\t\t\t\t<article class=\"elementor-post elementor-grid-item post-1321 post type-post status-publish format-standard has-post-thumbnail hentry category-program2025\" role=\"listitem\">\n\t\t\t<div class=\"elementor-post__card\">\n\t\t\t\t<a class=\"elementor-post__thumbnail__link\" href=\"https:\/\/uniwersytetotwarty.us.edu.pl\/ko\/remigiusz-raczka\/\" tabindex=\"-1\" ><div class=\"elementor-post__thumbnail\"><img loading=\"lazy\" decoding=\"async\" width=\"300\" height=\"284\" src=\"https:\/\/uniwersytetotwarty.us.edu.pl\/ko\/wp-content\/uploads\/sites\/7\/2024\/09\/computer-icons-person-anonymous-300x284.jpg\" class=\"attachment-medium size-medium wp-image-571\" alt=\"\" srcset=\"https:\/\/uniwersytetotwarty.us.edu.pl\/ko\/wp-content\/uploads\/sites\/7\/2024\/09\/computer-icons-person-anonymous-300x284.jpg 300w, https:\/\/uniwersytetotwarty.us.edu.pl\/ko\/wp-content\/uploads\/sites\/7\/2024\/09\/computer-icons-person-anonymous.jpg 600w\" sizes=\"(max-width: 300px) 100vw, 300px\" \/><\/div><\/a>\n\t\t\t\t<div class=\"elementor-post__text\">\n\t\t\t\t<h3 class=\"elementor-post__title\">\n\t\t\t<a href=\"https:\/\/uniwersytetotwarty.us.edu.pl\/ko\/remigiusz-raczka\/\" >\n\t\t\t\tRemigiusz R\u0105czka\t\t\t<\/a>\n\t\t<\/h3>\n\t\t\t\t<\/div>\n\t\t\t\t\t<\/div>\n\t\t<\/article>\n\t\t\t\t<article class=\"elementor-post elementor-grid-item post-1326 post type-post status-publish format-standard has-post-thumbnail hentry category-program2025\" role=\"listitem\">\n\t\t\t<div class=\"elementor-post__card\">\n\t\t\t\t<a class=\"elementor-post__thumbnail__link\" href=\"https:\/\/uniwersytetotwarty.us.edu.pl\/ko\/aldona-skubiszewska\/\" tabindex=\"-1\" ><div class=\"elementor-post__thumbnail\"><img loading=\"lazy\" decoding=\"async\" width=\"300\" height=\"300\" src=\"https:\/\/uniwersytetotwarty.us.edu.pl\/ko\/wp-content\/uploads\/sites\/7\/2025\/08\/Aldona-Skubiszewska-300x300.png\" class=\"attachment-medium size-medium wp-image-1047\" alt=\"\" srcset=\"https:\/\/uniwersytetotwarty.us.edu.pl\/ko\/wp-content\/uploads\/sites\/7\/2025\/08\/Aldona-Skubiszewska-300x300.png 300w, https:\/\/uniwersytetotwarty.us.edu.pl\/ko\/wp-content\/uploads\/sites\/7\/2025\/08\/Aldona-Skubiszewska-150x150.png 150w, https:\/\/uniwersytetotwarty.us.edu.pl\/ko\/wp-content\/uploads\/sites\/7\/2025\/08\/Aldona-Skubiszewska.png 500w\" sizes=\"(max-width: 300px) 100vw, 300px\" \/><\/div><\/a>\n\t\t\t\t<div class=\"elementor-post__text\">\n\t\t\t\t<h3 class=\"elementor-post__title\">\n\t\t\t<a href=\"https:\/\/uniwersytetotwarty.us.edu.pl\/ko\/aldona-skubiszewska\/\" >\n\t\t\t\tAldona Skubiszewska\t\t\t<\/a>\n\t\t<\/h3>\n\t\t\t\t<\/div>\n\t\t\t\t\t<\/div>\n\t\t<\/article>\n\t\t\t\t<article class=\"elementor-post elementor-grid-item post-1331 post type-post status-publish format-standard has-post-thumbnail hentry category-program2025\" role=\"listitem\">\n\t\t\t<div class=\"elementor-post__card\">\n\t\t\t\t<a class=\"elementor-post__thumbnail__link\" href=\"https:\/\/uniwersytetotwarty.us.edu.pl\/ko\/ewa-moc\/\" tabindex=\"-1\" ><div class=\"elementor-post__thumbnail\"><img loading=\"lazy\" decoding=\"async\" width=\"300\" height=\"300\" src=\"https:\/\/uniwersytetotwarty.us.edu.pl\/ko\/wp-content\/uploads\/sites\/7\/2025\/08\/Ewa-Moc-2-300x300.png\" class=\"attachment-medium size-medium wp-image-2160\" alt=\"\" srcset=\"https:\/\/uniwersytetotwarty.us.edu.pl\/ko\/wp-content\/uploads\/sites\/7\/2025\/08\/Ewa-Moc-2-300x300.png 300w, https:\/\/uniwersytetotwarty.us.edu.pl\/ko\/wp-content\/uploads\/sites\/7\/2025\/08\/Ewa-Moc-2-150x150.png 150w, https:\/\/uniwersytetotwarty.us.edu.pl\/ko\/wp-content\/uploads\/sites\/7\/2025\/08\/Ewa-Moc-2.png 500w\" sizes=\"(max-width: 300px) 100vw, 300px\" \/><\/div><\/a>\n\t\t\t\t<div class=\"elementor-post__text\">\n\t\t\t\t<h3 class=\"elementor-post__title\">\n\t\t\t<a href=\"https:\/\/uniwersytetotwarty.us.edu.pl\/ko\/ewa-moc\/\" >\n\t\t\t\tEwa Moc\t\t\t<\/a>\n\t\t<\/h3>\n\t\t\t\t<\/div>\n\t\t\t\t\t<\/div>\n\t\t<\/article>\n\t\t\t\t<article class=\"elementor-post elementor-grid-item post-1336 post type-post status-publish format-standard has-post-thumbnail hentry category-program2025\" role=\"listitem\">\n\t\t\t<div class=\"elementor-post__card\">\n\t\t\t\t<a class=\"elementor-post__thumbnail__link\" href=\"https:\/\/uniwersytetotwarty.us.edu.pl\/ko\/dr-agnieszka-twarog-kanus\/\" tabindex=\"-1\" ><div class=\"elementor-post__thumbnail\"><img loading=\"lazy\" decoding=\"async\" width=\"300\" height=\"300\" src=\"https:\/\/uniwersytetotwarty.us.edu.pl\/ko\/wp-content\/uploads\/sites\/7\/2025\/08\/Agnieszka-Twarog-Kanus-300x300.png\" class=\"attachment-medium size-medium wp-image-1046\" alt=\"\" srcset=\"https:\/\/uniwersytetotwarty.us.edu.pl\/ko\/wp-content\/uploads\/sites\/7\/2025\/08\/Agnieszka-Twarog-Kanus-300x300.png 300w, https:\/\/uniwersytetotwarty.us.edu.pl\/ko\/wp-content\/uploads\/sites\/7\/2025\/08\/Agnieszka-Twarog-Kanus-150x150.png 150w, https:\/\/uniwersytetotwarty.us.edu.pl\/ko\/wp-content\/uploads\/sites\/7\/2025\/08\/Agnieszka-Twarog-Kanus.png 500w\" sizes=\"(max-width: 300px) 100vw, 300px\" \/><\/div><\/a>\n\t\t\t\t<div class=\"elementor-post__text\">\n\t\t\t\t<h3 class=\"elementor-post__title\">\n\t\t\t<a href=\"https:\/\/uniwersytetotwarty.us.edu.pl\/ko\/dr-agnieszka-twarog-kanus\/\" >\n\t\t\t\tdr Agnieszka Twar\u00f3g-Kanus\t\t\t<\/a>\n\t\t<\/h3>\n\t\t\t\t<\/div>\n\t\t\t\t\t<\/div>\n\t\t<\/article>\n\t\t\t\t<article class=\"elementor-post elementor-grid-item post-1341 post type-post status-publish format-standard has-post-thumbnail hentry category-program2025\" role=\"listitem\">\n\t\t\t<div class=\"elementor-post__card\">\n\t\t\t\t<a class=\"elementor-post__thumbnail__link\" href=\"https:\/\/uniwersytetotwarty.us.edu.pl\/ko\/dr-halszka-witkowska\/\" tabindex=\"-1\" ><div class=\"elementor-post__thumbnail\"><img loading=\"lazy\" decoding=\"async\" width=\"300\" height=\"300\" src=\"https:\/\/uniwersytetotwarty.us.edu.pl\/ko\/wp-content\/uploads\/sites\/7\/2025\/08\/Halszka-Witkowska-300x300.png\" class=\"attachment-medium size-medium wp-image-1057\" alt=\"\" srcset=\"https:\/\/uniwersytetotwarty.us.edu.pl\/ko\/wp-content\/uploads\/sites\/7\/2025\/08\/Halszka-Witkowska-300x300.png 300w, https:\/\/uniwersytetotwarty.us.edu.pl\/ko\/wp-content\/uploads\/sites\/7\/2025\/08\/Halszka-Witkowska-150x150.png 150w, https:\/\/uniwersytetotwarty.us.edu.pl\/ko\/wp-content\/uploads\/sites\/7\/2025\/08\/Halszka-Witkowska.png 500w\" sizes=\"(max-width: 300px) 100vw, 300px\" \/><\/div><\/a>\n\t\t\t\t<div class=\"elementor-post__text\">\n\t\t\t\t<h3 class=\"elementor-post__title\">\n\t\t\t<a href=\"https:\/\/uniwersytetotwarty.us.edu.pl\/ko\/dr-halszka-witkowska\/\" >\n\t\t\t\tdr Halszka Witkowska\t\t\t<\/a>\n\t\t<\/h3>\n\t\t\t\t<\/div>\n\t\t\t\t\t<\/div>\n\t\t<\/article>\n\t\t\t\t<article class=\"elementor-post elementor-grid-item post-1348 post type-post status-publish format-standard has-post-thumbnail hentry category-program2025\" role=\"listitem\">\n\t\t\t<div class=\"elementor-post__card\">\n\t\t\t\t<a class=\"elementor-post__thumbnail__link\" href=\"https:\/\/uniwersytetotwarty.us.edu.pl\/ko\/marcin-kregiel\/\" tabindex=\"-1\" ><div class=\"elementor-post__thumbnail\"><img loading=\"lazy\" decoding=\"async\" width=\"300\" height=\"300\" src=\"https:\/\/uniwersytetotwarty.us.edu.pl\/ko\/wp-content\/uploads\/sites\/7\/2025\/08\/Marcin-Kregiel-300x300.png\" class=\"attachment-medium size-medium wp-image-1068\" alt=\"\" srcset=\"https:\/\/uniwersytetotwarty.us.edu.pl\/ko\/wp-content\/uploads\/sites\/7\/2025\/08\/Marcin-Kregiel-300x300.png 300w, https:\/\/uniwersytetotwarty.us.edu.pl\/ko\/wp-content\/uploads\/sites\/7\/2025\/08\/Marcin-Kregiel-150x150.png 150w, https:\/\/uniwersytetotwarty.us.edu.pl\/ko\/wp-content\/uploads\/sites\/7\/2025\/08\/Marcin-Kregiel.png 500w\" sizes=\"(max-width: 300px) 100vw, 300px\" \/><\/div><\/a>\n\t\t\t\t<div class=\"elementor-post__text\">\n\t\t\t\t<h3 class=\"elementor-post__title\">\n\t\t\t<a href=\"https:\/\/uniwersytetotwarty.us.edu.pl\/ko\/marcin-kregiel\/\" >\n\t\t\t\tMarcin Kr\u0119giel\t\t\t<\/a>\n\t\t<\/h3>\n\t\t\t\t<\/div>\n\t\t\t\t\t<\/div>\n\t\t<\/article>\n\t\t\t\t<article class=\"elementor-post elementor-grid-item post-1353 post type-post status-publish format-standard has-post-thumbnail hentry category-program2025\" role=\"listitem\">\n\t\t\t<div class=\"elementor-post__card\">\n\t\t\t\t<a class=\"elementor-post__thumbnail__link\" href=\"https:\/\/uniwersytetotwarty.us.edu.pl\/ko\/krzysztof-malceki\/\" tabindex=\"-1\" ><div class=\"elementor-post__thumbnail\"><img loading=\"lazy\" decoding=\"async\" width=\"300\" height=\"284\" src=\"https:\/\/uniwersytetotwarty.us.edu.pl\/ko\/wp-content\/uploads\/sites\/7\/2024\/09\/computer-icons-person-anonymous-300x284.jpg\" class=\"attachment-medium size-medium wp-image-571\" alt=\"\" srcset=\"https:\/\/uniwersytetotwarty.us.edu.pl\/ko\/wp-content\/uploads\/sites\/7\/2024\/09\/computer-icons-person-anonymous-300x284.jpg 300w, https:\/\/uniwersytetotwarty.us.edu.pl\/ko\/wp-content\/uploads\/sites\/7\/2024\/09\/computer-icons-person-anonymous.jpg 600w\" sizes=\"(max-width: 300px) 100vw, 300px\" \/><\/div><\/a>\n\t\t\t\t<div class=\"elementor-post__text\">\n\t\t\t\t<h3 class=\"elementor-post__title\">\n\t\t\t<a href=\"https:\/\/uniwersytetotwarty.us.edu.pl\/ko\/krzysztof-malceki\/\" >\n\t\t\t\tKrzysztof Ma\u0142ceki\t\t\t<\/a>\n\t\t<\/h3>\n\t\t\t\t<\/div>\n\t\t\t\t\t<\/div>\n\t\t<\/article>\n\t\t\t\t<article class=\"elementor-post elementor-grid-item post-1361 post type-post status-publish format-standard has-post-thumbnail hentry category-program2025\" role=\"listitem\">\n\t\t\t<div class=\"elementor-post__card\">\n\t\t\t\t<a class=\"elementor-post__thumbnail__link\" href=\"https:\/\/uniwersytetotwarty.us.edu.pl\/ko\/monika-matejuk\/\" tabindex=\"-1\" ><div class=\"elementor-post__thumbnail\"><img loading=\"lazy\" decoding=\"async\" width=\"300\" height=\"300\" src=\"https:\/\/uniwersytetotwarty.us.edu.pl\/ko\/wp-content\/uploads\/sites\/7\/2025\/08\/Monika-Matejuk-300x300.png\" class=\"attachment-medium size-medium wp-image-1910\" alt=\"\" srcset=\"https:\/\/uniwersytetotwarty.us.edu.pl\/ko\/wp-content\/uploads\/sites\/7\/2025\/08\/Monika-Matejuk-300x300.png 300w, https:\/\/uniwersytetotwarty.us.edu.pl\/ko\/wp-content\/uploads\/sites\/7\/2025\/08\/Monika-Matejuk-150x150.png 150w, https:\/\/uniwersytetotwarty.us.edu.pl\/ko\/wp-content\/uploads\/sites\/7\/2025\/08\/Monika-Matejuk.png 500w\" sizes=\"(max-width: 300px) 100vw, 300px\" \/><\/div><\/a>\n\t\t\t\t<div class=\"elementor-post__text\">\n\t\t\t\t<h3 class=\"elementor-post__title\">\n\t\t\t<a href=\"https:\/\/uniwersytetotwarty.us.edu.pl\/ko\/monika-matejuk\/\" >\n\t\t\t\tMonika Matejuk\t\t\t<\/a>\n\t\t<\/h3>\n\t\t\t\t<\/div>\n\t\t\t\t\t<\/div>\n\t\t<\/article>\n\t\t\t\t<article class=\"elementor-post elementor-grid-item post-1369 post type-post status-publish format-standard has-post-thumbnail hentry category-program2025\" role=\"listitem\">\n\t\t\t<div class=\"elementor-post__card\">\n\t\t\t\t<a class=\"elementor-post__thumbnail__link\" href=\"https:\/\/uniwersytetotwarty.us.edu.pl\/ko\/grzegorz-sikorski\/\" tabindex=\"-1\" ><div class=\"elementor-post__thumbnail\"><img loading=\"lazy\" decoding=\"async\" width=\"300\" height=\"300\" src=\"https:\/\/uniwersytetotwarty.us.edu.pl\/ko\/wp-content\/uploads\/sites\/7\/2025\/08\/Grzegorz-Sikorski-300x300.png\" class=\"attachment-medium size-medium wp-image-1056\" alt=\"\" srcset=\"https:\/\/uniwersytetotwarty.us.edu.pl\/ko\/wp-content\/uploads\/sites\/7\/2025\/08\/Grzegorz-Sikorski-300x300.png 300w, https:\/\/uniwersytetotwarty.us.edu.pl\/ko\/wp-content\/uploads\/sites\/7\/2025\/08\/Grzegorz-Sikorski-150x150.png 150w, https:\/\/uniwersytetotwarty.us.edu.pl\/ko\/wp-content\/uploads\/sites\/7\/2025\/08\/Grzegorz-Sikorski.png 500w\" sizes=\"(max-width: 300px) 100vw, 300px\" \/><\/div><\/a>\n\t\t\t\t<div class=\"elementor-post__text\">\n\t\t\t\t<h3 class=\"elementor-post__title\">\n\t\t\t<a href=\"https:\/\/uniwersytetotwarty.us.edu.pl\/ko\/grzegorz-sikorski\/\" >\n\t\t\t\tGrzegorz Sikorski\t\t\t<\/a>\n\t\t<\/h3>\n\t\t\t\t<\/div>\n\t\t\t\t\t<\/div>\n\t\t<\/article>\n\t\t\t\t<article class=\"elementor-post elementor-grid-item post-1371 post type-post status-publish format-standard has-post-thumbnail hentry category-program2025\" role=\"listitem\">\n\t\t\t<div class=\"elementor-post__card\">\n\t\t\t\t<a class=\"elementor-post__thumbnail__link\" href=\"https:\/\/uniwersytetotwarty.us.edu.pl\/ko\/bernadeta-sojka-jany\/\" tabindex=\"-1\" ><div class=\"elementor-post__thumbnail\"><img loading=\"lazy\" decoding=\"async\" width=\"300\" height=\"300\" src=\"https:\/\/uniwersytetotwarty.us.edu.pl\/ko\/wp-content\/uploads\/sites\/7\/2025\/08\/Bernadeta-Sojka-Jany-300x300.png\" class=\"attachment-medium size-medium wp-image-1050\" alt=\"\" srcset=\"https:\/\/uniwersytetotwarty.us.edu.pl\/ko\/wp-content\/uploads\/sites\/7\/2025\/08\/Bernadeta-Sojka-Jany-300x300.png 300w, https:\/\/uniwersytetotwarty.us.edu.pl\/ko\/wp-content\/uploads\/sites\/7\/2025\/08\/Bernadeta-Sojka-Jany-150x150.png 150w, https:\/\/uniwersytetotwarty.us.edu.pl\/ko\/wp-content\/uploads\/sites\/7\/2025\/08\/Bernadeta-Sojka-Jany.png 500w\" sizes=\"(max-width: 300px) 100vw, 300px\" \/><\/div><\/a>\n\t\t\t\t<div class=\"elementor-post__text\">\n\t\t\t\t<h3 class=\"elementor-post__title\">\n\t\t\t<a href=\"https:\/\/uniwersytetotwarty.us.edu.pl\/ko\/bernadeta-sojka-jany\/\" >\n\t\t\t\tBernadeta Sojka-Jany\t\t\t<\/a>\n\t\t<\/h3>\n\t\t\t\t<\/div>\n\t\t\t\t\t<\/div>\n\t\t<\/article>\n\t\t\t\t<article class=\"elementor-post elementor-grid-item post-1382 post type-post status-publish format-standard has-post-thumbnail hentry category-program2025\" role=\"listitem\">\n\t\t\t<div class=\"elementor-post__card\">\n\t\t\t\t<a class=\"elementor-post__thumbnail__link\" href=\"https:\/\/uniwersytetotwarty.us.edu.pl\/ko\/dr-katarzyna-sujkowska-prof-us\/\" tabindex=\"-1\" ><div class=\"elementor-post__thumbnail\"><img loading=\"lazy\" decoding=\"async\" width=\"300\" height=\"300\" src=\"https:\/\/uniwersytetotwarty.us.edu.pl\/ko\/wp-content\/uploads\/sites\/7\/2025\/08\/Katarzyna-Sujkowska-300x300.png\" class=\"attachment-medium size-medium wp-image-2023\" alt=\"\" srcset=\"https:\/\/uniwersytetotwarty.us.edu.pl\/ko\/wp-content\/uploads\/sites\/7\/2025\/08\/Katarzyna-Sujkowska-300x300.png 300w, https:\/\/uniwersytetotwarty.us.edu.pl\/ko\/wp-content\/uploads\/sites\/7\/2025\/08\/Katarzyna-Sujkowska-150x150.png 150w, https:\/\/uniwersytetotwarty.us.edu.pl\/ko\/wp-content\/uploads\/sites\/7\/2025\/08\/Katarzyna-Sujkowska.png 500w\" sizes=\"(max-width: 300px) 100vw, 300px\" \/><\/div><\/a>\n\t\t\t\t<div class=\"elementor-post__text\">\n\t\t\t\t<h3 class=\"elementor-post__title\">\n\t\t\t<a href=\"https:\/\/uniwersytetotwarty.us.edu.pl\/ko\/dr-katarzyna-sujkowska-prof-us\/\" >\n\t\t\t\tdr Katarzyna Sujkowska, prof. U\u015a\t\t\t<\/a>\n\t\t<\/h3>\n\t\t\t\t<\/div>\n\t\t\t\t\t<\/div>\n\t\t<\/article>\n\t\t\t\t<article class=\"elementor-post elementor-grid-item post-1387 post type-post status-publish format-standard has-post-thumbnail hentry category-program2025\" role=\"listitem\">\n\t\t\t<div class=\"elementor-post__card\">\n\t\t\t\t<a class=\"elementor-post__thumbnail__link\" href=\"https:\/\/uniwersytetotwarty.us.edu.pl\/ko\/malgorzata-luba\/\" tabindex=\"-1\" ><div class=\"elementor-post__thumbnail\"><img loading=\"lazy\" decoding=\"async\" width=\"300\" height=\"300\" src=\"https:\/\/uniwersytetotwarty.us.edu.pl\/ko\/wp-content\/uploads\/sites\/7\/2025\/08\/Malgorzata-Luba-300x300.png\" class=\"attachment-medium size-medium wp-image-1066\" alt=\"\" srcset=\"https:\/\/uniwersytetotwarty.us.edu.pl\/ko\/wp-content\/uploads\/sites\/7\/2025\/08\/Malgorzata-Luba-300x300.png 300w, https:\/\/uniwersytetotwarty.us.edu.pl\/ko\/wp-content\/uploads\/sites\/7\/2025\/08\/Malgorzata-Luba-150x150.png 150w, https:\/\/uniwersytetotwarty.us.edu.pl\/ko\/wp-content\/uploads\/sites\/7\/2025\/08\/Malgorzata-Luba.png 500w\" sizes=\"(max-width: 300px) 100vw, 300px\" \/><\/div><\/a>\n\t\t\t\t<div class=\"elementor-post__text\">\n\t\t\t\t<h3 class=\"elementor-post__title\">\n\t\t\t<a href=\"https:\/\/uniwersytetotwarty.us.edu.pl\/ko\/malgorzata-luba\/\" >\n\t\t\t\tMa\u0142gorzata \u0141uba\t\t\t<\/a>\n\t\t<\/h3>\n\t\t\t\t<\/div>\n\t\t\t\t\t<\/div>\n\t\t<\/article>\n\t\t\t\t<article class=\"elementor-post elementor-grid-item post-1392 post type-post status-publish format-standard has-post-thumbnail hentry category-program2025\" role=\"listitem\">\n\t\t\t<div class=\"elementor-post__card\">\n\t\t\t\t<a class=\"elementor-post__thumbnail__link\" href=\"https:\/\/uniwersytetotwarty.us.edu.pl\/ko\/renata-habryka\/\" tabindex=\"-1\" ><div class=\"elementor-post__thumbnail\"><img loading=\"lazy\" decoding=\"async\" width=\"300\" height=\"300\" src=\"https:\/\/uniwersytetotwarty.us.edu.pl\/ko\/wp-content\/uploads\/sites\/7\/2025\/08\/Renata-Habryka-300x300.png\" class=\"attachment-medium size-medium wp-image-1774\" alt=\"\" srcset=\"https:\/\/uniwersytetotwarty.us.edu.pl\/ko\/wp-content\/uploads\/sites\/7\/2025\/08\/Renata-Habryka-300x300.png 300w, https:\/\/uniwersytetotwarty.us.edu.pl\/ko\/wp-content\/uploads\/sites\/7\/2025\/08\/Renata-Habryka-150x150.png 150w, https:\/\/uniwersytetotwarty.us.edu.pl\/ko\/wp-content\/uploads\/sites\/7\/2025\/08\/Renata-Habryka.png 500w\" sizes=\"(max-width: 300px) 100vw, 300px\" \/><\/div><\/a>\n\t\t\t\t<div class=\"elementor-post__text\">\n\t\t\t\t<h3 class=\"elementor-post__title\">\n\t\t\t<a href=\"https:\/\/uniwersytetotwarty.us.edu.pl\/ko\/renata-habryka\/\" >\n\t\t\t\tRenata Habryka\t\t\t<\/a>\n\t\t<\/h3>\n\t\t\t\t<\/div>\n\t\t\t\t\t<\/div>\n\t\t<\/article>\n\t\t\t\t<article class=\"elementor-post elementor-grid-item post-1398 post type-post status-publish format-standard has-post-thumbnail hentry category-program2025\" role=\"listitem\">\n\t\t\t<div class=\"elementor-post__card\">\n\t\t\t\t<a class=\"elementor-post__thumbnail__link\" href=\"https:\/\/uniwersytetotwarty.us.edu.pl\/ko\/beata-zelent\/\" tabindex=\"-1\" ><div class=\"elementor-post__thumbnail\"><img loading=\"lazy\" decoding=\"async\" width=\"300\" height=\"300\" src=\"https:\/\/uniwersytetotwarty.us.edu.pl\/ko\/wp-content\/uploads\/sites\/7\/2025\/08\/Beata-Zelent-300x300.png\" class=\"attachment-medium size-medium wp-image-1883\" alt=\"\" srcset=\"https:\/\/uniwersytetotwarty.us.edu.pl\/ko\/wp-content\/uploads\/sites\/7\/2025\/08\/Beata-Zelent-300x300.png 300w, https:\/\/uniwersytetotwarty.us.edu.pl\/ko\/wp-content\/uploads\/sites\/7\/2025\/08\/Beata-Zelent-150x150.png 150w, https:\/\/uniwersytetotwarty.us.edu.pl\/ko\/wp-content\/uploads\/sites\/7\/2025\/08\/Beata-Zelent.png 500w\" sizes=\"(max-width: 300px) 100vw, 300px\" \/><\/div><\/a>\n\t\t\t\t<div class=\"elementor-post__text\">\n\t\t\t\t<h3 class=\"elementor-post__title\">\n\t\t\t<a href=\"https:\/\/uniwersytetotwarty.us.edu.pl\/ko\/beata-zelent\/\" >\n\t\t\t\tBeata Zelent-Bieniek\t\t\t<\/a>\n\t\t<\/h3>\n\t\t\t\t<\/div>\n\t\t\t\t\t<\/div>\n\t\t<\/article>\n\t\t\t\t<article class=\"elementor-post elementor-grid-item post-1405 post type-post status-publish format-standard has-post-thumbnail hentry category-program2025\" role=\"listitem\">\n\t\t\t<div class=\"elementor-post__card\">\n\t\t\t\t<a class=\"elementor-post__thumbnail__link\" href=\"https:\/\/uniwersytetotwarty.us.edu.pl\/ko\/daniel-kielpinski\/\" tabindex=\"-1\" ><div class=\"elementor-post__thumbnail\"><img loading=\"lazy\" decoding=\"async\" width=\"300\" height=\"300\" src=\"https:\/\/uniwersytetotwarty.us.edu.pl\/ko\/wp-content\/uploads\/sites\/7\/2025\/08\/daniel_kielpinski-300x300.png\" class=\"attachment-medium size-medium wp-image-1051\" alt=\"\" srcset=\"https:\/\/uniwersytetotwarty.us.edu.pl\/ko\/wp-content\/uploads\/sites\/7\/2025\/08\/daniel_kielpinski-300x300.png 300w, https:\/\/uniwersytetotwarty.us.edu.pl\/ko\/wp-content\/uploads\/sites\/7\/2025\/08\/daniel_kielpinski-150x150.png 150w, https:\/\/uniwersytetotwarty.us.edu.pl\/ko\/wp-content\/uploads\/sites\/7\/2025\/08\/daniel_kielpinski.png 500w\" sizes=\"(max-width: 300px) 100vw, 300px\" \/><\/div><\/a>\n\t\t\t\t<div class=\"elementor-post__text\">\n\t\t\t\t<h3 class=\"elementor-post__title\">\n\t\t\t<a href=\"https:\/\/uniwersytetotwarty.us.edu.pl\/ko\/daniel-kielpinski\/\" >\n\t\t\t\tDaniel Kie\u0142pi\u0144ski\t\t\t<\/a>\n\t\t<\/h3>\n\t\t\t\t<\/div>\n\t\t\t\t\t<\/div>\n\t\t<\/article>\n\t\t\t\t<article class=\"elementor-post elementor-grid-item post-1412 post type-post status-publish format-standard has-post-thumbnail hentry category-program2025\" role=\"listitem\">\n\t\t\t<div class=\"elementor-post__card\">\n\t\t\t\t<a class=\"elementor-post__thumbnail__link\" href=\"https:\/\/uniwersytetotwarty.us.edu.pl\/ko\/piotr-tokarz\/\" tabindex=\"-1\" ><div class=\"elementor-post__thumbnail\"><img loading=\"lazy\" decoding=\"async\" width=\"300\" height=\"300\" src=\"https:\/\/uniwersytetotwarty.us.edu.pl\/ko\/wp-content\/uploads\/sites\/7\/2025\/08\/Piotr-Tokarz-300x300.png\" class=\"attachment-medium size-medium wp-image-1098\" alt=\"\" srcset=\"https:\/\/uniwersytetotwarty.us.edu.pl\/ko\/wp-content\/uploads\/sites\/7\/2025\/08\/Piotr-Tokarz-300x300.png 300w, https:\/\/uniwersytetotwarty.us.edu.pl\/ko\/wp-content\/uploads\/sites\/7\/2025\/08\/Piotr-Tokarz-150x150.png 150w, https:\/\/uniwersytetotwarty.us.edu.pl\/ko\/wp-content\/uploads\/sites\/7\/2025\/08\/Piotr-Tokarz.png 500w\" sizes=\"(max-width: 300px) 100vw, 300px\" \/><\/div><\/a>\n\t\t\t\t<div class=\"elementor-post__text\">\n\t\t\t\t<h3 class=\"elementor-post__title\">\n\t\t\t<a href=\"https:\/\/uniwersytetotwarty.us.edu.pl\/ko\/piotr-tokarz\/\" >\n\t\t\t\tPiotr Tokarz\t\t\t<\/a>\n\t\t<\/h3>\n\t\t\t\t<\/div>\n\t\t\t\t\t<\/div>\n\t\t<\/article>\n\t\t\t\t<article class=\"elementor-post elementor-grid-item post-2089 post type-post status-publish format-standard has-post-thumbnail hentry category-program2025\" role=\"listitem\">\n\t\t\t<div class=\"elementor-post__card\">\n\t\t\t\t<a class=\"elementor-post__thumbnail__link\" href=\"https:\/\/uniwersytetotwarty.us.edu.pl\/ko\/prof-dr-hab-inz-anna-chrobok\/\" tabindex=\"-1\" ><div class=\"elementor-post__thumbnail\"><img loading=\"lazy\" decoding=\"async\" width=\"300\" height=\"300\" src=\"https:\/\/uniwersytetotwarty.us.edu.pl\/ko\/wp-content\/uploads\/sites\/7\/2025\/09\/Anna-Chrobok-300x300.png\" class=\"attachment-medium size-medium wp-image-2110\" alt=\"\" srcset=\"https:\/\/uniwersytetotwarty.us.edu.pl\/ko\/wp-content\/uploads\/sites\/7\/2025\/09\/Anna-Chrobok-300x300.png 300w, https:\/\/uniwersytetotwarty.us.edu.pl\/ko\/wp-content\/uploads\/sites\/7\/2025\/09\/Anna-Chrobok-150x150.png 150w, https:\/\/uniwersytetotwarty.us.edu.pl\/ko\/wp-content\/uploads\/sites\/7\/2025\/09\/Anna-Chrobok.png 500w\" sizes=\"(max-width: 300px) 100vw, 300px\" \/><\/div><\/a>\n\t\t\t\t<div class=\"elementor-post__text\">\n\t\t\t\t<h3 class=\"elementor-post__title\">\n\t\t\t<a href=\"https:\/\/uniwersytetotwarty.us.edu.pl\/ko\/prof-dr-hab-inz-anna-chrobok\/\" >\n\t\t\t\tprof. dr hab. in\u017c. Anna Chrobok\t\t\t<\/a>\n\t\t<\/h3>\n\t\t\t\t<\/div>\n\t\t\t\t\t<\/div>\n\t\t<\/article>\n\t\t\t\t<article class=\"elementor-post elementor-grid-item post-2222 post type-post status-publish format-standard has-post-thumbnail hentry category-program2025\" role=\"listitem\">\n\t\t\t<div class=\"elementor-post__card\">\n\t\t\t\t<a class=\"elementor-post__thumbnail__link\" href=\"https:\/\/uniwersytetotwarty.us.edu.pl\/ko\/dr-inz-tomasz-zielinski-prof-ue\/\" tabindex=\"-1\" ><div class=\"elementor-post__thumbnail\"><img loading=\"lazy\" decoding=\"async\" width=\"300\" height=\"300\" src=\"https:\/\/uniwersytetotwarty.us.edu.pl\/ko\/wp-content\/uploads\/sites\/7\/2025\/08\/Toimasz-Zielinski-300x300.png\" class=\"attachment-medium size-medium wp-image-2218\" alt=\"\" srcset=\"https:\/\/uniwersytetotwarty.us.edu.pl\/ko\/wp-content\/uploads\/sites\/7\/2025\/08\/Toimasz-Zielinski-300x300.png 300w, https:\/\/uniwersytetotwarty.us.edu.pl\/ko\/wp-content\/uploads\/sites\/7\/2025\/08\/Toimasz-Zielinski-150x150.png 150w, https:\/\/uniwersytetotwarty.us.edu.pl\/ko\/wp-content\/uploads\/sites\/7\/2025\/08\/Toimasz-Zielinski.png 500w\" sizes=\"(max-width: 300px) 100vw, 300px\" \/><\/div><\/a>\n\t\t\t\t<div class=\"elementor-post__text\">\n\t\t\t\t<h3 class=\"elementor-post__title\">\n\t\t\t<a href=\"https:\/\/uniwersytetotwarty.us.edu.pl\/ko\/dr-inz-tomasz-zielinski-prof-ue\/\" >\n\t\t\t\tdr in\u017c. Tomasz Zieli\u0144ski, prof. UE\t\t\t<\/a>\n\t\t<\/h3>\n\t\t\t\t<\/div>\n\t\t\t\t\t<\/div>\n\t\t<\/article>\n\t\t\t\t<article class=\"elementor-post elementor-grid-item post-2262 post type-post status-publish format-standard has-post-thumbnail hentry category-program2025\" role=\"listitem\">\n\t\t\t<div class=\"elementor-post__card\">\n\t\t\t\t<a class=\"elementor-post__thumbnail__link\" href=\"https:\/\/uniwersytetotwarty.us.edu.pl\/ko\/dr-hab-inz-piotr-wodarski-prof-ps\/\" tabindex=\"-1\" ><div class=\"elementor-post__thumbnail\"><img loading=\"lazy\" decoding=\"async\" width=\"300\" height=\"300\" src=\"https:\/\/uniwersytetotwarty.us.edu.pl\/ko\/wp-content\/uploads\/sites\/7\/2025\/08\/Piotr-Wodarski-300x300.png\" class=\"attachment-medium size-medium wp-image-2258\" alt=\"\" srcset=\"https:\/\/uniwersytetotwarty.us.edu.pl\/ko\/wp-content\/uploads\/sites\/7\/2025\/08\/Piotr-Wodarski-300x300.png 300w, https:\/\/uniwersytetotwarty.us.edu.pl\/ko\/wp-content\/uploads\/sites\/7\/2025\/08\/Piotr-Wodarski-150x150.png 150w, https:\/\/uniwersytetotwarty.us.edu.pl\/ko\/wp-content\/uploads\/sites\/7\/2025\/08\/Piotr-Wodarski.png 500w\" sizes=\"(max-width: 300px) 100vw, 300px\" \/><\/div><\/a>\n\t\t\t\t<div class=\"elementor-post__text\">\n\t\t\t\t<h3 class=\"elementor-post__title\">\n\t\t\t<a href=\"https:\/\/uniwersytetotwarty.us.edu.pl\/ko\/dr-hab-inz-piotr-wodarski-prof-ps\/\" >\n\t\t\t\tdr hab. in\u017c. Piotr Wodarski, prof. P\u015a\t\t\t<\/a>\n\t\t<\/h3>\n\t\t\t\t<\/div>\n\t\t\t\t\t<\/div>\n\t\t<\/article>\n\t\t\t\t<\/div>\n\t\t\t\t\t<span class=\"e-load-more-spinner\">\n\t\t\t\t<i aria-hidden=\"true\" class=\"fas fa-spinner\"><\/i>\t\t\t<\/span>\n\t\t\n\t\t\t\t\t\t<\/div>\n\t\t\t\t<\/div>\n\t\t\t\t\t<\/div>\n\t\t<\/div>\n\t\t\t\t\t<\/div>\n\t\t<\/section>\n\t\t\t\t<\/div>\n\t\t","protected":false},"excerpt":{"rendered":"<p>Katarzyna Hernandez Pedagog, absolwentka Wydzia\u0142u Pedagogicznego Uniwersytetu Warszawskiego. Od ponad 15 lat zaanga\u017cowana w tematyk\u0119 bezpiecze\u0144stwa dzieci i m\u0142odzie\u017cy online, edukacji cyfrowej i wykorzystywania nowych<\/p>\n","protected":false},"author":2,"featured_media":0,"parent":2,"menu_order":0,"comment_status":"closed","ping_status":"closed","template":"","meta":{"footnotes":""},"class_list":["post-936","page","type-page","status-publish","hentry"],"yoast_head":"<!-- This site is optimized with the Yoast SEO plugin v27.5 - https:\/\/yoast.com\/product\/yoast-seo-wordpress\/ -->\n<title>Prelegenci - Kongres O\u015bwiaty<\/title>\n<meta name=\"robots\" content=\"index, follow, max-snippet:-1, max-image-preview:large, max-video-preview:-1\" \/>\n<link rel=\"canonical\" href=\"https:\/\/uniwersytetotwarty.us.edu.pl\/ko\/kongres-oswiaty\/prelegenci\/\" \/>\n<meta property=\"og:locale\" content=\"pl_PL\" \/>\n<meta property=\"og:type\" content=\"article\" \/>\n<meta property=\"og:title\" content=\"Prelegenci - Kongres O\u015bwiaty\" \/>\n<meta property=\"og:description\" content=\"Katarzyna Hernandez Pedagog, absolwentka Wydzia\u0142u Pedagogicznego Uniwersytetu Warszawskiego. Od ponad 15 lat zaanga\u017cowana w tematyk\u0119 bezpiecze\u0144stwa dzieci i m\u0142odzie\u017cy online, edukacji cyfrowej i wykorzystywania nowych\" \/>\n<meta property=\"og:url\" content=\"https:\/\/uniwersytetotwarty.us.edu.pl\/ko\/kongres-oswiaty\/prelegenci\/\" \/>\n<meta property=\"og:site_name\" content=\"Kongres O\u015bwiaty\" \/>\n<meta property=\"article:modified_time\" content=\"2025-08-14T10:17:48+00:00\" \/>\n<meta property=\"og:image\" content=\"https:\/\/uniwersytetotwarty.us.edu.pl\/ko\/wp-content\/uploads\/sites\/7\/2025\/08\/Katarzyna-Hernandez.png\" \/>\n\t<meta property=\"og:image:width\" content=\"500\" \/>\n\t<meta property=\"og:image:height\" content=\"500\" \/>\n\t<meta property=\"og:image:type\" content=\"image\/png\" \/>\n<meta name=\"twitter:card\" content=\"summary_large_image\" \/>\n<meta name=\"twitter:label1\" content=\"Szacowany czas czytania\" \/>\n\t<meta name=\"twitter:data1\" content=\"58 minut\" \/>\n<script type=\"application\/ld+json\" class=\"yoast-schema-graph\">{\"@context\":\"https:\\\/\\\/schema.org\",\"@graph\":[{\"@type\":\"WebPage\",\"@id\":\"https:\\\/\\\/uniwersytetotwarty.us.edu.pl\\\/ko\\\/kongres-oswiaty\\\/prelegenci\\\/\",\"url\":\"https:\\\/\\\/uniwersytetotwarty.us.edu.pl\\\/ko\\\/kongres-oswiaty\\\/prelegenci\\\/\",\"name\":\"Prelegenci - Kongres O\u015bwiaty\",\"isPartOf\":{\"@id\":\"https:\\\/\\\/uniwersytetotwarty.us.edu.pl\\\/ko\\\/#website\"},\"primaryImageOfPage\":{\"@id\":\"https:\\\/\\\/uniwersytetotwarty.us.edu.pl\\\/ko\\\/kongres-oswiaty\\\/prelegenci\\\/#primaryimage\"},\"image\":{\"@id\":\"https:\\\/\\\/uniwersytetotwarty.us.edu.pl\\\/ko\\\/kongres-oswiaty\\\/prelegenci\\\/#primaryimage\"},\"thumbnailUrl\":\"https:\\\/\\\/uniwersytetotwarty.us.edu.pl\\\/ko\\\/wp-content\\\/uploads\\\/sites\\\/7\\\/2025\\\/08\\\/Katarzyna-Hernandez.png\",\"datePublished\":\"2025-08-05T19:16:31+00:00\",\"dateModified\":\"2025-08-14T10:17:48+00:00\",\"breadcrumb\":{\"@id\":\"https:\\\/\\\/uniwersytetotwarty.us.edu.pl\\\/ko\\\/kongres-oswiaty\\\/prelegenci\\\/#breadcrumb\"},\"inLanguage\":\"pl-PL\",\"potentialAction\":[{\"@type\":\"ReadAction\",\"target\":[\"https:\\\/\\\/uniwersytetotwarty.us.edu.pl\\\/ko\\\/kongres-oswiaty\\\/prelegenci\\\/\"]}]},{\"@type\":\"ImageObject\",\"inLanguage\":\"pl-PL\",\"@id\":\"https:\\\/\\\/uniwersytetotwarty.us.edu.pl\\\/ko\\\/kongres-oswiaty\\\/prelegenci\\\/#primaryimage\",\"url\":\"https:\\\/\\\/uniwersytetotwarty.us.edu.pl\\\/ko\\\/wp-content\\\/uploads\\\/sites\\\/7\\\/2025\\\/08\\\/Katarzyna-Hernandez.png\",\"contentUrl\":\"https:\\\/\\\/uniwersytetotwarty.us.edu.pl\\\/ko\\\/wp-content\\\/uploads\\\/sites\\\/7\\\/2025\\\/08\\\/Katarzyna-Hernandez.png\",\"width\":500,\"height\":500},{\"@type\":\"BreadcrumbList\",\"@id\":\"https:\\\/\\\/uniwersytetotwarty.us.edu.pl\\\/ko\\\/kongres-oswiaty\\\/prelegenci\\\/#breadcrumb\",\"itemListElement\":[{\"@type\":\"ListItem\",\"position\":1,\"name\":\"Strona g\u0142\u00f3wna\",\"item\":\"https:\\\/\\\/uniwersytetotwarty.us.edu.pl\\\/ko\\\/\"},{\"@type\":\"ListItem\",\"position\":2,\"name\":\"Kongres O\u015bwiaty\",\"item\":\"https:\\\/\\\/uniwersytetotwarty.us.edu.pl\\\/ko\\\/\"},{\"@type\":\"ListItem\",\"position\":3,\"name\":\"Prelegenci\"}]},{\"@type\":\"WebSite\",\"@id\":\"https:\\\/\\\/uniwersytetotwarty.us.edu.pl\\\/ko\\\/#website\",\"url\":\"https:\\\/\\\/uniwersytetotwarty.us.edu.pl\\\/ko\\\/\",\"name\":\"Kongres O\u015bwiaty\",\"description\":\"\",\"publisher\":{\"@id\":\"https:\\\/\\\/uniwersytetotwarty.us.edu.pl\\\/ko\\\/#organization\"},\"potentialAction\":[{\"@type\":\"SearchAction\",\"target\":{\"@type\":\"EntryPoint\",\"urlTemplate\":\"https:\\\/\\\/uniwersytetotwarty.us.edu.pl\\\/ko\\\/?s={search_term_string}\"},\"query-input\":{\"@type\":\"PropertyValueSpecification\",\"valueRequired\":true,\"valueName\":\"search_term_string\"}}],\"inLanguage\":\"pl-PL\"},{\"@type\":\"Organization\",\"@id\":\"https:\\\/\\\/uniwersytetotwarty.us.edu.pl\\\/ko\\\/#organization\",\"name\":\"Uniwersytet \u015al\u0105ski\",\"url\":\"https:\\\/\\\/uniwersytetotwarty.us.edu.pl\\\/ko\\\/\",\"logo\":{\"@type\":\"ImageObject\",\"inLanguage\":\"pl-PL\",\"@id\":\"https:\\\/\\\/uniwersytetotwarty.us.edu.pl\\\/ko\\\/#\\\/schema\\\/logo\\\/image\\\/\",\"url\":\"https:\\\/\\\/uniwersytetotwarty.us.edu.pl\\\/ko\\\/wp-content\\\/uploads\\\/sites\\\/7\\\/2023\\\/08\\\/US_UO-biale.png\",\"contentUrl\":\"https:\\\/\\\/uniwersytetotwarty.us.edu.pl\\\/ko\\\/wp-content\\\/uploads\\\/sites\\\/7\\\/2023\\\/08\\\/US_UO-biale.png\",\"width\":1923,\"height\":326,\"caption\":\"Uniwersytet \u015al\u0105ski\"},\"image\":{\"@id\":\"https:\\\/\\\/uniwersytetotwarty.us.edu.pl\\\/ko\\\/#\\\/schema\\\/logo\\\/image\\\/\"}}]}<\/script>\n<!-- \/ Yoast SEO plugin. -->","yoast_head_json":{"title":"Prelegenci - Kongres O\u015bwiaty","robots":{"index":"index","follow":"follow","max-snippet":"max-snippet:-1","max-image-preview":"max-image-preview:large","max-video-preview":"max-video-preview:-1"},"canonical":"https:\/\/uniwersytetotwarty.us.edu.pl\/ko\/kongres-oswiaty\/prelegenci\/","og_locale":"pl_PL","og_type":"article","og_title":"Prelegenci - Kongres O\u015bwiaty","og_description":"Katarzyna Hernandez Pedagog, absolwentka Wydzia\u0142u Pedagogicznego Uniwersytetu Warszawskiego. Od ponad 15 lat zaanga\u017cowana w tematyk\u0119 bezpiecze\u0144stwa dzieci i m\u0142odzie\u017cy online, edukacji cyfrowej i wykorzystywania nowych","og_url":"https:\/\/uniwersytetotwarty.us.edu.pl\/ko\/kongres-oswiaty\/prelegenci\/","og_site_name":"Kongres O\u015bwiaty","article_modified_time":"2025-08-14T10:17:48+00:00","og_image":[{"width":500,"height":500,"url":"https:\/\/uniwersytetotwarty.us.edu.pl\/ko\/wp-content\/uploads\/sites\/7\/2025\/08\/Katarzyna-Hernandez.png","type":"image\/png"}],"twitter_card":"summary_large_image","twitter_misc":{"Szacowany czas czytania":"58 minut"},"schema":{"@context":"https:\/\/schema.org","@graph":[{"@type":"WebPage","@id":"https:\/\/uniwersytetotwarty.us.edu.pl\/ko\/kongres-oswiaty\/prelegenci\/","url":"https:\/\/uniwersytetotwarty.us.edu.pl\/ko\/kongres-oswiaty\/prelegenci\/","name":"Prelegenci - Kongres O\u015bwiaty","isPartOf":{"@id":"https:\/\/uniwersytetotwarty.us.edu.pl\/ko\/#website"},"primaryImageOfPage":{"@id":"https:\/\/uniwersytetotwarty.us.edu.pl\/ko\/kongres-oswiaty\/prelegenci\/#primaryimage"},"image":{"@id":"https:\/\/uniwersytetotwarty.us.edu.pl\/ko\/kongres-oswiaty\/prelegenci\/#primaryimage"},"thumbnailUrl":"https:\/\/uniwersytetotwarty.us.edu.pl\/ko\/wp-content\/uploads\/sites\/7\/2025\/08\/Katarzyna-Hernandez.png","datePublished":"2025-08-05T19:16:31+00:00","dateModified":"2025-08-14T10:17:48+00:00","breadcrumb":{"@id":"https:\/\/uniwersytetotwarty.us.edu.pl\/ko\/kongres-oswiaty\/prelegenci\/#breadcrumb"},"inLanguage":"pl-PL","potentialAction":[{"@type":"ReadAction","target":["https:\/\/uniwersytetotwarty.us.edu.pl\/ko\/kongres-oswiaty\/prelegenci\/"]}]},{"@type":"ImageObject","inLanguage":"pl-PL","@id":"https:\/\/uniwersytetotwarty.us.edu.pl\/ko\/kongres-oswiaty\/prelegenci\/#primaryimage","url":"https:\/\/uniwersytetotwarty.us.edu.pl\/ko\/wp-content\/uploads\/sites\/7\/2025\/08\/Katarzyna-Hernandez.png","contentUrl":"https:\/\/uniwersytetotwarty.us.edu.pl\/ko\/wp-content\/uploads\/sites\/7\/2025\/08\/Katarzyna-Hernandez.png","width":500,"height":500},{"@type":"BreadcrumbList","@id":"https:\/\/uniwersytetotwarty.us.edu.pl\/ko\/kongres-oswiaty\/prelegenci\/#breadcrumb","itemListElement":[{"@type":"ListItem","position":1,"name":"Strona g\u0142\u00f3wna","item":"https:\/\/uniwersytetotwarty.us.edu.pl\/ko\/"},{"@type":"ListItem","position":2,"name":"Kongres O\u015bwiaty","item":"https:\/\/uniwersytetotwarty.us.edu.pl\/ko\/"},{"@type":"ListItem","position":3,"name":"Prelegenci"}]},{"@type":"WebSite","@id":"https:\/\/uniwersytetotwarty.us.edu.pl\/ko\/#website","url":"https:\/\/uniwersytetotwarty.us.edu.pl\/ko\/","name":"Kongres O\u015bwiaty","description":"","publisher":{"@id":"https:\/\/uniwersytetotwarty.us.edu.pl\/ko\/#organization"},"potentialAction":[{"@type":"SearchAction","target":{"@type":"EntryPoint","urlTemplate":"https:\/\/uniwersytetotwarty.us.edu.pl\/ko\/?s={search_term_string}"},"query-input":{"@type":"PropertyValueSpecification","valueRequired":true,"valueName":"search_term_string"}}],"inLanguage":"pl-PL"},{"@type":"Organization","@id":"https:\/\/uniwersytetotwarty.us.edu.pl\/ko\/#organization","name":"Uniwersytet \u015al\u0105ski","url":"https:\/\/uniwersytetotwarty.us.edu.pl\/ko\/","logo":{"@type":"ImageObject","inLanguage":"pl-PL","@id":"https:\/\/uniwersytetotwarty.us.edu.pl\/ko\/#\/schema\/logo\/image\/","url":"https:\/\/uniwersytetotwarty.us.edu.pl\/ko\/wp-content\/uploads\/sites\/7\/2023\/08\/US_UO-biale.png","contentUrl":"https:\/\/uniwersytetotwarty.us.edu.pl\/ko\/wp-content\/uploads\/sites\/7\/2023\/08\/US_UO-biale.png","width":1923,"height":326,"caption":"Uniwersytet \u015al\u0105ski"},"image":{"@id":"https:\/\/uniwersytetotwarty.us.edu.pl\/ko\/#\/schema\/logo\/image\/"}}]}},"_links":{"self":[{"href":"https:\/\/uniwersytetotwarty.us.edu.pl\/ko\/wp-json\/wp\/v2\/pages\/936","targetHints":{"allow":["GET"]}}],"collection":[{"href":"https:\/\/uniwersytetotwarty.us.edu.pl\/ko\/wp-json\/wp\/v2\/pages"}],"about":[{"href":"https:\/\/uniwersytetotwarty.us.edu.pl\/ko\/wp-json\/wp\/v2\/types\/page"}],"author":[{"embeddable":true,"href":"https:\/\/uniwersytetotwarty.us.edu.pl\/ko\/wp-json\/wp\/v2\/users\/2"}],"replies":[{"embeddable":true,"href":"https:\/\/uniwersytetotwarty.us.edu.pl\/ko\/wp-json\/wp\/v2\/comments?post=936"}],"version-history":[{"count":10,"href":"https:\/\/uniwersytetotwarty.us.edu.pl\/ko\/wp-json\/wp\/v2\/pages\/936\/revisions"}],"predecessor-version":[{"id":1871,"href":"https:\/\/uniwersytetotwarty.us.edu.pl\/ko\/wp-json\/wp\/v2\/pages\/936\/revisions\/1871"}],"up":[{"embeddable":true,"href":"https:\/\/uniwersytetotwarty.us.edu.pl\/ko\/wp-json\/wp\/v2\/pages\/2"}],"wp:attachment":[{"href":"https:\/\/uniwersytetotwarty.us.edu.pl\/ko\/wp-json\/wp\/v2\/media?parent=936"}],"curies":[{"name":"wp","href":"https:\/\/api.w.org\/{rel}","templated":true}]}}